{"id":3101,"date":"2023-10-10T19:46:14","date_gmt":"2023-10-11T02:46:14","guid":{"rendered":"https:\/\/thomashuebl.com\/?post_type=mec-events&#038;p=3101"},"modified":"2023-10-11T06:46:06","modified_gmt":"2023-10-11T13:46:06","slug":"evento-gratuito-en-directo-integracion-de-la-dimension-espiritual-en-la-curacion-del-trauma","status":"publish","type":"mec-events","link":"https:\/\/thomashuebl.com\/es\/events\/evento-gratuito-en-directo-integracion-de-la-dimension-espiritual-en-la-curacion-del-trauma\/","title":{"rendered":"Evento gratuito en directo: Integraci\u00f3n de la dimensi\u00f3n espiritual en la curaci\u00f3n del trauma"},"content":{"rendered":"<h4>El poder de la espiritualidad como recurso para sanar el trauma individual, ancestral y colectivo<\/h4>\n<p>Nuestro camino espiritual puede ser una fuente de fortaleza, que nos enra\u00edza en el prop\u00f3sito de nuestra alma. Pero a veces nuestra conexi\u00f3n espiritual se interrumpe cuando presenciamos o experimentamos directamente un trauma individual, ancestral o colectivo. Podemos preguntarnos, <strong>d\u00f3nde encaja la espiritualidad en nuestro viaje de curaci\u00f3n?<\/strong><\/p>\n<p><strong><br \/>\n<\/strong>En este pr\u00f3ximo evento especial en directo, exploraremos:<\/p>\n<ul>\n<li>Por qu\u00e9 la terapia tradicional suele ignorar la espiritualidad o el alma<\/li>\n<li>C\u00f3mo todos los tipos de trauma tienen un elemento espiritual (se reconozca o no)<\/li>\n<li>C\u00f3mo reconocer los signos de &#8220;desviaci\u00f3n espiritual&#8221; en la terapia y el trabajo con el trauma<\/li>\n<li>La clave para los niveles m\u00e1s profundos de curaci\u00f3n y restauraci\u00f3n \u00e9tica plena<\/li>\n<li>Pr\u00e1cticas espec\u00edficas que pueden ayudar a crear una conexi\u00f3n m\u00e1s fuerte con la dimensi\u00f3n espiritual<\/li>\n<li>Una invitaci\u00f3n a unirse a nosotros para el curso intensivo en l\u00ednea de 5 meses que comienza en noviembre<\/li>\n<\/ul>\n","protected":false},"excerpt":{"rendered":"<p>\u00bfD\u00f3nde encaja la espiritualidad en nuestro viaje de curaci\u00f3n?<\/p>\n","protected":false},"author":4,"featured_media":3095,"comment_status":"closed","ping_status":"closed","template":"","meta":{"_acf_changed":false,"site-sidebar-layout":"default","site-content-layout":"default","ast-site-content-layout":"default","site-content-style":"default","site-sidebar-style":"default","ast-global-header-display":"","ast-banner-title-visibility":"","ast-main-header-display":"","ast-hfb-above-header-display":"","ast-hfb-below-header-display":"","ast-hfb-mobile-header-display":"","site-post-title":"","ast-breadcrumbs-content":"","ast-featured-img":"","footer-sml-layout":"","ast-disable-related-posts":"","theme-transparent-header-meta":"default","adv-header-id-meta":"","stick-header-meta":"","header-above-stick-meta":"","header-main-stick-meta":"","header-below-stick-meta":"","astra-migrate-meta-layouts":"set","ast-page-background-enabled":"default","ast-page-background-meta":{"desktop":{"background-color":"","background-image":"","background-repeat":"repeat","background-position":"center center","background-size":"auto","background-attachment":"scroll","background-type":"","background-media":"","overlay-type":"","overlay-color":"","overlay-opacity":"","overlay-gradient":""},"tablet":{"background-color":"","background-image":"","background-repeat":"repeat","background-position":"center center","background-size":"auto","background-attachment":"scroll","background-type":"","background-media":"","overlay-type":"","overlay-color":"","overlay-opacity":"","overlay-gradient":""},"mobile":{"background-color":"","background-image":"","background-repeat":"repeat","background-position":"center center","background-size":"auto","background-attachment":"scroll","background-type":"","background-media":"","overlay-type":"","overlay-color":"","overlay-opacity":"","overlay-gradient":""}},"ast-content-background-meta":{"desktop":{"background-color":"var(--ast-global-color-5)","background-image":"","background-repeat":"repeat","background-position":"center center","background-size":"auto","background-attachment":"scroll","background-type":"","background-media":"","overlay-type":"","overlay-color":"","overlay-opacity":"","overlay-gradient":""},"tablet":{"background-color":"var(--ast-global-color-5)","background-image":"","background-repeat":"repeat","background-position":"center center","background-size":"auto","background-attachment":"scroll","background-type":"","background-media":"","overlay-type":"","overlay-color":"","overlay-opacity":"","overlay-gradient":""},"mobile":{"background-color":"var(--ast-global-color-5)","background-image":"","background-repeat":"repeat","background-position":"center center","background-size":"auto","background-attachment":"scroll","background-type":"","background-media":"","overlay-type":"","overlay-color":"","overlay-opacity":"","overlay-gradient":""}}},"tags":[],"mec_category":[224,223],"mec_speaker":[217],"class_list":["post-3101","mec-events","type-mec-events","status-publish","has-post-thumbnail","hentry","mec_category-evento-en-linea","mec_category-evento-en-ingles"],"acf":[],"yoast_head":"<!-- This site is optimized with the Yoast SEO plugin v27.5 - https:\/\/yoast.com\/product\/yoast-seo-wordpress\/ -->\n<title>Evento gratuito en directo: Integraci\u00f3n de la dimensi\u00f3n espiritual en la curaci\u00f3n del trauma - Thomas Huebl<\/title>\n<meta name=\"robots\" content=\"index, follow, max-snippet:-1, max-image-preview:large, max-video-preview:-1\" \/>\n<link rel=\"canonical\" href=\"https:\/\/thomashuebl.com\/es\/events\/evento-gratuito-en-directo-integracion-de-la-dimension-espiritual-en-la-curacion-del-trauma\/\" \/>\n<meta property=\"og:locale\" content=\"es_ES\" \/>\n<meta property=\"og:type\" content=\"article\" \/>\n<meta property=\"og:title\" content=\"Evento gratuito en directo: Integraci\u00f3n de la dimensi\u00f3n espiritual en la curaci\u00f3n del trauma - Thomas Huebl\" \/>\n<meta property=\"og:description\" content=\"\u00bfD\u00f3nde encaja la espiritualidad en nuestro viaje de curaci\u00f3n?\" \/>\n<meta property=\"og:url\" content=\"https:\/\/thomashuebl.com\/es\/events\/evento-gratuito-en-directo-integracion-de-la-dimension-espiritual-en-la-curacion-del-trauma\/\" \/>\n<meta property=\"og:site_name\" content=\"Thomas Huebl\" \/>\n<meta property=\"article:publisher\" content=\"https:\/\/www.facebook.com\/Thomas.Huebl.Sangha\/\" \/>\n<meta property=\"article:modified_time\" content=\"2023-10-11T13:46:06+00:00\" \/>\n<meta property=\"og:image\" content=\"https:\/\/thomashuebl.com\/wp-content\/uploads\/2023\/10\/SHJ-webinar-Metadata.jpg\" \/>\n\t<meta property=\"og:image:width\" content=\"1200\" \/>\n\t<meta property=\"og:image:height\" content=\"675\" \/>\n\t<meta property=\"og:image:type\" content=\"image\/jpeg\" \/>\n<meta name=\"twitter:card\" content=\"summary_large_image\" \/>\n<meta name=\"twitter:site\" content=\"@thomasHuebl\" \/>\n<meta name=\"twitter:label1\" content=\"Tiempo de lectura\" \/>\n\t<meta name=\"twitter:data1\" content=\"1 minuto\" \/>\n<script type=\"application\/ld+json\" class=\"yoast-schema-graph\">{\"@context\":\"https:\\\/\\\/schema.org\",\"@graph\":[{\"@type\":\"WebPage\",\"@id\":\"https:\\\/\\\/thomashuebl.com\\\/es\\\/events\\\/evento-gratuito-en-directo-integracion-de-la-dimension-espiritual-en-la-curacion-del-trauma\\\/\",\"url\":\"https:\\\/\\\/thomashuebl.com\\\/es\\\/events\\\/evento-gratuito-en-directo-integracion-de-la-dimension-espiritual-en-la-curacion-del-trauma\\\/\",\"name\":\"Evento gratuito en directo: Integraci\u00f3n de la dimensi\u00f3n espiritual en la curaci\u00f3n del trauma - Thomas Huebl\",\"isPartOf\":{\"@id\":\"https:\\\/\\\/thomashuebl.com\\\/es\\\/#website\"},\"primaryImageOfPage\":{\"@id\":\"https:\\\/\\\/thomashuebl.com\\\/es\\\/events\\\/evento-gratuito-en-directo-integracion-de-la-dimension-espiritual-en-la-curacion-del-trauma\\\/#primaryimage\"},\"image\":{\"@id\":\"https:\\\/\\\/thomashuebl.com\\\/es\\\/events\\\/evento-gratuito-en-directo-integracion-de-la-dimension-espiritual-en-la-curacion-del-trauma\\\/#primaryimage\"},\"thumbnailUrl\":\"https:\\\/\\\/thomashuebl.com\\\/wp-content\\\/uploads\\\/2023\\\/10\\\/SHJ-webinar-Metadata.jpg\",\"datePublished\":\"2023-10-11T02:46:14+00:00\",\"dateModified\":\"2023-10-11T13:46:06+00:00\",\"breadcrumb\":{\"@id\":\"https:\\\/\\\/thomashuebl.com\\\/es\\\/events\\\/evento-gratuito-en-directo-integracion-de-la-dimension-espiritual-en-la-curacion-del-trauma\\\/#breadcrumb\"},\"inLanguage\":\"es\",\"potentialAction\":[{\"@type\":\"ReadAction\",\"target\":[\"https:\\\/\\\/thomashuebl.com\\\/es\\\/events\\\/evento-gratuito-en-directo-integracion-de-la-dimension-espiritual-en-la-curacion-del-trauma\\\/\"]}]},{\"@type\":\"ImageObject\",\"inLanguage\":\"es\",\"@id\":\"https:\\\/\\\/thomashuebl.com\\\/es\\\/events\\\/evento-gratuito-en-directo-integracion-de-la-dimension-espiritual-en-la-curacion-del-trauma\\\/#primaryimage\",\"url\":\"https:\\\/\\\/thomashuebl.com\\\/wp-content\\\/uploads\\\/2023\\\/10\\\/SHJ-webinar-Metadata.jpg\",\"contentUrl\":\"https:\\\/\\\/thomashuebl.com\\\/wp-content\\\/uploads\\\/2023\\\/10\\\/SHJ-webinar-Metadata.jpg\",\"width\":1200,\"height\":675},{\"@type\":\"BreadcrumbList\",\"@id\":\"https:\\\/\\\/thomashuebl.com\\\/es\\\/events\\\/evento-gratuito-en-directo-integracion-de-la-dimension-espiritual-en-la-curacion-del-trauma\\\/#breadcrumb\",\"itemListElement\":[{\"@type\":\"ListItem\",\"position\":1,\"name\":\"Home\",\"item\":\"https:\\\/\\\/thomashuebl.com\\\/es\\\/\"},{\"@type\":\"ListItem\",\"position\":2,\"name\":\"Eventos\",\"item\":\"https:\\\/\\\/thomashuebl.com\\\/es\\\/events\\\/\"},{\"@type\":\"ListItem\",\"position\":3,\"name\":\"Evento gratuito en directo: Integraci\u00f3n de la dimensi\u00f3n espiritual en la curaci\u00f3n del trauma\"}]},{\"@type\":\"WebSite\",\"@id\":\"https:\\\/\\\/thomashuebl.com\\\/es\\\/#website\",\"url\":\"https:\\\/\\\/thomashuebl.com\\\/es\\\/\",\"name\":\"Thomas Huebl\",\"description\":\"\",\"publisher\":{\"@id\":\"https:\\\/\\\/thomashuebl.com\\\/es\\\/#organization\"},\"potentialAction\":[{\"@type\":\"SearchAction\",\"target\":{\"@type\":\"EntryPoint\",\"urlTemplate\":\"https:\\\/\\\/thomashuebl.com\\\/es\\\/?s={search_term_string}\"},\"query-input\":{\"@type\":\"PropertyValueSpecification\",\"valueRequired\":true,\"valueName\":\"search_term_string\"}}],\"inLanguage\":\"es\"},{\"@type\":\"Organization\",\"@id\":\"https:\\\/\\\/thomashuebl.com\\\/es\\\/#organization\",\"name\":\"Thomas Huebl\",\"url\":\"https:\\\/\\\/thomashuebl.com\\\/es\\\/\",\"logo\":{\"@type\":\"ImageObject\",\"inLanguage\":\"es\",\"@id\":\"https:\\\/\\\/thomashuebl.com\\\/es\\\/#\\\/schema\\\/logo\\\/image\\\/\",\"url\":\"https:\\\/\\\/thomashuebl.com\\\/wp-content\\\/uploads\\\/2023\\\/08\\\/thomashueblpl_03-1.jpg\",\"contentUrl\":\"https:\\\/\\\/thomashuebl.com\\\/wp-content\\\/uploads\\\/2023\\\/08\\\/thomashueblpl_03-1.jpg\",\"width\":1200,\"height\":630,\"caption\":\"Thomas Huebl\"},\"image\":{\"@id\":\"https:\\\/\\\/thomashuebl.com\\\/es\\\/#\\\/schema\\\/logo\\\/image\\\/\"},\"sameAs\":[\"https:\\\/\\\/www.facebook.com\\\/Thomas.Huebl.Sangha\\\/\",\"https:\\\/\\\/x.com\\\/thomasHuebl\",\"https:\\\/\\\/www.youtube.com\\\/user\\\/thomashuebl\",\"https:\\\/\\\/www.instagram.com\\\/thomashuebl\\\/\"]}]}<\/script>\n<!-- \/ Yoast SEO plugin. -->","yoast_head_json":{"title":"Evento gratuito en directo: Integraci\u00f3n de la dimensi\u00f3n espiritual en la curaci\u00f3n del trauma - Thomas Huebl","robots":{"index":"index","follow":"follow","max-snippet":"max-snippet:-1","max-image-preview":"max-image-preview:large","max-video-preview":"max-video-preview:-1"},"canonical":"https:\/\/thomashuebl.com\/es\/events\/evento-gratuito-en-directo-integracion-de-la-dimension-espiritual-en-la-curacion-del-trauma\/","og_locale":"es_ES","og_type":"article","og_title":"Evento gratuito en directo: Integraci\u00f3n de la dimensi\u00f3n espiritual en la curaci\u00f3n del trauma - Thomas Huebl","og_description":"\u00bfD\u00f3nde encaja la espiritualidad en nuestro viaje de curaci\u00f3n?","og_url":"https:\/\/thomashuebl.com\/es\/events\/evento-gratuito-en-directo-integracion-de-la-dimension-espiritual-en-la-curacion-del-trauma\/","og_site_name":"Thomas Huebl","article_publisher":"https:\/\/www.facebook.com\/Thomas.Huebl.Sangha\/","article_modified_time":"2023-10-11T13:46:06+00:00","og_image":[{"width":1200,"height":675,"url":"https:\/\/thomashuebl.com\/wp-content\/uploads\/2023\/10\/SHJ-webinar-Metadata.jpg","type":"image\/jpeg"}],"twitter_card":"summary_large_image","twitter_site":"@thomasHuebl","twitter_misc":{"Tiempo de lectura":"1 minuto"},"schema":{"@context":"https:\/\/schema.org","@graph":[{"@type":"WebPage","@id":"https:\/\/thomashuebl.com\/es\/events\/evento-gratuito-en-directo-integracion-de-la-dimension-espiritual-en-la-curacion-del-trauma\/","url":"https:\/\/thomashuebl.com\/es\/events\/evento-gratuito-en-directo-integracion-de-la-dimension-espiritual-en-la-curacion-del-trauma\/","name":"Evento gratuito en directo: Integraci\u00f3n de la dimensi\u00f3n espiritual en la curaci\u00f3n del trauma - Thomas Huebl","isPartOf":{"@id":"https:\/\/thomashuebl.com\/es\/#website"},"primaryImageOfPage":{"@id":"https:\/\/thomashuebl.com\/es\/events\/evento-gratuito-en-directo-integracion-de-la-dimension-espiritual-en-la-curacion-del-trauma\/#primaryimage"},"image":{"@id":"https:\/\/thomashuebl.com\/es\/events\/evento-gratuito-en-directo-integracion-de-la-dimension-espiritual-en-la-curacion-del-trauma\/#primaryimage"},"thumbnailUrl":"https:\/\/thomashuebl.com\/wp-content\/uploads\/2023\/10\/SHJ-webinar-Metadata.jpg","datePublished":"2023-10-11T02:46:14+00:00","dateModified":"2023-10-11T13:46:06+00:00","breadcrumb":{"@id":"https:\/\/thomashuebl.com\/es\/events\/evento-gratuito-en-directo-integracion-de-la-dimension-espiritual-en-la-curacion-del-trauma\/#breadcrumb"},"inLanguage":"es","potentialAction":[{"@type":"ReadAction","target":["https:\/\/thomashuebl.com\/es\/events\/evento-gratuito-en-directo-integracion-de-la-dimension-espiritual-en-la-curacion-del-trauma\/"]}]},{"@type":"ImageObject","inLanguage":"es","@id":"https:\/\/thomashuebl.com\/es\/events\/evento-gratuito-en-directo-integracion-de-la-dimension-espiritual-en-la-curacion-del-trauma\/#primaryimage","url":"https:\/\/thomashuebl.com\/wp-content\/uploads\/2023\/10\/SHJ-webinar-Metadata.jpg","contentUrl":"https:\/\/thomashuebl.com\/wp-content\/uploads\/2023\/10\/SHJ-webinar-Metadata.jpg","width":1200,"height":675},{"@type":"BreadcrumbList","@id":"https:\/\/thomashuebl.com\/es\/events\/evento-gratuito-en-directo-integracion-de-la-dimension-espiritual-en-la-curacion-del-trauma\/#breadcrumb","itemListElement":[{"@type":"ListItem","position":1,"name":"Home","item":"https:\/\/thomashuebl.com\/es\/"},{"@type":"ListItem","position":2,"name":"Eventos","item":"https:\/\/thomashuebl.com\/es\/events\/"},{"@type":"ListItem","position":3,"name":"Evento gratuito en directo: Integraci\u00f3n de la dimensi\u00f3n espiritual en la curaci\u00f3n del trauma"}]},{"@type":"WebSite","@id":"https:\/\/thomashuebl.com\/es\/#website","url":"https:\/\/thomashuebl.com\/es\/","name":"Thomas Huebl","description":"","publisher":{"@id":"https:\/\/thomashuebl.com\/es\/#organization"},"potentialAction":[{"@type":"SearchAction","target":{"@type":"EntryPoint","urlTemplate":"https:\/\/thomashuebl.com\/es\/?s={search_term_string}"},"query-input":{"@type":"PropertyValueSpecification","valueRequired":true,"valueName":"search_term_string"}}],"inLanguage":"es"},{"@type":"Organization","@id":"https:\/\/thomashuebl.com\/es\/#organization","name":"Thomas Huebl","url":"https:\/\/thomashuebl.com\/es\/","logo":{"@type":"ImageObject","inLanguage":"es","@id":"https:\/\/thomashuebl.com\/es\/#\/schema\/logo\/image\/","url":"https:\/\/thomashuebl.com\/wp-content\/uploads\/2023\/08\/thomashueblpl_03-1.jpg","contentUrl":"https:\/\/thomashuebl.com\/wp-content\/uploads\/2023\/08\/thomashueblpl_03-1.jpg","width":1200,"height":630,"caption":"Thomas Huebl"},"image":{"@id":"https:\/\/thomashuebl.com\/es\/#\/schema\/logo\/image\/"},"sameAs":["https:\/\/www.facebook.com\/Thomas.Huebl.Sangha\/","https:\/\/x.com\/thomasHuebl","https:\/\/www.youtube.com\/user\/thomashuebl","https:\/\/www.instagram.com\/thomashuebl\/"]}]}},"_links":{"self":[{"href":"https:\/\/thomashuebl.com\/es\/wp-json\/wp\/v2\/mec-events\/3101","targetHints":{"allow":["GET"]}}],"collection":[{"href":"https:\/\/thomashuebl.com\/es\/wp-json\/wp\/v2\/mec-events"}],"about":[{"href":"https:\/\/thomashuebl.com\/es\/wp-json\/wp\/v2\/types\/mec-events"}],"author":[{"embeddable":true,"href":"https:\/\/thomashuebl.com\/es\/wp-json\/wp\/v2\/users\/4"}],"replies":[{"embeddable":true,"href":"https:\/\/thomashuebl.com\/es\/wp-json\/wp\/v2\/comments?post=3101"}],"version-history":[{"count":0,"href":"https:\/\/thomashuebl.com\/es\/wp-json\/wp\/v2\/mec-events\/3101\/revisions"}],"wp:featuredmedia":[{"embeddable":true,"href":"https:\/\/thomashuebl.com\/es\/wp-json\/wp\/v2\/media\/3095"}],"wp:attachment":[{"href":"https:\/\/thomashuebl.com\/es\/wp-json\/wp\/v2\/media?parent=3101"}],"wp:term":[{"taxonomy":"post_tag","embeddable":true,"href":"https:\/\/thomashuebl.com\/es\/wp-json\/wp\/v2\/tags?post=3101"},{"taxonomy":"mec_category","embeddable":true,"href":"https:\/\/thomashuebl.com\/es\/wp-json\/wp\/v2\/mec_category?post=3101"},{"taxonomy":"mec_speaker","embeddable":true,"href":"https:\/\/thomashuebl.com\/es\/wp-json\/wp\/v2\/mec_speaker?post=3101"}],"curies":[{"name":"wp","href":"https:\/\/api.w.org\/{rel}","templated":true}]}}