{"id":2434,"date":"2023-06-07T17:18:33","date_gmt":"2023-06-08T00:18:33","guid":{"rendered":"https:\/\/thomashuebl.com\/?page_id=2434"},"modified":"2023-08-26T04:12:01","modified_gmt":"2023-08-26T11:12:01","slug":"veranstaltungsliste","status":"publish","type":"page","link":"https:\/\/thomashuebl.com\/de\/veranstaltungsliste\/","title":{"rendered":"Veranstaltungsliste"},"content":{"rendered":"\t\t<div data-elementor-type=\"wp-page\" data-elementor-id=\"2434\" class=\"elementor elementor-2434 elementor-541\" data-elementor-post-type=\"page\">\n\t\t\t\t\t\t<section class=\"elementor-section elementor-top-section elementor-element elementor-element-6d77afb elementor-section-boxed elementor-section-height-default elementor-section-height-default\" data-id=\"6d77afb\" data-element_type=\"section\" data-e-type=\"section\" data-settings=\"{&quot;background_background&quot;:&quot;classic&quot;}\">\n\t\t\t\t\t\t\t<div class=\"elementor-background-overlay\"><\/div>\n\t\t\t\t\t\t\t<div class=\"elementor-container elementor-column-gap-default\">\n\t\t\t\t\t<div class=\"elementor-column elementor-col-100 elementor-top-column elementor-element elementor-element-8769ae6\" data-id=\"8769ae6\" data-element_type=\"column\" data-e-type=\"column\">\n\t\t\t<div class=\"elementor-widget-wrap elementor-element-populated\">\n\t\t\t\t\t\t<div class=\"elementor-element elementor-element-8ae840d elementor-widget elementor-widget-MEC-SHORTCODE-BUILDER\" data-id=\"8ae840d\" data-element_type=\"widget\" data-e-type=\"widget\" id=\"th-events-grid\" data-widget_type=\"MEC-SHORTCODE-BUILDER.default\">\n\t\t\t\t<div class=\"elementor-widget-container\">\n\t\t\t\t\t<div class=\"mec-wrap mec-skin-grid-container  \" id=\"mec_skin_3\">\r\n\r\n    <form id=\"mec_search_form_3\" class=\"mec-search-form mec-totalcal-box mec-dropdown-classic\" autocomplete=\"off\"><div class=\"mec-dropdown-wrap\" ><div class=\"mec-dropdown-search\"><i class=\"mec-sl-folder\"><\/i><select  name=' ' id='mec_sf_category_3' class='postform'>\n\t<option value='' selected='selected'>Kategorie<\/option>\n\t<option class=\"level-0\" value=\"200\">Englische Sprache<\/option>\n\t<option class=\"level-0\" value=\"242\">Kostenlos<\/option>\n\t<option class=\"level-0\" value=\"137\">Meditation<\/option>\n\t<option class=\"level-0\" value=\"138\">Online-Kurs<\/option>\n\t<option class=\"level-0\" value=\"139\">Online-Tagung<\/option>\n\t<option class=\"level-0\" value=\"172\">Retreat<\/option>\n\t<option class=\"level-0\" value=\"173\">Seminar-Reihe<\/option>\n\t<option class=\"level-0\" value=\"115\">Veranstaltung<\/option>\n<\/select>\n<\/div><\/div><div class=\"mec-text-input-search\"><i class=\"mec-sl-magnifier\"><\/i>\r\n                    <input type=\"search\" value=\"\" id=\"mec_sf_s_3\" placeholder=\"\" title=\"\" \/>\r\n                <\/div><div class=\"mec-search-reset-button\"><button class=\"button mec-button\" id=\"mec_search_form_3_reset\" type=\"button\">Zur\u00fccksetzen<\/button><\/div><\/form>\r\n            <div class=\"mec-skin-grid-events-container\" id=\"mec_skin_events_3\">\r\n        <div class=\"mec-wrap colorskin-custom\">\n    <div class=\"mec-event-grid-clean\" data-widget-autoplay=\"1\" data-widget-loop=\"1\" data-widget-autoplay-time=\"3000\">\n        <div class=\"row\"><div class=\"col-md-4 col-sm-4\"><article class=\" mec-event-article mec-clear  \" itemscope>                    <div class=\"event-grid-t2-head mec-bg-color clearfix\">\n                                    <div class=\"mec-event-month\"><span class=\"mec-start-date-label\">13 M\u00e4rz<\/span><span class=\"mec-end-date-label\" itemprop=\"endDate\"> - 23 August<\/span><\/div>\n                                                                                            <div class=\"mec-event-detail\">\n                    <div class=\"mec-event-loc-place\"><i class=\"mec-sl-location-pin\"><\/i>Name des Standorts<\/div>                                                                                                <\/div>\n            <\/div>\n            <div class=\"mec-event-image\"><a data-event-id=\"6236\" href=\"https:\/\/iyouwe-training.com\/\" target=\"_blank\" rel=\"noopener\"><img fetchpriority=\"high\" decoding=\"async\" width=\"300\" height=\"167\" src=\"https:\/\/thomashuebl.com\/wp-content\/uploads\/2025\/11\/th-website-event-iyouwe-300x167.png\" class=\"attachment-medium size-medium wp-post-image\" alt=\"\" data-mec-postid=\"6236\" \/><\/a><\/div>\n            <div class=\"mec-event-content\">\n                                                                <h4 class=\"mec-event-title\"><a class=\"mec-color-hover\" data-event-id=\"6236\" href=\"https:\/\/iyouwe-training.com\/\" target=\"_blank\" rel=\"noopener\">I-YOU-WE Training<\/a><\/h4>\n\n                <h5 class=\"mec-event-subtitle\">mit Heidi Wohlh\u00fcter und Markus Hirzig<\/h5>\n                \n                <!--<p class=\"mec-grid-event-location\"><\/p>-->\n\n                                    <p class=\"mec-grid-event-excerpt\">5-monatiger Intensiv Onlinekurs. Mit Thomas H\u00fcbl als Gastreferent in Modul 3. Das I-YOU-WE Training ist ein Prozess, der dir hilft, in Beziehung mit Dir selbst und der Welt Kompetenzen aufzubauen und praktische F\u00e4higkeiten und Methoden zu erlernen f\u00fcr dein t\u00e4gliches Leben und deinen beruflichen Alltag. <\/p>\n                \n            <\/div>\n            <div class=\"mec-event-footer mec-color\">\n                                <ul class=\"mec-event-sharing-wrap\">\n                    <li class=\"mec-event-share\">\n                        <a href=\"#\" class=\"mec-event-share-icon\">\n                            <i class=\"mec-sl-share\" title=\"Teilen\"><\/i>\n                        <\/a>\n                    <\/li>\n                    <li>\n                        <ul class=\"mec-event-sharing\">\n                            <li class=\"mec-event-social-icon\"><a class=\"facebook\" href=\"https:\/\/www.facebook.com\/sharer\/sharer.php?u=https%3A%2F%2Fiyouwe-training.com%2F\" onclick=\"javascript:window.open(this.href, '', 'menubar=no,toolbar=no,resizable=yes,scrollbars=yes,height=500,width=600'); return false;\" target=\"_blank\" title=\"Auf Facebook teilen\"><i class=\"mec-fa-facebook\"><\/i><span class=\"mec-social-title\">Facebook<\/span><\/a><\/li><li class=\"mec-event-social-icon\"><a class=\"twitter\" href=\"https:\/\/x.com\/intent\/tweet?url=https%3A%2F%2Fiyouwe-training.com%2F\" onclick=\"javascript:window.open(this.href, '', 'menubar=no,toolbar=no,resizable=yes,scrollbars=yes,height=600,width=500'); return false;\" target=\"_blank\" title=\"X Social Network\"><svg xmlns=\"http:\/\/www.w3.org\/2000\/svg\" shape-rendering=\"geometricPrecision\" text-rendering=\"geometricPrecision\" image-rendering=\"optimizeQuality\" fill-rule=\"evenodd\" clip-rule=\"evenodd\" viewBox=\"0 0 512 462.799\"><path fill-rule=\"nonzero\" d=\"M403.229 0h78.506L310.219 196.04 512 462.799H354.002L230.261 301.007 88.669 462.799h-78.56l183.455-209.683L0 0h161.999l111.856 147.88L403.229 0zm-27.556 415.805h43.505L138.363 44.527h-46.68l283.99 371.278z\"\/><\/svg><span class=\"mec-social-title\">Twitter<\/span><\/a><\/li><li class=\"mec-event-social-icon\"><a class=\"linkedin\" href=\"https:\/\/www.linkedin.com\/shareArticle?mini=true&url=https%3A%2F%2Fiyouwe-training.com%2F\" onclick=\"javascript:window.open(this.href, '', 'menubar=no,toolbar=no,resizable=yes,scrollbars=yes,height=600,width=500'); return false;\" target=\"_blank\" title=\"LinkedIn\"><i class=\"mec-fa-linkedin\"><\/i><span class=\"mec-social-title\">LinkedIn<\/span><\/a><\/li><li class=\"mec-event-social-icon\"><a class=\"email\" href=\"mailto:?subject=I-YOU-WE%20Training&body=https%3A%2F%2Fiyouwe-training.com%2F\" title=\"E-Mail\"><i class=\"mec-fa-envelope\"><\/i><span class=\"mec-social-title\">E-Mail<\/span><\/a><\/li>                        <\/ul>\n                    <\/li>\n                <\/ul>\n                                                                <a class=\"mec-booking-button\" data-event-id=\"6236\" href=\"https:\/\/iyouwe-training.com\/\" target=\"_blank\" rel=\"noopener\">Details anzeigen<\/a>            <\/div>\n        <\/article><\/div>                <div class=\"col-md-4 col-sm-4\"><article class=\"mec-past-event mec-event-article mec-clear  mec-label-featured mec-featured-event-wrapper\" itemscope>                    <div class=\"event-grid-t2-head mec-bg-color clearfix\">\n                                    <div class=\"mec-event-month\"><span class=\"mec-start-date-label\">05 Mai<\/span><\/div>\n                                                                                            <div class=\"mec-event-detail\">\n                                                                                                    <span class=\"mec-event-label-captions \" style=\"--background-color: #256fe8;background-color: #256fe8\">MEDITATION<\/span>                <\/div>\n            <\/div>\n            <div class=\"mec-event-image\"><a data-event-id=\"2261\" href=\"https:\/\/thomashuebl.com\/de\/events\/globale-download-meditation\/\" target=\"_blank\" rel=\"noopener\"><img decoding=\"async\" width=\"300\" height=\"178\" src=\"https:\/\/thomashuebl.com\/wp-content\/uploads\/2023\/06\/download-meditation-event-1-300x178.jpg\" class=\"attachment-medium size-medium wp-post-image\" alt=\"\" data-mec-postid=\"2261\" \/><\/a><\/div>\n            <div class=\"mec-event-content\">\n                                                                <h4 class=\"mec-event-title\"><a class=\"mec-color-hover\" data-event-id=\"2261\" href=\"https:\/\/thomashuebl.com\/de\/events\/globale-download-meditation\/\" target=\"_blank\" rel=\"noopener\">Globale Download-Meditation<\/a><span class=\"mec-repeating-label\">Wiederkehrende Veranstaltung<\/span><span class=\"event-color\" style=\"background: #f3eee9\"><\/span><\/h4>\n\n                <h5 class=\"mec-event-subtitle\">mit Thomas H\u00fcbl<\/h5>\n                \n                <!--<p class=\"mec-grid-event-location\"><\/p>-->\n\n                                    <p class=\"mec-grid-event-excerpt\">F\u00fcr die Teilnahme sind keine technischen Hilfsmittel erforderlich, nur du und dein Meditationskissen! Die Verbindung zu den Mitmeditierenden und zu Thomas geschieht im meditativen Raum.<\/p>\n                \n            <\/div>\n            <div class=\"mec-event-footer mec-color\">\n                                <ul class=\"mec-event-sharing-wrap\">\n                    <li class=\"mec-event-share\">\n                        <a href=\"#\" class=\"mec-event-share-icon\">\n                            <i class=\"mec-sl-share\" title=\"Teilen\"><\/i>\n                        <\/a>\n                    <\/li>\n                    <li>\n                        <ul class=\"mec-event-sharing\">\n                            <li class=\"mec-event-social-icon\"><a class=\"facebook\" href=\"https:\/\/www.facebook.com\/sharer\/sharer.php?u=https%3A%2F%2Fthomashuebl.com%2Fde%2Fevents%2Fglobale-download-meditation%2F\" onclick=\"javascript:window.open(this.href, '', 'menubar=no,toolbar=no,resizable=yes,scrollbars=yes,height=500,width=600'); return false;\" target=\"_blank\" title=\"Auf Facebook teilen\"><i class=\"mec-fa-facebook\"><\/i><span class=\"mec-social-title\">Facebook<\/span><\/a><\/li><li class=\"mec-event-social-icon\"><a class=\"twitter\" href=\"https:\/\/x.com\/intent\/tweet?url=https%3A%2F%2Fthomashuebl.com%2Fde%2Fevents%2Fglobale-download-meditation%2F\" onclick=\"javascript:window.open(this.href, '', 'menubar=no,toolbar=no,resizable=yes,scrollbars=yes,height=600,width=500'); return false;\" target=\"_blank\" title=\"X Social Network\"><svg xmlns=\"http:\/\/www.w3.org\/2000\/svg\" shape-rendering=\"geometricPrecision\" text-rendering=\"geometricPrecision\" image-rendering=\"optimizeQuality\" fill-rule=\"evenodd\" clip-rule=\"evenodd\" viewBox=\"0 0 512 462.799\"><path fill-rule=\"nonzero\" d=\"M403.229 0h78.506L310.219 196.04 512 462.799H354.002L230.261 301.007 88.669 462.799h-78.56l183.455-209.683L0 0h161.999l111.856 147.88L403.229 0zm-27.556 415.805h43.505L138.363 44.527h-46.68l283.99 371.278z\"\/><\/svg><span class=\"mec-social-title\">Twitter<\/span><\/a><\/li><li class=\"mec-event-social-icon\"><a class=\"linkedin\" href=\"https:\/\/www.linkedin.com\/shareArticle?mini=true&url=https%3A%2F%2Fthomashuebl.com%2Fde%2Fevents%2Fglobale-download-meditation%2F\" onclick=\"javascript:window.open(this.href, '', 'menubar=no,toolbar=no,resizable=yes,scrollbars=yes,height=600,width=500'); return false;\" target=\"_blank\" title=\"LinkedIn\"><i class=\"mec-fa-linkedin\"><\/i><span class=\"mec-social-title\">LinkedIn<\/span><\/a><\/li><li class=\"mec-event-social-icon\"><a class=\"email\" href=\"mailto:?subject=Globale%20Download-Meditation&body=https%3A%2F%2Fthomashuebl.com%2Fde%2Fevents%2Fglobale-download-meditation%2F\" title=\"E-Mail\"><i class=\"mec-fa-envelope\"><\/i><span class=\"mec-social-title\">E-Mail<\/span><\/a><\/li>                        <\/ul>\n                    <\/li>\n                <\/ul>\n                                                                <a class=\"mec-booking-button\" data-event-id=\"2261\" href=\"https:\/\/thomashuebl.com\/de\/events\/globale-download-meditation\/\" target=\"_blank\" rel=\"noopener\">Details anzeigen<\/a>            <\/div>\n        <\/article><\/div>                <div class=\"col-md-4 col-sm-4\"><article class=\" mec-event-article mec-clear  mec-label-featured mec-featured-event-wrapper\" itemscope>                    <div class=\"event-grid-t2-head mec-bg-color clearfix\">\n                                    <div class=\"mec-event-month\"><span class=\"mec-start-date-label\">26 Juli<\/span><span class=\"mec-end-date-label\" itemprop=\"endDate\"> - 01 August<\/span><\/div>\n                                                                                            <div class=\"mec-event-detail\">\n                                                                                                    <span class=\"mec-event-label-captions \" style=\"--background-color: #dd3333;background-color: #dd3333\">VOR ORT &amp; ONLINE<\/span>                <\/div>\n            <\/div>\n            <div class=\"mec-event-image\"><a data-event-id=\"4572\" href=\"https:\/\/thomashuebl.com\/de\/summer-intensive-retreat-2026-mit-thomas-huebl\/\" target=\"_blank\" rel=\"noopener\"><img decoding=\"async\" width=\"300\" height=\"178\" src=\"https:\/\/thomashuebl.com\/wp-content\/uploads\/2025\/02\/sunflowers-summer-ws_1000x593-300x178.jpg\" class=\"attachment-medium size-medium wp-post-image\" alt=\"\" data-mec-postid=\"4572\" \/><\/a><\/div>\n            <div class=\"mec-event-content\">\n                                                                <h4 class=\"mec-event-title\"><a class=\"mec-color-hover\" data-event-id=\"4572\" href=\"https:\/\/thomashuebl.com\/de\/summer-intensive-retreat-2026-mit-thomas-huebl\/\" target=\"_blank\" rel=\"noopener\">Summer Intensive Retreat 2026 mit Thomas H\u00fcbl<\/a><\/h4>\n\n                \n                \n                <!--<p class=\"mec-grid-event-location\"><\/p>-->\n\n                                    <p class=\"mec-grid-event-excerpt\">Wieder einmal wollen wir zusammenkommen, um gemeinsam einen Raum zu schaffen, in dem wir innerlich und \u00e4u\u00dferlich wachsen k\u00f6nnen, uns tiefer mit den Wunden unserer Vergangenheit besch\u00e4ftigen, um diese zu integrieren und dadurch zu lernen und zu reifen. <\/p>\n                \n            <\/div>\n            <div class=\"mec-event-footer mec-color\">\n                                <ul class=\"mec-event-sharing-wrap\">\n                    <li class=\"mec-event-share\">\n                        <a href=\"#\" class=\"mec-event-share-icon\">\n                            <i class=\"mec-sl-share\" title=\"Teilen\"><\/i>\n                        <\/a>\n                    <\/li>\n                    <li>\n                        <ul class=\"mec-event-sharing\">\n                            <li class=\"mec-event-social-icon\"><a class=\"facebook\" href=\"https:\/\/www.facebook.com\/sharer\/sharer.php?u=https%3A%2F%2Fthomashuebl.com%2Fde%2Fsummer-intensive-retreat-2026-mit-thomas-huebl%2F\" onclick=\"javascript:window.open(this.href, '', 'menubar=no,toolbar=no,resizable=yes,scrollbars=yes,height=500,width=600'); return false;\" target=\"_blank\" title=\"Auf Facebook teilen\"><i class=\"mec-fa-facebook\"><\/i><span class=\"mec-social-title\">Facebook<\/span><\/a><\/li><li class=\"mec-event-social-icon\"><a class=\"twitter\" href=\"https:\/\/x.com\/intent\/tweet?url=https%3A%2F%2Fthomashuebl.com%2Fde%2Fsummer-intensive-retreat-2026-mit-thomas-huebl%2F\" onclick=\"javascript:window.open(this.href, '', 'menubar=no,toolbar=no,resizable=yes,scrollbars=yes,height=600,width=500'); return false;\" target=\"_blank\" title=\"X Social Network\"><svg xmlns=\"http:\/\/www.w3.org\/2000\/svg\" shape-rendering=\"geometricPrecision\" text-rendering=\"geometricPrecision\" image-rendering=\"optimizeQuality\" fill-rule=\"evenodd\" clip-rule=\"evenodd\" viewBox=\"0 0 512 462.799\"><path fill-rule=\"nonzero\" d=\"M403.229 0h78.506L310.219 196.04 512 462.799H354.002L230.261 301.007 88.669 462.799h-78.56l183.455-209.683L0 0h161.999l111.856 147.88L403.229 0zm-27.556 415.805h43.505L138.363 44.527h-46.68l283.99 371.278z\"\/><\/svg><span class=\"mec-social-title\">Twitter<\/span><\/a><\/li><li class=\"mec-event-social-icon\"><a class=\"linkedin\" href=\"https:\/\/www.linkedin.com\/shareArticle?mini=true&url=https%3A%2F%2Fthomashuebl.com%2Fde%2Fsummer-intensive-retreat-2026-mit-thomas-huebl%2F\" onclick=\"javascript:window.open(this.href, '', 'menubar=no,toolbar=no,resizable=yes,scrollbars=yes,height=600,width=500'); return false;\" target=\"_blank\" title=\"LinkedIn\"><i class=\"mec-fa-linkedin\"><\/i><span class=\"mec-social-title\">LinkedIn<\/span><\/a><\/li><li class=\"mec-event-social-icon\"><a class=\"email\" href=\"mailto:?subject=Summer%20Intensive%20Retreat%202026%20mit%20Thomas%20H%C3%BCbl&body=https%3A%2F%2Fthomashuebl.com%2Fde%2Fsummer-intensive-retreat-2026-mit-thomas-huebl%2F\" title=\"E-Mail\"><i class=\"mec-fa-envelope\"><\/i><span class=\"mec-social-title\">E-Mail<\/span><\/a><\/li>                        <\/ul>\n                    <\/li>\n                <\/ul>\n                                                                <a class=\"mec-booking-button\" data-event-id=\"4572\" href=\"https:\/\/thomashuebl.com\/de\/summer-intensive-retreat-2026-mit-thomas-huebl\/\" target=\"_blank\" rel=\"noopener\">Details anzeigen<\/a>            <\/div>\n        <\/article><\/div><\/div>                <div class=\"row\"><div class=\"col-md-4 col-sm-4\"><article class=\" mec-event-article mec-clear  mec-label-featured mec-featured-event-wrapper\" itemscope>                    <div class=\"event-grid-t2-head mec-bg-color clearfix\">\n                                    <div class=\"mec-event-month\"><span class=\"mec-start-date-label\">19 - 25 Oktober<\/span><\/div>\n                                                                                            <div class=\"mec-event-detail\">\n                                                                                                    <span class=\"mec-event-label-captions \" style=\"--background-color: #256fe8;background-color: #256fe8\">MEDITATION<\/span>                <\/div>\n            <\/div>\n            <div class=\"mec-event-image\"><a data-event-id=\"6337\" href=\"https:\/\/thomashuebl.com\/de\/stille-retreat-2026\/\" target=\"_blank\" rel=\"noopener\"><img loading=\"lazy\" decoding=\"async\" width=\"300\" height=\"200\" src=\"https:\/\/thomashuebl.com\/wp-content\/uploads\/2025\/03\/stille-retreat-2025-cover-300x200.jpg\" class=\"attachment-medium size-medium wp-post-image\" alt=\"\" data-mec-postid=\"6337\" \/><\/a><\/div>\n            <div class=\"mec-event-content\">\n                                                                <h4 class=\"mec-event-title\"><a class=\"mec-color-hover\" data-event-id=\"6337\" href=\"https:\/\/thomashuebl.com\/de\/stille-retreat-2026\/\" target=\"_blank\" rel=\"noopener\">Stille Retreat Oktober 2026<\/a><\/h4>\n\n                <h5 class=\"mec-event-subtitle\">mit Susanne Ahlendorf und Martin Bruders<\/h5>\n                \n                <!--<p class=\"mec-grid-event-location\"><\/p>-->\n\n                                    <p class=\"mec-grid-event-excerpt\">Meditation ist heute mehr denn je eine Basis f\u00fcr ein bewusstes Leben. F\u00fcr immer mehr Menschen, die an Entwicklung, sowohl individuell, kulturell als auch gesellschaftlich interessiert sind, ist die j\u00e4hrliche Teilnahme an einem Meditationsretreat eine wichtige Unterst\u00fctzung zur Erlangung von spiritueller Reife geworden.<\/p>\n                \n            <\/div>\n            <div class=\"mec-event-footer mec-color\">\n                                <ul class=\"mec-event-sharing-wrap\">\n                    <li class=\"mec-event-share\">\n                        <a href=\"#\" class=\"mec-event-share-icon\">\n                            <i class=\"mec-sl-share\" title=\"Teilen\"><\/i>\n                        <\/a>\n                    <\/li>\n                    <li>\n                        <ul class=\"mec-event-sharing\">\n                            <li class=\"mec-event-social-icon\"><a class=\"facebook\" href=\"https:\/\/www.facebook.com\/sharer\/sharer.php?u=https%3A%2F%2Fthomashuebl.com%2Fde%2Fstille-retreat-2026%2F\" onclick=\"javascript:window.open(this.href, '', 'menubar=no,toolbar=no,resizable=yes,scrollbars=yes,height=500,width=600'); return false;\" target=\"_blank\" title=\"Auf Facebook teilen\"><i class=\"mec-fa-facebook\"><\/i><span class=\"mec-social-title\">Facebook<\/span><\/a><\/li><li class=\"mec-event-social-icon\"><a class=\"twitter\" href=\"https:\/\/x.com\/intent\/tweet?url=https%3A%2F%2Fthomashuebl.com%2Fde%2Fstille-retreat-2026%2F\" onclick=\"javascript:window.open(this.href, '', 'menubar=no,toolbar=no,resizable=yes,scrollbars=yes,height=600,width=500'); return false;\" target=\"_blank\" title=\"X Social Network\"><svg xmlns=\"http:\/\/www.w3.org\/2000\/svg\" shape-rendering=\"geometricPrecision\" text-rendering=\"geometricPrecision\" image-rendering=\"optimizeQuality\" fill-rule=\"evenodd\" clip-rule=\"evenodd\" viewBox=\"0 0 512 462.799\"><path fill-rule=\"nonzero\" d=\"M403.229 0h78.506L310.219 196.04 512 462.799H354.002L230.261 301.007 88.669 462.799h-78.56l183.455-209.683L0 0h161.999l111.856 147.88L403.229 0zm-27.556 415.805h43.505L138.363 44.527h-46.68l283.99 371.278z\"\/><\/svg><span class=\"mec-social-title\">Twitter<\/span><\/a><\/li><li class=\"mec-event-social-icon\"><a class=\"linkedin\" href=\"https:\/\/www.linkedin.com\/shareArticle?mini=true&url=https%3A%2F%2Fthomashuebl.com%2Fde%2Fstille-retreat-2026%2F\" onclick=\"javascript:window.open(this.href, '', 'menubar=no,toolbar=no,resizable=yes,scrollbars=yes,height=600,width=500'); return false;\" target=\"_blank\" title=\"LinkedIn\"><i class=\"mec-fa-linkedin\"><\/i><span class=\"mec-social-title\">LinkedIn<\/span><\/a><\/li><li class=\"mec-event-social-icon\"><a class=\"email\" href=\"mailto:?subject=Stille%20Retreat%20Oktober%202026&body=https%3A%2F%2Fthomashuebl.com%2Fde%2Fstille-retreat-2026%2F\" title=\"E-Mail\"><i class=\"mec-fa-envelope\"><\/i><span class=\"mec-social-title\">E-Mail<\/span><\/a><\/li>                        <\/ul>\n                    <\/li>\n                <\/ul>\n                                                                <a class=\"mec-booking-button\" data-event-id=\"6337\" href=\"https:\/\/thomashuebl.com\/de\/stille-retreat-2026\/\" target=\"_blank\" rel=\"noopener\">Details anzeigen<\/a>            <\/div>\n        <\/article><\/div>                        <\/div>\t<\/div>\n<\/div>\n\n    <\/div>\r\n    <div class=\"mec-skin-grid-no-events-container mec-util-hidden\" id=\"mec_skin_no_events_3\">\r\n        Keine Veranstaltung gefunden    <\/div>\r\n    \r\n    \r\n<\/div>\r\n\t\t\t\t<\/div>\n\t\t\t\t<\/div>\n\t\t\t\t\t<\/div>\n\t\t<\/div>\n\t\t\t\t\t<\/div>\n\t\t<\/section>\n\t\t\t\t<\/div>\n\t\t","protected":false},"excerpt":{"rendered":"<p>CategoryEnglish LanguageGerman LanguageMeditationNo Technology NeededOnline EventOnline SummitProgramRetreat Reset 05 September MEDITATION Global Download MeditationRepeating Event with Thomas H\u00fcbl No technology is required to participate! Facebook Twitter Linkedin Email View Detail 12 September FREE EVENT Relational Attunement: How We Heal Together with Thomas H\u00fcbl and Dr. Gabor Mat\u00e9 A LIVE Online Conversation with Thomas H\u00fcbl and [&hellip;]<\/p>\n","protected":false},"author":4,"featured_media":0,"parent":0,"menu_order":0,"comment_status":"closed","ping_status":"closed","template":"","meta":{"_acf_changed":false,"site-sidebar-layout":"no-sidebar","site-content-layout":"page-builder","ast-site-content-layout":"default","site-content-style":"default","site-sidebar-style":"default","ast-global-header-display":"","ast-banner-title-visibility":"","ast-main-header-display":"","ast-hfb-above-header-display":"","ast-hfb-below-header-display":"","ast-hfb-mobile-header-display":"","site-post-title":"disabled","ast-breadcrumbs-content":"","ast-featured-img":"disabled","footer-sml-layout":"","ast-disable-related-posts":"","theme-transparent-header-meta":"default","adv-header-id-meta":"","stick-header-meta":"","header-above-stick-meta":"","header-main-stick-meta":"","header-below-stick-meta":"","astra-migrate-meta-layouts":"set","ast-page-background-enabled":"default","ast-page-background-meta":{"desktop":{"background-color":"","background-image":"","background-repeat":"repeat","background-position":"center center","background-size":"auto","background-attachment":"scroll","background-type":"","background-media":"","overlay-type":"","overlay-color":"","overlay-opacity":"","overlay-gradient":""},"tablet":{"background-color":"","background-image":"","background-repeat":"repeat","background-position":"center center","background-size":"auto","background-attachment":"scroll","background-type":"","background-media":"","overlay-type":"","overlay-color":"","overlay-opacity":"","overlay-gradient":""},"mobile":{"background-color":"","background-image":"","background-repeat":"repeat","background-position":"center center","background-size":"auto","background-attachment":"scroll","background-type":"","background-media":"","overlay-type":"","overlay-color":"","overlay-opacity":"","overlay-gradient":""}},"ast-content-background-meta":{"desktop":{"background-color":"var(--ast-global-color-5)","background-image":"","background-repeat":"repeat","background-position":"center center","background-size":"auto","background-attachment":"scroll","background-type":"","background-media":"","overlay-type":"","overlay-color":"","overlay-opacity":"","overlay-gradient":""},"tablet":{"background-color":"var(--ast-global-color-5)","background-image":"","background-repeat":"repeat","background-position":"center center","background-size":"auto","background-attachment":"scroll","background-type":"","background-media":"","overlay-type":"","overlay-color":"","overlay-opacity":"","overlay-gradient":""},"mobile":{"background-color":"var(--ast-global-color-5)","background-image":"","background-repeat":"repeat","background-position":"center center","background-size":"auto","background-attachment":"scroll","background-type":"","background-media":"","overlay-type":"","overlay-color":"","overlay-opacity":"","overlay-gradient":""}},"footnotes":""},"class_list":["post-2434","page","type-page","status-publish","hentry"],"acf":[],"yoast_head":"<!-- This site is optimized with the Yoast SEO plugin v27.4 - https:\/\/yoast.com\/product\/yoast-seo-wordpress\/ -->\n<title>Veranstaltungsliste - Thomas Huebl<\/title>\n<meta name=\"description\" content=\"Erhalte Zugang zu kommenden Veranstaltungen und Retreats mit Thomas H\u00fcbl - werde Mitglied im Mystic Cafe, melde dich f\u00fcr den kostenlosen Collective Trauma Summit an, schalte dich ein f\u00fcr Global Download Meditations, Relational Attunement Sessions und mehr.\" \/>\n<meta name=\"robots\" content=\"index, follow, max-snippet:-1, max-image-preview:large, max-video-preview:-1\" \/>\n<link rel=\"canonical\" href=\"https:\/\/thomashuebl.com\/de\/veranstaltungsliste\/\" \/>\n<meta property=\"og:locale\" content=\"de_DE\" \/>\n<meta property=\"og:type\" content=\"article\" \/>\n<meta property=\"og:title\" content=\"Veranstaltungsliste - Thomas Huebl\" \/>\n<meta property=\"og:description\" content=\"Erhalte Zugang zu kommenden Veranstaltungen und Retreats mit Thomas H\u00fcbl - werde Mitglied im Mystic Cafe, melde dich f\u00fcr den kostenlosen Collective Trauma Summit an, schalte dich ein f\u00fcr Global Download Meditations, Relational Attunement Sessions und mehr.\" \/>\n<meta property=\"og:url\" content=\"https:\/\/thomashuebl.com\/de\/veranstaltungsliste\/\" \/>\n<meta property=\"og:site_name\" content=\"Thomas Huebl\" \/>\n<meta property=\"article:publisher\" content=\"https:\/\/www.facebook.com\/Thomas.Huebl.Sangha\/\" \/>\n<meta property=\"article:modified_time\" content=\"2023-08-26T11:12:01+00:00\" \/>\n<meta property=\"og:image\" content=\"https:\/\/thomashuebl.com\/wp-content\/uploads\/2023\/08\/thomashueblpl_03.jpg\" \/>\n\t<meta property=\"og:image:width\" content=\"1200\" \/>\n\t<meta property=\"og:image:height\" content=\"630\" \/>\n\t<meta property=\"og:image:type\" content=\"image\/jpeg\" \/>\n<meta name=\"twitter:card\" content=\"summary_large_image\" \/>\n<meta name=\"twitter:image\" content=\"https:\/\/thomashuebl.com\/wp-content\/uploads\/2023\/08\/thomashueblpl_03.jpg\" \/>\n<meta name=\"twitter:site\" content=\"@thomasHuebl\" \/>\n<meta name=\"twitter:label1\" content=\"Gesch\u00e4tzte Lesezeit\" \/>\n\t<meta name=\"twitter:data1\" content=\"4 Minuten\" \/>\n<script type=\"application\/ld+json\" class=\"yoast-schema-graph\">{\"@context\":\"https:\\\/\\\/schema.org\",\"@graph\":[{\"@type\":\"WebPage\",\"@id\":\"https:\\\/\\\/thomashuebl.com\\\/de\\\/veranstaltungsliste\\\/\",\"url\":\"https:\\\/\\\/thomashuebl.com\\\/de\\\/veranstaltungsliste\\\/\",\"name\":\"Veranstaltungsliste - Thomas Huebl\",\"isPartOf\":{\"@id\":\"https:\\\/\\\/thomashuebl.com\\\/de\\\/#website\"},\"primaryImageOfPage\":{\"@id\":\"https:\\\/\\\/thomashuebl.com\\\/de\\\/veranstaltungsliste\\\/#primaryimage\"},\"image\":{\"@id\":\"https:\\\/\\\/thomashuebl.com\\\/de\\\/veranstaltungsliste\\\/#primaryimage\"},\"thumbnailUrl\":\"https:\\\/\\\/thomashuebl.com\\\/wp-content\\\/uploads\\\/2023\\\/06\\\/download-meditation-event-1-300x178.jpg\",\"datePublished\":\"2023-06-08T00:18:33+00:00\",\"dateModified\":\"2023-08-26T11:12:01+00:00\",\"description\":\"Erhalte Zugang zu kommenden Veranstaltungen und Retreats mit Thomas H\u00fcbl - werde Mitglied im Mystic Cafe, melde dich f\u00fcr den kostenlosen Collective Trauma Summit an, schalte dich ein f\u00fcr Global Download Meditations, Relational Attunement Sessions und mehr.\",\"breadcrumb\":{\"@id\":\"https:\\\/\\\/thomashuebl.com\\\/de\\\/veranstaltungsliste\\\/#breadcrumb\"},\"inLanguage\":\"de-DE\",\"potentialAction\":[{\"@type\":\"ReadAction\",\"target\":[\"https:\\\/\\\/thomashuebl.com\\\/de\\\/veranstaltungsliste\\\/\"]}]},{\"@type\":\"ImageObject\",\"inLanguage\":\"de-DE\",\"@id\":\"https:\\\/\\\/thomashuebl.com\\\/de\\\/veranstaltungsliste\\\/#primaryimage\",\"url\":\"https:\\\/\\\/thomashuebl.com\\\/wp-content\\\/uploads\\\/2023\\\/06\\\/download-meditation-event-1-300x178.jpg\",\"contentUrl\":\"https:\\\/\\\/thomashuebl.com\\\/wp-content\\\/uploads\\\/2023\\\/06\\\/download-meditation-event-1-300x178.jpg\"},{\"@type\":\"BreadcrumbList\",\"@id\":\"https:\\\/\\\/thomashuebl.com\\\/de\\\/veranstaltungsliste\\\/#breadcrumb\",\"itemListElement\":[{\"@type\":\"ListItem\",\"position\":1,\"name\":\"Home\",\"item\":\"https:\\\/\\\/thomashuebl.com\\\/de\\\/\"},{\"@type\":\"ListItem\",\"position\":2,\"name\":\"Veranstaltungsliste\"}]},{\"@type\":\"WebSite\",\"@id\":\"https:\\\/\\\/thomashuebl.com\\\/de\\\/#website\",\"url\":\"https:\\\/\\\/thomashuebl.com\\\/de\\\/\",\"name\":\"Thomas Huebl\",\"description\":\"\",\"publisher\":{\"@id\":\"https:\\\/\\\/thomashuebl.com\\\/de\\\/#organization\"},\"potentialAction\":[{\"@type\":\"SearchAction\",\"target\":{\"@type\":\"EntryPoint\",\"urlTemplate\":\"https:\\\/\\\/thomashuebl.com\\\/de\\\/?s={search_term_string}\"},\"query-input\":{\"@type\":\"PropertyValueSpecification\",\"valueRequired\":true,\"valueName\":\"search_term_string\"}}],\"inLanguage\":\"de-DE\"},{\"@type\":\"Organization\",\"@id\":\"https:\\\/\\\/thomashuebl.com\\\/de\\\/#organization\",\"name\":\"Thomas Huebl\",\"url\":\"https:\\\/\\\/thomashuebl.com\\\/de\\\/\",\"logo\":{\"@type\":\"ImageObject\",\"inLanguage\":\"de-DE\",\"@id\":\"https:\\\/\\\/thomashuebl.com\\\/de\\\/#\\\/schema\\\/logo\\\/image\\\/\",\"url\":\"https:\\\/\\\/thomashuebl.com\\\/wp-content\\\/uploads\\\/2023\\\/08\\\/thomashueblpl_03-1.jpg\",\"contentUrl\":\"https:\\\/\\\/thomashuebl.com\\\/wp-content\\\/uploads\\\/2023\\\/08\\\/thomashueblpl_03-1.jpg\",\"width\":1200,\"height\":630,\"caption\":\"Thomas Huebl\"},\"image\":{\"@id\":\"https:\\\/\\\/thomashuebl.com\\\/de\\\/#\\\/schema\\\/logo\\\/image\\\/\"},\"sameAs\":[\"https:\\\/\\\/www.facebook.com\\\/Thomas.Huebl.Sangha\\\/\",\"https:\\\/\\\/x.com\\\/thomasHuebl\",\"https:\\\/\\\/www.youtube.com\\\/user\\\/thomashuebl\",\"https:\\\/\\\/www.instagram.com\\\/thomashuebl\\\/\"]}]}<\/script>\n<!-- \/ Yoast SEO plugin. -->","yoast_head_json":{"title":"Veranstaltungsliste - Thomas Huebl","description":"Erhalte Zugang zu kommenden Veranstaltungen und Retreats mit Thomas H\u00fcbl - werde Mitglied im Mystic Cafe, melde dich f\u00fcr den kostenlosen Collective Trauma Summit an, schalte dich ein f\u00fcr Global Download Meditations, Relational Attunement Sessions und mehr.","robots":{"index":"index","follow":"follow","max-snippet":"max-snippet:-1","max-image-preview":"max-image-preview:large","max-video-preview":"max-video-preview:-1"},"canonical":"https:\/\/thomashuebl.com\/de\/veranstaltungsliste\/","og_locale":"de_DE","og_type":"article","og_title":"Veranstaltungsliste - Thomas Huebl","og_description":"Erhalte Zugang zu kommenden Veranstaltungen und Retreats mit Thomas H\u00fcbl - werde Mitglied im Mystic Cafe, melde dich f\u00fcr den kostenlosen Collective Trauma Summit an, schalte dich ein f\u00fcr Global Download Meditations, Relational Attunement Sessions und mehr.","og_url":"https:\/\/thomashuebl.com\/de\/veranstaltungsliste\/","og_site_name":"Thomas Huebl","article_publisher":"https:\/\/www.facebook.com\/Thomas.Huebl.Sangha\/","article_modified_time":"2023-08-26T11:12:01+00:00","og_image":[{"width":1200,"height":630,"url":"https:\/\/thomashuebl.com\/wp-content\/uploads\/2023\/08\/thomashueblpl_03.jpg","type":"image\/jpeg"}],"twitter_card":"summary_large_image","twitter_image":"https:\/\/thomashuebl.com\/wp-content\/uploads\/2023\/08\/thomashueblpl_03.jpg","twitter_site":"@thomasHuebl","twitter_misc":{"Gesch\u00e4tzte Lesezeit":"4 Minuten"},"schema":{"@context":"https:\/\/schema.org","@graph":[{"@type":"WebPage","@id":"https:\/\/thomashuebl.com\/de\/veranstaltungsliste\/","url":"https:\/\/thomashuebl.com\/de\/veranstaltungsliste\/","name":"Veranstaltungsliste - Thomas Huebl","isPartOf":{"@id":"https:\/\/thomashuebl.com\/de\/#website"},"primaryImageOfPage":{"@id":"https:\/\/thomashuebl.com\/de\/veranstaltungsliste\/#primaryimage"},"image":{"@id":"https:\/\/thomashuebl.com\/de\/veranstaltungsliste\/#primaryimage"},"thumbnailUrl":"https:\/\/thomashuebl.com\/wp-content\/uploads\/2023\/06\/download-meditation-event-1-300x178.jpg","datePublished":"2023-06-08T00:18:33+00:00","dateModified":"2023-08-26T11:12:01+00:00","description":"Erhalte Zugang zu kommenden Veranstaltungen und Retreats mit Thomas H\u00fcbl - werde Mitglied im Mystic Cafe, melde dich f\u00fcr den kostenlosen Collective Trauma Summit an, schalte dich ein f\u00fcr Global Download Meditations, Relational Attunement Sessions und mehr.","breadcrumb":{"@id":"https:\/\/thomashuebl.com\/de\/veranstaltungsliste\/#breadcrumb"},"inLanguage":"de-DE","potentialAction":[{"@type":"ReadAction","target":["https:\/\/thomashuebl.com\/de\/veranstaltungsliste\/"]}]},{"@type":"ImageObject","inLanguage":"de-DE","@id":"https:\/\/thomashuebl.com\/de\/veranstaltungsliste\/#primaryimage","url":"https:\/\/thomashuebl.com\/wp-content\/uploads\/2023\/06\/download-meditation-event-1-300x178.jpg","contentUrl":"https:\/\/thomashuebl.com\/wp-content\/uploads\/2023\/06\/download-meditation-event-1-300x178.jpg"},{"@type":"BreadcrumbList","@id":"https:\/\/thomashuebl.com\/de\/veranstaltungsliste\/#breadcrumb","itemListElement":[{"@type":"ListItem","position":1,"name":"Home","item":"https:\/\/thomashuebl.com\/de\/"},{"@type":"ListItem","position":2,"name":"Veranstaltungsliste"}]},{"@type":"WebSite","@id":"https:\/\/thomashuebl.com\/de\/#website","url":"https:\/\/thomashuebl.com\/de\/","name":"Thomas Huebl","description":"","publisher":{"@id":"https:\/\/thomashuebl.com\/de\/#organization"},"potentialAction":[{"@type":"SearchAction","target":{"@type":"EntryPoint","urlTemplate":"https:\/\/thomashuebl.com\/de\/?s={search_term_string}"},"query-input":{"@type":"PropertyValueSpecification","valueRequired":true,"valueName":"search_term_string"}}],"inLanguage":"de-DE"},{"@type":"Organization","@id":"https:\/\/thomashuebl.com\/de\/#organization","name":"Thomas Huebl","url":"https:\/\/thomashuebl.com\/de\/","logo":{"@type":"ImageObject","inLanguage":"de-DE","@id":"https:\/\/thomashuebl.com\/de\/#\/schema\/logo\/image\/","url":"https:\/\/thomashuebl.com\/wp-content\/uploads\/2023\/08\/thomashueblpl_03-1.jpg","contentUrl":"https:\/\/thomashuebl.com\/wp-content\/uploads\/2023\/08\/thomashueblpl_03-1.jpg","width":1200,"height":630,"caption":"Thomas Huebl"},"image":{"@id":"https:\/\/thomashuebl.com\/de\/#\/schema\/logo\/image\/"},"sameAs":["https:\/\/www.facebook.com\/Thomas.Huebl.Sangha\/","https:\/\/x.com\/thomasHuebl","https:\/\/www.youtube.com\/user\/thomashuebl","https:\/\/www.instagram.com\/thomashuebl\/"]}]}},"_links":{"self":[{"href":"https:\/\/thomashuebl.com\/de\/wp-json\/wp\/v2\/pages\/2434","targetHints":{"allow":["GET"]}}],"collection":[{"href":"https:\/\/thomashuebl.com\/de\/wp-json\/wp\/v2\/pages"}],"about":[{"href":"https:\/\/thomashuebl.com\/de\/wp-json\/wp\/v2\/types\/page"}],"author":[{"embeddable":true,"href":"https:\/\/thomashuebl.com\/de\/wp-json\/wp\/v2\/users\/4"}],"replies":[{"embeddable":true,"href":"https:\/\/thomashuebl.com\/de\/wp-json\/wp\/v2\/comments?post=2434"}],"version-history":[{"count":0,"href":"https:\/\/thomashuebl.com\/de\/wp-json\/wp\/v2\/pages\/2434\/revisions"}],"wp:attachment":[{"href":"https:\/\/thomashuebl.com\/de\/wp-json\/wp\/v2\/media?parent=2434"}],"curies":[{"name":"wp","href":"https:\/\/api.w.org\/{rel}","templated":true}]}}