{"id":6236,"date":"2025-11-18T03:21:22","date_gmt":"2025-11-18T11:21:22","guid":{"rendered":"https:\/\/thomashuebl.com\/?post_type=mec-events&#038;p=6236"},"modified":"2025-11-27T04:18:37","modified_gmt":"2025-11-27T12:18:37","slug":"i-you-we-training","status":"publish","type":"mec-events","link":"https:\/\/thomashuebl.com\/de\/events\/i-you-we-training\/","title":{"rendered":"I-YOU-WE Training"},"content":{"rendered":"","protected":false},"excerpt":{"rendered":"<p>5-monatiger Intensiv Onlinekurs. Mit Thomas H\u00fcbl als Gastreferent in Modul 3. Das I-YOU-WE Training ist ein Prozess, der dir hilft, in Beziehung mit Dir selbst und der Welt Kompetenzen aufzubauen und praktische F\u00e4higkeiten und Methoden zu erlernen f\u00fcr dein t\u00e4gliches Leben und deinen beruflichen Alltag. <\/p>\n","protected":false},"author":13,"featured_media":6240,"comment_status":"open","ping_status":"closed","template":"","meta":{"_acf_changed":false,"site-sidebar-layout":"default","site-content-layout":"","ast-site-content-layout":"default","site-content-style":"default","site-sidebar-style":"default","ast-global-header-display":"","ast-banner-title-visibility":"","ast-main-header-display":"","ast-hfb-above-header-display":"","ast-hfb-below-header-display":"","ast-hfb-mobile-header-display":"","site-post-title":"","ast-breadcrumbs-content":"","ast-featured-img":"","footer-sml-layout":"","ast-disable-related-posts":"","theme-transparent-header-meta":"default","adv-header-id-meta":"","stick-header-meta":"","header-above-stick-meta":"","header-main-stick-meta":"","header-below-stick-meta":"","astra-migrate-meta-layouts":"set","ast-page-background-enabled":"default","ast-page-background-meta":{"desktop":{"background-color":"","background-image":"","background-repeat":"repeat","background-position":"center center","background-size":"auto","background-attachment":"scroll","background-type":"","background-media":"","overlay-type":"","overlay-color":"","overlay-opacity":"","overlay-gradient":""},"tablet":{"background-color":"","background-image":"","background-repeat":"repeat","background-position":"center center","background-size":"auto","background-attachment":"scroll","background-type":"","background-media":"","overlay-type":"","overlay-color":"","overlay-opacity":"","overlay-gradient":""},"mobile":{"background-color":"","background-image":"","background-repeat":"repeat","background-position":"center center","background-size":"auto","background-attachment":"scroll","background-type":"","background-media":"","overlay-type":"","overlay-color":"","overlay-opacity":"","overlay-gradient":""}},"ast-content-background-meta":{"desktop":{"background-color":"var(--ast-global-color-5)","background-image":"","background-repeat":"repeat","background-position":"center center","background-size":"auto","background-attachment":"scroll","background-type":"","background-media":"","overlay-type":"","overlay-color":"","overlay-opacity":"","overlay-gradient":""},"tablet":{"background-color":"var(--ast-global-color-5)","background-image":"","background-repeat":"repeat","background-position":"center center","background-size":"auto","background-attachment":"scroll","background-type":"","background-media":"","overlay-type":"","overlay-color":"","overlay-opacity":"","overlay-gradient":""},"mobile":{"background-color":"var(--ast-global-color-5)","background-image":"","background-repeat":"repeat","background-position":"center center","background-size":"auto","background-attachment":"scroll","background-type":"","background-media":"","overlay-type":"","overlay-color":"","overlay-opacity":"","overlay-gradient":""}}},"tags":[],"mec_category":[138],"mec_speaker":[],"class_list":["post-6236","mec-events","type-mec-events","status-publish","has-post-thumbnail","hentry","mec_category-online-course-de"],"acf":[],"yoast_head":"<!-- This site is optimized with the Yoast SEO plugin v27.4 - https:\/\/yoast.com\/product\/yoast-seo-wordpress\/ -->\n<title>I-YOU-WE Training - Thomas Huebl<\/title>\n<meta name=\"description\" content=\"5-monatiger Intensiv Onlinekurs. Mit Thomas H\u00fcbl als Gastreferent in Modul 3. Das I-YOU-WE Training ist ein Prozess, der dir hilft, in Beziehung mit Dir selbst und der Welt Kompetenzen aufzubauen und praktische F\u00e4higkeiten und Methoden zu erlernen f\u00fcr dein t\u00e4gliches Leben und deinen beruflichen Alltag.\" \/>\n<meta name=\"robots\" content=\"index, follow, max-snippet:-1, max-image-preview:large, max-video-preview:-1\" \/>\n<link rel=\"canonical\" href=\"https:\/\/thomashuebl.com\/de\/events\/i-you-we-training\/\" \/>\n<meta property=\"og:locale\" content=\"de_DE\" \/>\n<meta property=\"og:type\" content=\"article\" \/>\n<meta property=\"og:title\" content=\"I-YOU-WE Training - Thomas Huebl\" \/>\n<meta property=\"og:description\" content=\"5-monatiger Intensiv Onlinekurs. Mit Thomas H\u00fcbl als Gastreferent in Modul 3. Das I-YOU-WE Training ist ein Prozess, der dir hilft, in Beziehung mit Dir selbst und der Welt Kompetenzen aufzubauen und praktische F\u00e4higkeiten und Methoden zu erlernen f\u00fcr dein t\u00e4gliches Leben und deinen beruflichen Alltag.\" \/>\n<meta property=\"og:url\" content=\"https:\/\/thomashuebl.com\/de\/events\/i-you-we-training\/\" \/>\n<meta property=\"og:site_name\" content=\"Thomas Huebl\" \/>\n<meta property=\"article:publisher\" content=\"https:\/\/www.facebook.com\/Thomas.Huebl.Sangha\/\" \/>\n<meta property=\"article:modified_time\" content=\"2025-11-27T12:18:37+00:00\" \/>\n<meta property=\"og:image\" content=\"https:\/\/thomashuebl.com\/wp-content\/uploads\/2025\/11\/th-website-event-iyouwe.png\" \/>\n\t<meta property=\"og:image:width\" content=\"1823\" \/>\n\t<meta property=\"og:image:height\" content=\"1013\" \/>\n\t<meta property=\"og:image:type\" content=\"image\/png\" \/>\n<meta name=\"twitter:card\" content=\"summary_large_image\" \/>\n<meta name=\"twitter:site\" content=\"@thomasHuebl\" \/>\n<meta name=\"twitter:label1\" content=\"Gesch\u00e4tzte Lesezeit\" \/>\n\t<meta name=\"twitter:data1\" content=\"1 Minute\" \/>\n<script type=\"application\/ld+json\" class=\"yoast-schema-graph\">{\"@context\":\"https:\\\/\\\/schema.org\",\"@graph\":[{\"@type\":\"WebPage\",\"@id\":\"https:\\\/\\\/thomashuebl.com\\\/de\\\/events\\\/i-you-we-training\\\/\",\"url\":\"https:\\\/\\\/thomashuebl.com\\\/de\\\/events\\\/i-you-we-training\\\/\",\"name\":\"I-YOU-WE Training - Thomas Huebl\",\"isPartOf\":{\"@id\":\"https:\\\/\\\/thomashuebl.com\\\/de\\\/#website\"},\"primaryImageOfPage\":{\"@id\":\"https:\\\/\\\/thomashuebl.com\\\/de\\\/events\\\/i-you-we-training\\\/#primaryimage\"},\"image\":{\"@id\":\"https:\\\/\\\/thomashuebl.com\\\/de\\\/events\\\/i-you-we-training\\\/#primaryimage\"},\"thumbnailUrl\":\"https:\\\/\\\/thomashuebl.com\\\/wp-content\\\/uploads\\\/2025\\\/11\\\/th-website-event-iyouwe.png\",\"datePublished\":\"2025-11-18T11:21:22+00:00\",\"dateModified\":\"2025-11-27T12:18:37+00:00\",\"description\":\"5-monatiger Intensiv Onlinekurs. Mit Thomas H\u00fcbl als Gastreferent in Modul 3. Das I-YOU-WE Training ist ein Prozess, der dir hilft, in Beziehung mit Dir selbst und der Welt Kompetenzen aufzubauen und praktische F\u00e4higkeiten und Methoden zu erlernen f\u00fcr dein t\u00e4gliches Leben und deinen beruflichen Alltag.\",\"breadcrumb\":{\"@id\":\"https:\\\/\\\/thomashuebl.com\\\/de\\\/events\\\/i-you-we-training\\\/#breadcrumb\"},\"inLanguage\":\"de-DE\",\"potentialAction\":[{\"@type\":\"ReadAction\",\"target\":[\"https:\\\/\\\/thomashuebl.com\\\/de\\\/events\\\/i-you-we-training\\\/\"]}]},{\"@type\":\"ImageObject\",\"inLanguage\":\"de-DE\",\"@id\":\"https:\\\/\\\/thomashuebl.com\\\/de\\\/events\\\/i-you-we-training\\\/#primaryimage\",\"url\":\"https:\\\/\\\/thomashuebl.com\\\/wp-content\\\/uploads\\\/2025\\\/11\\\/th-website-event-iyouwe.png\",\"contentUrl\":\"https:\\\/\\\/thomashuebl.com\\\/wp-content\\\/uploads\\\/2025\\\/11\\\/th-website-event-iyouwe.png\",\"width\":1823,\"height\":1013},{\"@type\":\"BreadcrumbList\",\"@id\":\"https:\\\/\\\/thomashuebl.com\\\/de\\\/events\\\/i-you-we-training\\\/#breadcrumb\",\"itemListElement\":[{\"@type\":\"ListItem\",\"position\":1,\"name\":\"Home\",\"item\":\"https:\\\/\\\/thomashuebl.com\\\/de\\\/\"},{\"@type\":\"ListItem\",\"position\":2,\"name\":\"Veranstaltungen\",\"item\":\"https:\\\/\\\/thomashuebl.com\\\/de\\\/events\\\/\"},{\"@type\":\"ListItem\",\"position\":3,\"name\":\"I-YOU-WE Training\"}]},{\"@type\":\"WebSite\",\"@id\":\"https:\\\/\\\/thomashuebl.com\\\/de\\\/#website\",\"url\":\"https:\\\/\\\/thomashuebl.com\\\/de\\\/\",\"name\":\"Thomas Huebl\",\"description\":\"\",\"publisher\":{\"@id\":\"https:\\\/\\\/thomashuebl.com\\\/de\\\/#organization\"},\"potentialAction\":[{\"@type\":\"SearchAction\",\"target\":{\"@type\":\"EntryPoint\",\"urlTemplate\":\"https:\\\/\\\/thomashuebl.com\\\/de\\\/?s={search_term_string}\"},\"query-input\":{\"@type\":\"PropertyValueSpecification\",\"valueRequired\":true,\"valueName\":\"search_term_string\"}}],\"inLanguage\":\"de-DE\"},{\"@type\":\"Organization\",\"@id\":\"https:\\\/\\\/thomashuebl.com\\\/de\\\/#organization\",\"name\":\"Thomas Huebl\",\"url\":\"https:\\\/\\\/thomashuebl.com\\\/de\\\/\",\"logo\":{\"@type\":\"ImageObject\",\"inLanguage\":\"de-DE\",\"@id\":\"https:\\\/\\\/thomashuebl.com\\\/de\\\/#\\\/schema\\\/logo\\\/image\\\/\",\"url\":\"https:\\\/\\\/thomashuebl.com\\\/wp-content\\\/uploads\\\/2023\\\/08\\\/thomashueblpl_03-1.jpg\",\"contentUrl\":\"https:\\\/\\\/thomashuebl.com\\\/wp-content\\\/uploads\\\/2023\\\/08\\\/thomashueblpl_03-1.jpg\",\"width\":1200,\"height\":630,\"caption\":\"Thomas Huebl\"},\"image\":{\"@id\":\"https:\\\/\\\/thomashuebl.com\\\/de\\\/#\\\/schema\\\/logo\\\/image\\\/\"},\"sameAs\":[\"https:\\\/\\\/www.facebook.com\\\/Thomas.Huebl.Sangha\\\/\",\"https:\\\/\\\/x.com\\\/thomasHuebl\",\"https:\\\/\\\/www.youtube.com\\\/user\\\/thomashuebl\",\"https:\\\/\\\/www.instagram.com\\\/thomashuebl\\\/\"]}]}<\/script>\n<!-- \/ Yoast SEO plugin. -->","yoast_head_json":{"title":"I-YOU-WE Training - Thomas Huebl","description":"5-monatiger Intensiv Onlinekurs. Mit Thomas H\u00fcbl als Gastreferent in Modul 3. Das I-YOU-WE Training ist ein Prozess, der dir hilft, in Beziehung mit Dir selbst und der Welt Kompetenzen aufzubauen und praktische F\u00e4higkeiten und Methoden zu erlernen f\u00fcr dein t\u00e4gliches Leben und deinen beruflichen Alltag.","robots":{"index":"index","follow":"follow","max-snippet":"max-snippet:-1","max-image-preview":"max-image-preview:large","max-video-preview":"max-video-preview:-1"},"canonical":"https:\/\/thomashuebl.com\/de\/events\/i-you-we-training\/","og_locale":"de_DE","og_type":"article","og_title":"I-YOU-WE Training - Thomas Huebl","og_description":"5-monatiger Intensiv Onlinekurs. Mit Thomas H\u00fcbl als Gastreferent in Modul 3. Das I-YOU-WE Training ist ein Prozess, der dir hilft, in Beziehung mit Dir selbst und der Welt Kompetenzen aufzubauen und praktische F\u00e4higkeiten und Methoden zu erlernen f\u00fcr dein t\u00e4gliches Leben und deinen beruflichen Alltag.","og_url":"https:\/\/thomashuebl.com\/de\/events\/i-you-we-training\/","og_site_name":"Thomas Huebl","article_publisher":"https:\/\/www.facebook.com\/Thomas.Huebl.Sangha\/","article_modified_time":"2025-11-27T12:18:37+00:00","og_image":[{"width":1823,"height":1013,"url":"https:\/\/thomashuebl.com\/wp-content\/uploads\/2025\/11\/th-website-event-iyouwe.png","type":"image\/png"}],"twitter_card":"summary_large_image","twitter_site":"@thomasHuebl","twitter_misc":{"Gesch\u00e4tzte Lesezeit":"1 Minute"},"schema":{"@context":"https:\/\/schema.org","@graph":[{"@type":"WebPage","@id":"https:\/\/thomashuebl.com\/de\/events\/i-you-we-training\/","url":"https:\/\/thomashuebl.com\/de\/events\/i-you-we-training\/","name":"I-YOU-WE Training - Thomas Huebl","isPartOf":{"@id":"https:\/\/thomashuebl.com\/de\/#website"},"primaryImageOfPage":{"@id":"https:\/\/thomashuebl.com\/de\/events\/i-you-we-training\/#primaryimage"},"image":{"@id":"https:\/\/thomashuebl.com\/de\/events\/i-you-we-training\/#primaryimage"},"thumbnailUrl":"https:\/\/thomashuebl.com\/wp-content\/uploads\/2025\/11\/th-website-event-iyouwe.png","datePublished":"2025-11-18T11:21:22+00:00","dateModified":"2025-11-27T12:18:37+00:00","description":"5-monatiger Intensiv Onlinekurs. Mit Thomas H\u00fcbl als Gastreferent in Modul 3. Das I-YOU-WE Training ist ein Prozess, der dir hilft, in Beziehung mit Dir selbst und der Welt Kompetenzen aufzubauen und praktische F\u00e4higkeiten und Methoden zu erlernen f\u00fcr dein t\u00e4gliches Leben und deinen beruflichen Alltag.","breadcrumb":{"@id":"https:\/\/thomashuebl.com\/de\/events\/i-you-we-training\/#breadcrumb"},"inLanguage":"de-DE","potentialAction":[{"@type":"ReadAction","target":["https:\/\/thomashuebl.com\/de\/events\/i-you-we-training\/"]}]},{"@type":"ImageObject","inLanguage":"de-DE","@id":"https:\/\/thomashuebl.com\/de\/events\/i-you-we-training\/#primaryimage","url":"https:\/\/thomashuebl.com\/wp-content\/uploads\/2025\/11\/th-website-event-iyouwe.png","contentUrl":"https:\/\/thomashuebl.com\/wp-content\/uploads\/2025\/11\/th-website-event-iyouwe.png","width":1823,"height":1013},{"@type":"BreadcrumbList","@id":"https:\/\/thomashuebl.com\/de\/events\/i-you-we-training\/#breadcrumb","itemListElement":[{"@type":"ListItem","position":1,"name":"Home","item":"https:\/\/thomashuebl.com\/de\/"},{"@type":"ListItem","position":2,"name":"Veranstaltungen","item":"https:\/\/thomashuebl.com\/de\/events\/"},{"@type":"ListItem","position":3,"name":"I-YOU-WE Training"}]},{"@type":"WebSite","@id":"https:\/\/thomashuebl.com\/de\/#website","url":"https:\/\/thomashuebl.com\/de\/","name":"Thomas Huebl","description":"","publisher":{"@id":"https:\/\/thomashuebl.com\/de\/#organization"},"potentialAction":[{"@type":"SearchAction","target":{"@type":"EntryPoint","urlTemplate":"https:\/\/thomashuebl.com\/de\/?s={search_term_string}"},"query-input":{"@type":"PropertyValueSpecification","valueRequired":true,"valueName":"search_term_string"}}],"inLanguage":"de-DE"},{"@type":"Organization","@id":"https:\/\/thomashuebl.com\/de\/#organization","name":"Thomas Huebl","url":"https:\/\/thomashuebl.com\/de\/","logo":{"@type":"ImageObject","inLanguage":"de-DE","@id":"https:\/\/thomashuebl.com\/de\/#\/schema\/logo\/image\/","url":"https:\/\/thomashuebl.com\/wp-content\/uploads\/2023\/08\/thomashueblpl_03-1.jpg","contentUrl":"https:\/\/thomashuebl.com\/wp-content\/uploads\/2023\/08\/thomashueblpl_03-1.jpg","width":1200,"height":630,"caption":"Thomas Huebl"},"image":{"@id":"https:\/\/thomashuebl.com\/de\/#\/schema\/logo\/image\/"},"sameAs":["https:\/\/www.facebook.com\/Thomas.Huebl.Sangha\/","https:\/\/x.com\/thomasHuebl","https:\/\/www.youtube.com\/user\/thomashuebl","https:\/\/www.instagram.com\/thomashuebl\/"]}]}},"_links":{"self":[{"href":"https:\/\/thomashuebl.com\/de\/wp-json\/wp\/v2\/mec-events\/6236","targetHints":{"allow":["GET"]}}],"collection":[{"href":"https:\/\/thomashuebl.com\/de\/wp-json\/wp\/v2\/mec-events"}],"about":[{"href":"https:\/\/thomashuebl.com\/de\/wp-json\/wp\/v2\/types\/mec-events"}],"author":[{"embeddable":true,"href":"https:\/\/thomashuebl.com\/de\/wp-json\/wp\/v2\/users\/13"}],"replies":[{"embeddable":true,"href":"https:\/\/thomashuebl.com\/de\/wp-json\/wp\/v2\/comments?post=6236"}],"version-history":[{"count":0,"href":"https:\/\/thomashuebl.com\/de\/wp-json\/wp\/v2\/mec-events\/6236\/revisions"}],"wp:featuredmedia":[{"embeddable":true,"href":"https:\/\/thomashuebl.com\/de\/wp-json\/wp\/v2\/media\/6240"}],"wp:attachment":[{"href":"https:\/\/thomashuebl.com\/de\/wp-json\/wp\/v2\/media?parent=6236"}],"wp:term":[{"taxonomy":"post_tag","embeddable":true,"href":"https:\/\/thomashuebl.com\/de\/wp-json\/wp\/v2\/tags?post=6236"},{"taxonomy":"mec_category","embeddable":true,"href":"https:\/\/thomashuebl.com\/de\/wp-json\/wp\/v2\/mec_category?post=6236"},{"taxonomy":"mec_speaker","embeddable":true,"href":"https:\/\/thomashuebl.com\/de\/wp-json\/wp\/v2\/mec_speaker?post=6236"}],"curies":[{"name":"wp","href":"https:\/\/api.w.org\/{rel}","templated":true}]}}