{"id":5305,"date":"2025-03-18T01:08:58","date_gmt":"2025-03-18T08:08:58","guid":{"rendered":"https:\/\/thomashuebl.com\/?post_type=mec-events&#038;p=5305"},"modified":"2025-09-17T01:44:34","modified_gmt":"2025-09-17T08:44:34","slug":"stille-retreat-2025","status":"publish","type":"mec-events","link":"https:\/\/thomashuebl.com\/de\/events\/stille-retreat-2025\/","title":{"rendered":"Stille-Retreat 2025"},"content":{"rendered":"\t\t<div data-elementor-type=\"wp-post\" data-elementor-id=\"5305\" class=\"elementor elementor-5305\" data-elementor-post-type=\"mec-events\">\n\t\t\t\t\t\t<section class=\"elementor-section elementor-top-section elementor-element elementor-element-d3d1745 elementor-section-boxed elementor-section-height-default elementor-section-height-default\" data-id=\"d3d1745\" data-element_type=\"section\" data-e-type=\"section\">\n\t\t\t\t\t\t<div class=\"elementor-container elementor-column-gap-default\">\n\t\t\t\t\t<div class=\"elementor-column elementor-col-100 elementor-top-column elementor-element elementor-element-0650ced\" data-id=\"0650ced\" data-element_type=\"column\" data-e-type=\"column\">\n\t\t\t<div class=\"elementor-widget-wrap elementor-element-populated\">\n\t\t\t\t\t\t<div class=\"elementor-element elementor-element-f17f391 elementor-widget elementor-widget-spacer\" data-id=\"f17f391\" data-element_type=\"widget\" data-e-type=\"widget\" data-widget_type=\"spacer.default\">\n\t\t\t\t<div class=\"elementor-widget-container\">\n\t\t\t\t\t\t\t<div class=\"elementor-spacer\">\n\t\t\t<div class=\"elementor-spacer-inner\"><\/div>\n\t\t<\/div>\n\t\t\t\t\t\t<\/div>\n\t\t\t\t<\/div>\n\t\t\t\t<div class=\"elementor-element elementor-element-942250a elementor-widget elementor-widget-heading\" data-id=\"942250a\" data-element_type=\"widget\" data-e-type=\"widget\" data-widget_type=\"heading.default\">\n\t\t\t\t<div class=\"elementor-widget-container\">\n\t\t\t\t\t<h3 class=\"elementor-heading-title elementor-size-default\">Eine Woche tiefe Einkehr &amp; spirituelle Reife\n<\/h3>\t\t\t\t<\/div>\n\t\t\t\t<\/div>\n\t\t\t\t<div class=\"elementor-element elementor-element-7c9e17a elementor-widget elementor-widget-spacer\" data-id=\"7c9e17a\" data-element_type=\"widget\" data-e-type=\"widget\" data-widget_type=\"spacer.default\">\n\t\t\t\t<div class=\"elementor-widget-container\">\n\t\t\t\t\t\t\t<div class=\"elementor-spacer\">\n\t\t\t<div class=\"elementor-spacer-inner\"><\/div>\n\t\t<\/div>\n\t\t\t\t\t\t<\/div>\n\t\t\t\t<\/div>\n\t\t\t\t<div class=\"elementor-element elementor-element-59f858f elementor-widget elementor-widget-text-editor\" data-id=\"59f858f\" data-element_type=\"widget\" data-e-type=\"widget\" data-widget_type=\"text-editor.default\">\n\t\t\t\t<div class=\"elementor-widget-container\">\n\t\t\t\t\t\t\t\t\t<p><span style=\"font-weight: 400;\">Meditation ist heute mehr denn je eine Basis f\u00fcr ein bewusstes Leben. F\u00fcr immer mehr Menschen, die an Entwicklung, sowohl individuell, kulturell als auch gesellschaftlich interessiert sind, ist die j\u00e4hrliche Teilnahme an einem Meditationsretreat eine wichtige Unterst\u00fctzung zur Erlangung von spiritueller Reife geworden.\u00a0<\/span><\/p><p><span style=\"font-weight: 400;\">Unser Leben wird schneller und schneller, herausfordernder und komplexer; Nachrichten von Krisen nehmen mehr Raum und Zeit ein. Umso mehr macht es Sinn zu entschleunigen und die Meditationspraxis zu vertiefen. Erg\u00e4nzend zur Meditation haben wir kontemplative Elemente in das Retreat eingebaut. Sie bewirken eine weniger getrennte Erfahrung von Innen und Au\u00dfen, vom inneren Selbst und den Objekten der Welt. Letztendlich entspringt alles der einen Quelle.<\/span><\/p><p><span style=\"font-weight: 400;\">In unruhigen Zeiten kommt unser Vertrauen in bew\u00e4hrte soziale Systeme oder Institutionen und sogar in unsere Beziehungen ins Wanken und viele werden \u00e4ngstlich und unsicher.\u00a0<\/span><\/p><p><span style=\"font-weight: 400;\">Wir brauchen umso mehr die R\u00fcckverbindung in ein Vertrauen, das uns zu jeder Zeit tr\u00e4gt.\u00a0<\/span><\/p><p><span style=\"font-weight: 400;\">Eine Woche Auszeit von \u00e4u\u00dferen Informationen, wie Nachrichten oder Social Media schafft wieder mehr inneren Raum und l\u00e4sst vor allem die Gedanken zur Ruhe kommen. Dadurch gewinnen wir wieder Klarheit f\u00fcr das, was jetzt im Leben ansteht, was aktuell wichtig ist f\u00fcr mich selbst, meine Beziehungen und meine Wirksamkeit in der Welt.\u00a0 <\/span><\/p>\t\t\t\t\t\t\t\t<\/div>\n\t\t\t\t<\/div>\n\t\t\t\t<div class=\"elementor-element elementor-element-09e1213 elementor-widget elementor-widget-spacer\" data-id=\"09e1213\" data-element_type=\"widget\" data-e-type=\"widget\" data-widget_type=\"spacer.default\">\n\t\t\t\t<div class=\"elementor-widget-container\">\n\t\t\t\t\t\t\t<div class=\"elementor-spacer\">\n\t\t\t<div class=\"elementor-spacer-inner\"><\/div>\n\t\t<\/div>\n\t\t\t\t\t\t<\/div>\n\t\t\t\t<\/div>\n\t\t\t\t<div class=\"elementor-element elementor-element-42cf7fe elementor-widget elementor-widget-button\" data-id=\"42cf7fe\" data-element_type=\"widget\" data-e-type=\"widget\" data-widget_type=\"button.default\">\n\t\t\t\t<div class=\"elementor-widget-container\">\n\t\t\t\t\t\t\t\t\t<div class=\"elementor-button-wrapper\">\n\t\t\t\t\t<a class=\"elementor-button elementor-button-link elementor-size-sm\" href=\"https:\/\/registration.thomashuebl.com\/produkt\/stille-retreat-oktober-2025\" target=\"_blank\">\n\t\t\t\t\t\t<span class=\"elementor-button-content-wrapper\">\n\t\t\t\t\t\t\t\t\t<span class=\"elementor-button-text\">jetzt anmelden<\/span>\n\t\t\t\t\t<\/span>\n\t\t\t\t\t<\/a>\n\t\t\t\t<\/div>\n\t\t\t\t\t\t\t\t<\/div>\n\t\t\t\t<\/div>\n\t\t\t\t<div class=\"elementor-element elementor-element-b3a29b2 elementor-widget elementor-widget-spacer\" data-id=\"b3a29b2\" data-element_type=\"widget\" data-e-type=\"widget\" data-widget_type=\"spacer.default\">\n\t\t\t\t<div class=\"elementor-widget-container\">\n\t\t\t\t\t\t\t<div class=\"elementor-spacer\">\n\t\t\t<div class=\"elementor-spacer-inner\"><\/div>\n\t\t<\/div>\n\t\t\t\t\t\t<\/div>\n\t\t\t\t<\/div>\n\t\t\t\t<div class=\"elementor-element elementor-element-4c9ea0b elementor-widget elementor-widget-heading\" data-id=\"4c9ea0b\" data-element_type=\"widget\" data-e-type=\"widget\" data-widget_type=\"heading.default\">\n\t\t\t\t<div class=\"elementor-widget-container\">\n\t\t\t\t\t<h3 class=\"elementor-heading-title elementor-size-default\">Was dich erwartet\n<\/h3>\t\t\t\t<\/div>\n\t\t\t\t<\/div>\n\t\t\t\t<div class=\"elementor-element elementor-element-ae886f4 elementor-widget elementor-widget-spacer\" data-id=\"ae886f4\" data-element_type=\"widget\" data-e-type=\"widget\" data-widget_type=\"spacer.default\">\n\t\t\t\t<div class=\"elementor-widget-container\">\n\t\t\t\t\t\t\t<div class=\"elementor-spacer\">\n\t\t\t<div class=\"elementor-spacer-inner\"><\/div>\n\t\t<\/div>\n\t\t\t\t\t\t<\/div>\n\t\t\t\t<\/div>\n\t\t\t\t<div class=\"elementor-element elementor-element-c41ae8b elementor-widget elementor-widget-text-editor\" data-id=\"c41ae8b\" data-element_type=\"widget\" data-e-type=\"widget\" data-widget_type=\"text-editor.default\">\n\t\t\t\t<div class=\"elementor-widget-container\">\n\t\t\t\t\t\t\t\t\t<ul><li style=\"font-weight: 400;\" aria-level=\"1\"><b>Meditationen im Sitzen und Gehen<\/b><span style=\"font-weight: 400;\"> \u2013 Erlebe bewusstes Atmen, achtsame Pr\u00e4senz und sch\u00f6pfe neue Kraft.<\/span><\/li><li style=\"font-weight: 400;\" aria-level=\"1\"><b>Gef\u00fchrte Meditationen<\/b><span style=\"font-weight: 400;\"> \u2013 Begegne dir selbst auf einer tiefen, intimen Ebene.<\/span><\/li><li style=\"font-weight: 400;\" aria-level=\"1\"><b>Objektbezogene Kontemplation &amp; meditatives Schreiben<\/b><span style=\"font-weight: 400;\"> \u2013 F\u00f6rdere deine Selbstreflexion und innere Klarheit.<\/span><\/li><li style=\"font-weight: 400;\" aria-level=\"1\"><b>Digital Detox &amp; Entschleunigung<\/b><span style=\"font-weight: 400;\"> \u2013 Kein Social Media, keine Nachrichten \u2013 schaffe Raum f\u00fcr innere Stille.<\/span><\/li><li style=\"font-weight: 400;\" aria-level=\"1\"><b>Professionelle Begleitung<\/b><span style=\"font-weight: 400;\"> \u2013 Erfahrene Lehrer:innen f\u00fchren dich achtsam durch deinen Prozess.<\/span><\/li><li style=\"font-weight: 400;\" aria-level=\"1\"><b style=\"font-style: inherit; color: var( --e-global-color-text ); font-family: var( --e-global-typography-text-font-family ), Sans-serif;\">Naturverbundenheit<\/b><span style=\"font-size: 18px; font-weight: 400; color: var( --e-global-color-text ); font-family: var( --e-global-typography-text-font-family ), Sans-serif;\"> \u2013 Die Sch\u00f6nheit und Ruhe der Natur unterst\u00fctzen deine Transformation.<\/span><\/li><\/ul>\t\t\t\t\t\t\t\t<\/div>\n\t\t\t\t<\/div>\n\t\t\t\t<div class=\"elementor-element elementor-element-d0f5ace elementor-widget elementor-widget-spacer\" data-id=\"d0f5ace\" data-element_type=\"widget\" data-e-type=\"widget\" data-widget_type=\"spacer.default\">\n\t\t\t\t<div class=\"elementor-widget-container\">\n\t\t\t\t\t\t\t<div class=\"elementor-spacer\">\n\t\t\t<div class=\"elementor-spacer-inner\"><\/div>\n\t\t<\/div>\n\t\t\t\t\t\t<\/div>\n\t\t\t\t<\/div>\n\t\t\t\t<div class=\"elementor-element elementor-element-6762e90 elementor-widget elementor-widget-heading\" data-id=\"6762e90\" data-element_type=\"widget\" data-e-type=\"widget\" data-widget_type=\"heading.default\">\n\t\t\t\t<div class=\"elementor-widget-container\">\n\t\t\t\t\t<h3 class=\"elementor-heading-title elementor-size-default\">Tagesstruktur<\/h3>\t\t\t\t<\/div>\n\t\t\t\t<\/div>\n\t\t\t\t<div class=\"elementor-element elementor-element-58d76d6 elementor-widget elementor-widget-spacer\" data-id=\"58d76d6\" data-element_type=\"widget\" data-e-type=\"widget\" data-widget_type=\"spacer.default\">\n\t\t\t\t<div class=\"elementor-widget-container\">\n\t\t\t\t\t\t\t<div class=\"elementor-spacer\">\n\t\t\t<div class=\"elementor-spacer-inner\"><\/div>\n\t\t<\/div>\n\t\t\t\t\t\t<\/div>\n\t\t\t\t<\/div>\n\t\t\t\t<div class=\"elementor-element elementor-element-ed71c06 elementor-widget elementor-widget-image\" data-id=\"ed71c06\" data-element_type=\"widget\" data-e-type=\"widget\" data-widget_type=\"image.default\">\n\t\t\t\t<div class=\"elementor-widget-container\">\n\t\t\t\t\t\t\t\t\t\t\t\t\t\t\t<img fetchpriority=\"high\" decoding=\"async\" width=\"1024\" height=\"539\" src=\"https:\/\/thomashuebl.com\/wp-content\/uploads\/2025\/03\/timetable-deutsch-1024x539.jpg\" class=\"attachment-large size-large wp-image-5434\" alt=\"\" srcset=\"https:\/\/thomashuebl.com\/wp-content\/uploads\/2025\/03\/timetable-deutsch-1024x539.jpg 1024w, https:\/\/thomashuebl.com\/wp-content\/uploads\/2025\/03\/timetable-deutsch-300x158.jpg 300w, https:\/\/thomashuebl.com\/wp-content\/uploads\/2025\/03\/timetable-deutsch-768x404.jpg 768w, https:\/\/thomashuebl.com\/wp-content\/uploads\/2025\/03\/timetable-deutsch-1536x808.jpg 1536w, https:\/\/thomashuebl.com\/wp-content\/uploads\/2025\/03\/timetable-deutsch.jpg 2026w\" sizes=\"(max-width: 1024px) 100vw, 1024px\" \/>\t\t\t\t\t\t\t\t\t\t\t\t\t\t\t<\/div>\n\t\t\t\t<\/div>\n\t\t\t\t<div class=\"elementor-element elementor-element-7669e84 elementor-widget elementor-widget-spacer\" data-id=\"7669e84\" data-element_type=\"widget\" data-e-type=\"widget\" data-widget_type=\"spacer.default\">\n\t\t\t\t<div class=\"elementor-widget-container\">\n\t\t\t\t\t\t\t<div class=\"elementor-spacer\">\n\t\t\t<div class=\"elementor-spacer-inner\"><\/div>\n\t\t<\/div>\n\t\t\t\t\t\t<\/div>\n\t\t\t\t<\/div>\n\t\t\t\t<div class=\"elementor-element elementor-element-613fa79 elementor-widget elementor-widget-heading\" data-id=\"613fa79\" data-element_type=\"widget\" data-e-type=\"widget\" data-widget_type=\"heading.default\">\n\t\t\t\t<div class=\"elementor-widget-container\">\n\t\t\t\t\t<h3 class=\"elementor-heading-title elementor-size-default\">Veranstaltungsort: Seminarzentrum Windlicht\n<\/h3>\t\t\t\t<\/div>\n\t\t\t\t<\/div>\n\t\t\t\t<div class=\"elementor-element elementor-element-ad74c47 elementor-widget elementor-widget-spacer\" data-id=\"ad74c47\" data-element_type=\"widget\" data-e-type=\"widget\" data-widget_type=\"spacer.default\">\n\t\t\t\t<div class=\"elementor-widget-container\">\n\t\t\t\t\t\t\t<div class=\"elementor-spacer\">\n\t\t\t<div class=\"elementor-spacer-inner\"><\/div>\n\t\t<\/div>\n\t\t\t\t\t\t<\/div>\n\t\t\t\t<\/div>\n\t\t\t\t<div class=\"elementor-element elementor-element-7f880e0 elementor-widget elementor-widget-text-editor\" data-id=\"7f880e0\" data-element_type=\"widget\" data-e-type=\"widget\" data-widget_type=\"text-editor.default\">\n\t\t\t\t<div class=\"elementor-widget-container\">\n\t\t\t\t\t\t\t\t\t<p data-start=\"46\" data-end=\"377\">Das Retreat findet an einem besonderen Ort mitten in Deutschland statt \u2013 nur f\u00fcnf Minuten von der A71 entfernt und doch in einer anderen Welt. Eingebettet zwischen der Weite des Erfurter Beckens und dem Naturschutzgebiet Hohe Schrecke, liegt das <a href=\"https:\/\/windlicht.amwindberg.de\/\"><b>Seminarzentrum Windlicht<\/b><\/a>: ein lebendiger Kraftort mit vielf\u00e4ltiger Natur und stillen R\u00fcckzugsorten.<\/p><p data-start=\"46\" data-end=\"377\"><span style=\"font-size: 18px;\">Hier, in unserem \u201eTal der Stille\u201c, einem ehemaligen Waldschwimmbad, leben Schafe, spielen Kinder \u2013 und zwischen uralten Buchen, einer 400-j\u00e4hrigen Esskastanie und verwunschenen Bl\u00fchinseln findest du Raum zum Ankommen.\u00a0<\/span><\/p><ul><li style=\"font-weight: 400;\" aria-level=\"1\"><b>Abgeschiedene Lage<\/b><span style=\"font-weight: 400;\"> \u2013 Kein L\u00e4rm, nur Natur &amp; Stille.<\/span><\/li><li style=\"font-weight: 400;\" aria-level=\"1\"><b>Nachhaltige &amp; vegetarische K\u00fcche<\/b><span style=\"font-weight: 400;\"> \u2013 Gesunde, liebevoll zubereitete Mahlzeiten.<\/span><\/li><li style=\"font-weight: 400;\" aria-level=\"1\"><b>Liebevoll gestaltete Seminarr\u00e4ume &amp; gem\u00fctliche Unterk\u00fcnfte<\/b><span style=\"font-weight: 400;\"> \u2013 Ein idealer R\u00fcckzugsort.<\/span><\/li><li style=\"font-weight: 400;\" aria-level=\"1\"><b>Direkter Zugang zur Natur<\/b><span style=\"font-weight: 400;\"> \u2013 F\u00fcr tiefe Erdung und innere Balance.<\/span><\/li><\/ul>\t\t\t\t\t\t\t\t<\/div>\n\t\t\t\t<\/div>\n\t\t\t\t<div class=\"elementor-element elementor-element-3868da1 elementor-widget elementor-widget-spacer\" data-id=\"3868da1\" data-element_type=\"widget\" data-e-type=\"widget\" data-widget_type=\"spacer.default\">\n\t\t\t\t<div class=\"elementor-widget-container\">\n\t\t\t\t\t\t\t<div class=\"elementor-spacer\">\n\t\t\t<div class=\"elementor-spacer-inner\"><\/div>\n\t\t<\/div>\n\t\t\t\t\t\t<\/div>\n\t\t\t\t<\/div>\n\t\t\t\t<div class=\"elementor-element elementor-element-fdca154 elementor-arrows-position-inside elementor-pagination-position-outside elementor-widget elementor-widget-image-carousel\" data-id=\"fdca154\" data-element_type=\"widget\" data-e-type=\"widget\" data-settings=\"{&quot;image_spacing_custom&quot;:{&quot;unit&quot;:&quot;px&quot;,&quot;size&quot;:30,&quot;sizes&quot;:[]},&quot;navigation&quot;:&quot;both&quot;,&quot;autoplay&quot;:&quot;yes&quot;,&quot;pause_on_hover&quot;:&quot;yes&quot;,&quot;pause_on_interaction&quot;:&quot;yes&quot;,&quot;autoplay_speed&quot;:5000,&quot;infinite&quot;:&quot;yes&quot;,&quot;speed&quot;:500,&quot;image_spacing_custom_tablet&quot;:{&quot;unit&quot;:&quot;px&quot;,&quot;size&quot;:&quot;&quot;,&quot;sizes&quot;:[]},&quot;image_spacing_custom_mobile&quot;:{&quot;unit&quot;:&quot;px&quot;,&quot;size&quot;:&quot;&quot;,&quot;sizes&quot;:[]}}\" data-widget_type=\"image-carousel.default\">\n\t\t\t\t<div class=\"elementor-widget-container\">\n\t\t\t\t\t\t\t<div class=\"elementor-image-carousel-wrapper swiper\" role=\"region\" aria-roledescription=\"carousel\" aria-label=\"Bild Karussell\" dir=\"ltr\">\n\t\t\t<div class=\"elementor-image-carousel swiper-wrapper swiper-image-stretch\" aria-live=\"off\">\n\t\t\t\t\t\t\t\t<div class=\"swiper-slide\" role=\"group\" aria-roledescription=\"slide\" aria-label=\"1 von 7\"><figure class=\"swiper-slide-inner\"><img decoding=\"async\" class=\"swiper-slide-image\" src=\"https:\/\/thomashuebl.com\/wp-content\/uploads\/2025\/06\/297bc3_0bb4bea4fc9d4311a4de63f923544bcbmv2-300x300.jpg\" alt=\"297bc3_0bb4bea4fc9d4311a4de63f923544bcb~mv2\" \/><\/figure><\/div><div class=\"swiper-slide\" role=\"group\" aria-roledescription=\"slide\" aria-label=\"2 von 7\"><figure class=\"swiper-slide-inner\"><img decoding=\"async\" class=\"swiper-slide-image\" src=\"https:\/\/thomashuebl.com\/wp-content\/uploads\/2025\/06\/297bc3_3abd4fd0d4af4caa818884b4b8e90925mv2-300x300.jpg\" alt=\"297bc3_3abd4fd0d4af4caa818884b4b8e90925~mv2\" \/><\/figure><\/div><div class=\"swiper-slide\" role=\"group\" aria-roledescription=\"slide\" aria-label=\"3 von 7\"><figure class=\"swiper-slide-inner\"><img decoding=\"async\" class=\"swiper-slide-image\" src=\"https:\/\/thomashuebl.com\/wp-content\/uploads\/2025\/06\/297bc3_878f8f26faef43d299f2d00531934495mv2-300x300.jpg\" alt=\"297bc3_878f8f26faef43d299f2d00531934495~mv2\" \/><\/figure><\/div><div class=\"swiper-slide\" role=\"group\" aria-roledescription=\"slide\" aria-label=\"4 von 7\"><figure class=\"swiper-slide-inner\"><img decoding=\"async\" class=\"swiper-slide-image\" src=\"https:\/\/thomashuebl.com\/wp-content\/uploads\/2025\/06\/297bc3_64923aa4b7b64f38a829a5f8ef5794f0mv2-300x300.jpg\" alt=\"297bc3_64923aa4b7b64f38a829a5f8ef5794f0~mv2\" \/><\/figure><\/div><div class=\"swiper-slide\" role=\"group\" aria-roledescription=\"slide\" aria-label=\"5 von 7\"><figure class=\"swiper-slide-inner\"><img decoding=\"async\" class=\"swiper-slide-image\" src=\"https:\/\/thomashuebl.com\/wp-content\/uploads\/2025\/06\/297bc3_6489015e6f144165baac04746c18e140mv2-300x300.jpg\" alt=\"297bc3_6489015e6f144165baac04746c18e140~mv2\" \/><\/figure><\/div><div class=\"swiper-slide\" role=\"group\" aria-roledescription=\"slide\" aria-label=\"6 von 7\"><figure class=\"swiper-slide-inner\"><img decoding=\"async\" class=\"swiper-slide-image\" src=\"https:\/\/thomashuebl.com\/wp-content\/uploads\/2025\/06\/297bc3_b87e3200b26744db936bdb7254053490mv2-300x300.jpg\" alt=\"297bc3_b87e3200b26744db936bdb7254053490~mv2\" \/><\/figure><\/div><div class=\"swiper-slide\" role=\"group\" aria-roledescription=\"slide\" aria-label=\"7 von 7\"><figure class=\"swiper-slide-inner\"><img decoding=\"async\" class=\"swiper-slide-image\" src=\"https:\/\/thomashuebl.com\/wp-content\/uploads\/2025\/06\/297bc3_c3ed29bff5b447d382dc85aa63c5ecbemv2-300x300.jpg\" alt=\"297bc3_c3ed29bff5b447d382dc85aa63c5ecbe~mv2\" \/><\/figure><\/div>\t\t\t<\/div>\n\t\t\t\t\t\t\t\t\t\t\t\t<div class=\"elementor-swiper-button elementor-swiper-button-prev\" role=\"button\" tabindex=\"0\">\n\t\t\t\t\t\t<svg aria-hidden=\"true\" class=\"e-font-icon-svg e-eicon-chevron-left\" viewBox=\"0 0 1000 1000\" xmlns=\"http:\/\/www.w3.org\/2000\/svg\"><path d=\"M646 125C629 125 613 133 604 142L308 442C296 454 292 471 292 487 292 504 296 521 308 533L604 854C617 867 629 875 646 875 663 875 679 871 692 858 704 846 713 829 713 812 713 796 708 779 692 767L438 487 692 225C700 217 708 204 708 187 708 171 704 154 692 142 675 129 663 125 646 125Z\"><\/path><\/svg>\t\t\t\t\t<\/div>\n\t\t\t\t\t<div class=\"elementor-swiper-button elementor-swiper-button-next\" role=\"button\" tabindex=\"0\">\n\t\t\t\t\t\t<svg aria-hidden=\"true\" class=\"e-font-icon-svg e-eicon-chevron-right\" viewBox=\"0 0 1000 1000\" xmlns=\"http:\/\/www.w3.org\/2000\/svg\"><path d=\"M696 533C708 521 713 504 713 487 713 471 708 454 696 446L400 146C388 133 375 125 354 125 338 125 325 129 313 142 300 154 292 171 292 187 292 204 296 221 308 233L563 492 304 771C292 783 288 800 288 817 288 833 296 850 308 863 321 871 338 875 354 875 371 875 388 867 400 854L696 533Z\"><\/path><\/svg>\t\t\t\t\t<\/div>\n\t\t\t\t\n\t\t\t\t\t\t\t\t\t<div class=\"swiper-pagination\"><\/div>\n\t\t\t\t\t\t\t\t\t<\/div>\n\t\t\t\t\t\t<\/div>\n\t\t\t\t<\/div>\n\t\t\t\t<div class=\"elementor-element elementor-element-810e318 elementor-widget elementor-widget-spacer\" data-id=\"810e318\" data-element_type=\"widget\" data-e-type=\"widget\" data-widget_type=\"spacer.default\">\n\t\t\t\t<div class=\"elementor-widget-container\">\n\t\t\t\t\t\t\t<div class=\"elementor-spacer\">\n\t\t\t<div class=\"elementor-spacer-inner\"><\/div>\n\t\t<\/div>\n\t\t\t\t\t\t<\/div>\n\t\t\t\t<\/div>\n\t\t\t\t<div class=\"elementor-element elementor-element-7fbd29e elementor-widget elementor-widget-heading\" data-id=\"7fbd29e\" data-element_type=\"widget\" data-e-type=\"widget\" data-widget_type=\"heading.default\">\n\t\t\t\t<div class=\"elementor-widget-container\">\n\t\t\t\t\t<h3 class=\"elementor-heading-title elementor-size-default\">Leitungsteam: Susanne Ahlendorf &amp; Martin Bruders\n<\/h3>\t\t\t\t<\/div>\n\t\t\t\t<\/div>\n\t\t\t\t<div class=\"elementor-element elementor-element-64e2e19 elementor-widget elementor-widget-spacer\" data-id=\"64e2e19\" data-element_type=\"widget\" data-e-type=\"widget\" data-widget_type=\"spacer.default\">\n\t\t\t\t<div class=\"elementor-widget-container\">\n\t\t\t\t\t\t\t<div class=\"elementor-spacer\">\n\t\t\t<div class=\"elementor-spacer-inner\"><\/div>\n\t\t<\/div>\n\t\t\t\t\t\t<\/div>\n\t\t\t\t<\/div>\n\t\t\t\t<section class=\"elementor-section elementor-inner-section elementor-element elementor-element-ea88a9c elementor-section-boxed elementor-section-height-default elementor-section-height-default\" data-id=\"ea88a9c\" data-element_type=\"section\" data-e-type=\"section\">\n\t\t\t\t\t\t<div class=\"elementor-container elementor-column-gap-default\">\n\t\t\t\t\t<div class=\"elementor-column elementor-col-100 elementor-inner-column elementor-element elementor-element-11fd3d4\" data-id=\"11fd3d4\" data-element_type=\"column\" data-e-type=\"column\">\n\t\t\t<div class=\"elementor-widget-wrap elementor-element-populated\">\n\t\t\t\t\t\t<div class=\"elementor-element elementor-element-9459339 elementor-widget elementor-widget-text-editor\" data-id=\"9459339\" data-element_type=\"widget\" data-e-type=\"widget\" data-widget_type=\"text-editor.default\">\n\t\t\t\t<div class=\"elementor-widget-container\">\n\t\t\t\t\t\t\t\t\t<p><span style=\"font-weight: 400;\">Martin Bruders und Susanne Ahlendorf leiten seit 10 Jahren Meditationsretreats. Ihre empathische und eingestimmte Art anzuleiten, ist wie eine spielerische Bewegung zwischen Yin und Yang, die die Teilnehmenden an unterschiedlichen Andockstellen abholt. Sie l\u00e4sst genug Raum f\u00fcr Leichtigkeit, ist trauma-informiert und gibt gleichzeitig Orientierung und Sicherheit, sich einzulassen auf den ganz individuellen Weg der Meditation. Mit Thomas H\u00fcbl verbindet Susanne und Martin seit 18 bzw. 16 Jahren eine enge Sch\u00fclerIn-Lehrer Beziehung. Als Senior Students sind sie an verschiedenen Projekten und Gruppen beteiligt.<\/span><\/p>\t\t\t\t\t\t\t\t<\/div>\n\t\t\t\t<\/div>\n\t\t\t\t\t<\/div>\n\t\t<\/div>\n\t\t\t\t\t<\/div>\n\t\t<\/section>\n\t\t\t\t<div class=\"elementor-element elementor-element-03e6b90 elementor-widget elementor-widget-spacer\" data-id=\"03e6b90\" data-element_type=\"widget\" data-e-type=\"widget\" data-widget_type=\"spacer.default\">\n\t\t\t\t<div class=\"elementor-widget-container\">\n\t\t\t\t\t\t\t<div class=\"elementor-spacer\">\n\t\t\t<div class=\"elementor-spacer-inner\"><\/div>\n\t\t<\/div>\n\t\t\t\t\t\t<\/div>\n\t\t\t\t<\/div>\n\t\t\t\t<div class=\"elementor-element elementor-element-56f9aed elementor-widget elementor-widget-image\" data-id=\"56f9aed\" data-element_type=\"widget\" data-e-type=\"widget\" data-widget_type=\"image.default\">\n\t\t\t\t<div class=\"elementor-widget-container\">\n\t\t\t\t\t\t\t\t\t\t\t\t\t\t\t<img decoding=\"async\" width=\"404\" height=\"277\" src=\"https:\/\/thomashuebl.com\/wp-content\/uploads\/2025\/02\/lms-martin-susanne-small-mobile-1.jpg\" class=\"attachment-full size-full wp-image-5209\" alt=\"\" srcset=\"https:\/\/thomashuebl.com\/wp-content\/uploads\/2025\/02\/lms-martin-susanne-small-mobile-1.jpg 404w, https:\/\/thomashuebl.com\/wp-content\/uploads\/2025\/02\/lms-martin-susanne-small-mobile-1-300x206.jpg 300w\" sizes=\"(max-width: 404px) 100vw, 404px\" \/>\t\t\t\t\t\t\t\t\t\t\t\t\t\t\t<\/div>\n\t\t\t\t<\/div>\n\t\t\t\t<div class=\"elementor-element elementor-element-6fbf3ae elementor-widget elementor-widget-spacer\" data-id=\"6fbf3ae\" data-element_type=\"widget\" data-e-type=\"widget\" data-widget_type=\"spacer.default\">\n\t\t\t\t<div class=\"elementor-widget-container\">\n\t\t\t\t\t\t\t<div class=\"elementor-spacer\">\n\t\t\t<div class=\"elementor-spacer-inner\"><\/div>\n\t\t<\/div>\n\t\t\t\t\t\t<\/div>\n\t\t\t\t<\/div>\n\t\t\t\t<div class=\"elementor-element elementor-element-b34c7c0 elementor-widget elementor-widget-heading\" data-id=\"b34c7c0\" data-element_type=\"widget\" data-e-type=\"widget\" data-widget_type=\"heading.default\">\n\t\t\t\t<div class=\"elementor-widget-container\">\n\t\t\t\t\t<h3 class=\"elementor-heading-title elementor-size-default\">Warum dieses Retreat?\n<\/h3>\t\t\t\t<\/div>\n\t\t\t\t<\/div>\n\t\t\t\t<div class=\"elementor-element elementor-element-74df3d5 elementor-widget elementor-widget-spacer\" data-id=\"74df3d5\" data-element_type=\"widget\" data-e-type=\"widget\" data-widget_type=\"spacer.default\">\n\t\t\t\t<div class=\"elementor-widget-container\">\n\t\t\t\t\t\t\t<div class=\"elementor-spacer\">\n\t\t\t<div class=\"elementor-spacer-inner\"><\/div>\n\t\t<\/div>\n\t\t\t\t\t\t<\/div>\n\t\t\t\t<\/div>\n\t\t\t\t<div class=\"elementor-element elementor-element-58b18a0 elementor-widget elementor-widget-text-editor\" data-id=\"58b18a0\" data-element_type=\"widget\" data-e-type=\"widget\" data-widget_type=\"text-editor.default\">\n\t\t\t\t<div class=\"elementor-widget-container\">\n\t\t\t\t\t\t\t\t\t<ul><li style=\"font-weight: 400;\" aria-level=\"1\"><b>Tiefe Meditationserfahrungen<\/b><span style=\"font-weight: 400;\"> \u2013 Klar gef\u00fchrte Sitz- und Gehmeditationen f\u00fcr mehr Bewusstheit.<\/span><\/li><li style=\"font-weight: 400;\" aria-level=\"1\"><b>Strukturierter Tagesablauf<\/b><span style=\"font-weight: 400;\"> \u2013 Ein klarer Rhythmus unterst\u00fctzt deine Praxis.<\/span><\/li><li style=\"font-weight: 400;\" aria-level=\"1\"><b>Achtsame Begleitung<\/b><span style=\"font-weight: 400;\"> \u2013 Kompetente Anleitung f\u00fcr deinen pers\u00f6nlichen Prozess.<\/span><\/li><li style=\"font-weight: 400;\" aria-level=\"1\"><b>Entschleunigung &amp; Digital Detox<\/b><span style=\"font-weight: 400;\"> \u2013 Lerne, wirklich pr\u00e4sent zu sein.<\/span><\/li><li style=\"font-weight: 400;\" aria-level=\"1\"><b>Heilsame Naturerfahrung<\/b><span style=\"font-weight: 400;\"> \u2013 Stille &amp; Weite als Spiegel deiner inneren Welt.<\/span><\/li><\/ul><div><div>In diesem Video erz\u00e4hlen Susanne und Martin, was sie an der Meditationspraxis so ber\u00fchrt und was die Stille bewirken kann \u2013 f\u00fcr den Einzelnen und f\u00fcr das gemeinsame Feld. Eine Einladung, tiefer zu h\u00f6ren und dich selbst neu zu entdecken.\u00a0<span style=\"font-size: 18px;\">Schau rein, wenn du mehr erfahren m\u00f6chtest.<\/span><\/div><p><span style=\"font-size: 18px;\">\u00a0<\/span><\/p><\/div>\t\t\t\t\t\t\t\t<\/div>\n\t\t\t\t<\/div>\n\t\t\t\t<div class=\"elementor-element elementor-element-cd1d922 elementor-widget elementor-widget-video\" data-id=\"cd1d922\" data-element_type=\"widget\" data-e-type=\"widget\" data-settings=\"{&quot;youtube_url&quot;:&quot;https:\\\/\\\/www.youtube.com\\\/watch?v=56clEc2E4fo&quot;,&quot;video_type&quot;:&quot;youtube&quot;,&quot;controls&quot;:&quot;yes&quot;}\" data-widget_type=\"video.default\">\n\t\t\t\t<div class=\"elementor-widget-container\">\n\t\t\t\t\t\t\t<div class=\"elementor-wrapper elementor-open-inline\">\n\t\t\t<div class=\"elementor-video\"><\/div>\t\t<\/div>\n\t\t\t\t\t\t<\/div>\n\t\t\t\t<\/div>\n\t\t\t\t<div class=\"elementor-element elementor-element-1ba5ccb elementor-widget elementor-widget-spacer\" data-id=\"1ba5ccb\" data-element_type=\"widget\" data-e-type=\"widget\" data-widget_type=\"spacer.default\">\n\t\t\t\t<div class=\"elementor-widget-container\">\n\t\t\t\t\t\t\t<div class=\"elementor-spacer\">\n\t\t\t<div class=\"elementor-spacer-inner\"><\/div>\n\t\t<\/div>\n\t\t\t\t\t\t<\/div>\n\t\t\t\t<\/div>\n\t\t\t\t<div class=\"elementor-element elementor-element-ae0b7bf elementor-widget elementor-widget-heading\" data-id=\"ae0b7bf\" data-element_type=\"widget\" data-e-type=\"widget\" data-widget_type=\"heading.default\">\n\t\t\t\t<div class=\"elementor-widget-container\">\n\t\t\t\t\t<h3 class=\"elementor-heading-title elementor-size-default\">Praktische Infos und Anmeldung \n<\/h3>\t\t\t\t<\/div>\n\t\t\t\t<\/div>\n\t\t\t\t<div class=\"elementor-element elementor-element-e56c3ef elementor-widget elementor-widget-spacer\" data-id=\"e56c3ef\" data-element_type=\"widget\" data-e-type=\"widget\" data-widget_type=\"spacer.default\">\n\t\t\t\t<div class=\"elementor-widget-container\">\n\t\t\t\t\t\t\t<div class=\"elementor-spacer\">\n\t\t\t<div class=\"elementor-spacer-inner\"><\/div>\n\t\t<\/div>\n\t\t\t\t\t\t<\/div>\n\t\t\t\t<\/div>\n\t\t\t\t<div class=\"elementor-element elementor-element-ed76d33 elementor-widget elementor-widget-text-editor\" data-id=\"ed76d33\" data-element_type=\"widget\" data-e-type=\"widget\" data-widget_type=\"text-editor.default\">\n\t\t\t\t<div class=\"elementor-widget-container\">\n\t\t\t\t\t\t\t\t\t<p><b>Datum:<\/b><span style=\"font-weight: 400;\"> Sonntag, 5. Oktober &#8211; Sonntag, 12. Oktober 2025<\/span><\/p><p><b>Uhrzeit:<\/b><span style=\"font-weight: 400;\">\u00a0<\/span><\/p><ul><li style=\"font-weight: 400;\" aria-level=\"1\"><span style=\"font-weight: 400;\">Beginn: 18 Uhr<\/span><\/li><li style=\"font-weight: 400;\" aria-level=\"1\"><span style=\"font-weight: 400;\">Ende: 12.30 Uhr mit anschlie\u00dfendem Mittagessen<\/span><\/li><\/ul><p><b>Ort:<\/b><span style=\"font-weight: 400;\"> Seminarzentrum Windlicht, Am Windberg 1, 99625 K\u00f6lleda OT Beichlingen, <a href=\"https:\/\/windlicht.amwindberg.de\/\">https:\/\/windlicht.amwindberg.de\/<\/a><\/span><\/p><div><p><span style=\"font-size: 18px; font-style: normal; font-weight: 400;\">\u00a0<\/span><\/p><\/div><p><b>Sprache:<\/b><span style=\"font-weight: 400;\"> Deutsch und Englisch\u00a0\u00a0<\/span><\/p><p><b>Teilnahmegeb\u00fchr:<\/b><\/p><ul><li style=\"font-weight: 400;\" aria-level=\"1\"><span style=\"font-weight: 400;\">490\u20ac (plus Unterkunft\/Verpflegung)<\/span><\/li><\/ul><p><b>Zimmerpreise:<\/b><span style=\"font-size: 18px;\">\u00a0<\/span><\/p>\t\t\t\t\t\t\t\t<\/div>\n\t\t\t\t<\/div>\n\t\t\t\t<div class=\"elementor-element elementor-element-080fde6 elementor-widget elementor-widget-spacer\" data-id=\"080fde6\" data-element_type=\"widget\" data-e-type=\"widget\" data-widget_type=\"spacer.default\">\n\t\t\t\t<div class=\"elementor-widget-container\">\n\t\t\t\t\t\t\t<div class=\"elementor-spacer\">\n\t\t\t<div class=\"elementor-spacer-inner\"><\/div>\n\t\t<\/div>\n\t\t\t\t\t\t<\/div>\n\t\t\t\t<\/div>\n\t\t\t\t<div class=\"elementor-element elementor-element-c9bef6c elementor-widget elementor-widget-image\" data-id=\"c9bef6c\" data-element_type=\"widget\" data-e-type=\"widget\" data-widget_type=\"image.default\">\n\t\t\t\t<div class=\"elementor-widget-container\">\n\t\t\t\t\t\t\t\t\t\t\t\t\t\t\t<img decoding=\"async\" width=\"1024\" height=\"387\" src=\"https:\/\/thomashuebl.com\/wp-content\/uploads\/2025\/03\/Preisliste-Unterkunft-und-Verpflegung-1024x387.jpg\" class=\"attachment-large size-large wp-image-5776\" alt=\"\" srcset=\"https:\/\/thomashuebl.com\/wp-content\/uploads\/2025\/03\/Preisliste-Unterkunft-und-Verpflegung-1024x387.jpg 1024w, https:\/\/thomashuebl.com\/wp-content\/uploads\/2025\/03\/Preisliste-Unterkunft-und-Verpflegung-300x113.jpg 300w, https:\/\/thomashuebl.com\/wp-content\/uploads\/2025\/03\/Preisliste-Unterkunft-und-Verpflegung-768x290.jpg 768w, https:\/\/thomashuebl.com\/wp-content\/uploads\/2025\/03\/Preisliste-Unterkunft-und-Verpflegung-1536x580.jpg 1536w, https:\/\/thomashuebl.com\/wp-content\/uploads\/2025\/03\/Preisliste-Unterkunft-und-Verpflegung.jpg 1780w\" sizes=\"(max-width: 1024px) 100vw, 1024px\" \/>\t\t\t\t\t\t\t\t\t\t\t\t\t\t\t<\/div>\n\t\t\t\t<\/div>\n\t\t\t\t<div class=\"elementor-element elementor-element-a7ad8bf elementor-widget elementor-widget-spacer\" data-id=\"a7ad8bf\" data-element_type=\"widget\" data-e-type=\"widget\" data-widget_type=\"spacer.default\">\n\t\t\t\t<div class=\"elementor-widget-container\">\n\t\t\t\t\t\t\t<div class=\"elementor-spacer\">\n\t\t\t<div class=\"elementor-spacer-inner\"><\/div>\n\t\t<\/div>\n\t\t\t\t\t\t<\/div>\n\t\t\t\t<\/div>\n\t\t\t\t<section class=\"elementor-section elementor-inner-section elementor-element elementor-element-937871b elementor-section-boxed elementor-section-height-default elementor-section-height-default\" data-id=\"937871b\" data-element_type=\"section\" data-e-type=\"section\">\n\t\t\t\t\t\t<div class=\"elementor-container elementor-column-gap-default\">\n\t\t\t\t\t<div class=\"elementor-column elementor-col-100 elementor-inner-column elementor-element elementor-element-6ff29b6\" data-id=\"6ff29b6\" data-element_type=\"column\" data-e-type=\"column\">\n\t\t\t<div class=\"elementor-widget-wrap elementor-element-populated\">\n\t\t\t\t\t\t<div class=\"elementor-element elementor-element-e387042 elementor-widget elementor-widget-text-editor\" data-id=\"e387042\" data-element_type=\"widget\" data-e-type=\"widget\" data-widget_type=\"text-editor.default\">\n\t\t\t\t<div class=\"elementor-widget-container\">\n\t\t\t\t\t\t\t\t\t<p><b style=\"color: #ff0000; font-style: inherit;\">Bitte beachte: Ein Zimmer kann erst verbindlich gebucht werden, wenn die Teilnahme am Stille Retreat gebucht wurde! <span style=\"text-decoration: underline;\"><span style=\"color: #ff0000;\"><a style=\"color: #ff0000; text-decoration: underline;\" href=\"https:\/\/booking.seminardesk.de\/de\/amwindberg\/01c5a5f220af4175926001d54af9a856\/stille-retreat-2025\">&gt;&gt;&gt; Hier geht es zur Zimmerreservierung.<\/a><\/span><\/span><\/b><\/p><p><b>Du hast Fragen?<\/b><span style=\"font-weight: 400;\"> Schreibe uns eine E-Mail an <\/span><a href=\"mailto:christiane@thomashuebl.com\"><span style=\"font-weight: 400;\">christiane@thomashuebl.com<\/span><\/a><\/p>\t\t\t\t\t\t\t\t<\/div>\n\t\t\t\t<\/div>\n\t\t\t\t\t<\/div>\n\t\t<\/div>\n\t\t\t\t\t<\/div>\n\t\t<\/section>\n\t\t\t\t<div class=\"elementor-element elementor-element-4fb1773 elementor-widget elementor-widget-spacer\" data-id=\"4fb1773\" data-element_type=\"widget\" data-e-type=\"widget\" data-widget_type=\"spacer.default\">\n\t\t\t\t<div class=\"elementor-widget-container\">\n\t\t\t\t\t\t\t<div class=\"elementor-spacer\">\n\t\t\t<div class=\"elementor-spacer-inner\"><\/div>\n\t\t<\/div>\n\t\t\t\t\t\t<\/div>\n\t\t\t\t<\/div>\n\t\t\t\t<div class=\"elementor-element elementor-element-ef8b53d elementor-widget elementor-widget-heading\" data-id=\"ef8b53d\" data-element_type=\"widget\" data-e-type=\"widget\" data-widget_type=\"heading.default\">\n\t\t\t\t<div class=\"elementor-widget-container\">\n\t\t\t\t\t<h3 class=\"elementor-heading-title elementor-size-default\">Teilnehmerstimmen<\/h3>\t\t\t\t<\/div>\n\t\t\t\t<\/div>\n\t\t\t\t<div class=\"elementor-element elementor-element-3e53b40 elementor-widget elementor-widget-spacer\" data-id=\"3e53b40\" data-element_type=\"widget\" data-e-type=\"widget\" data-widget_type=\"spacer.default\">\n\t\t\t\t<div class=\"elementor-widget-container\">\n\t\t\t\t\t\t\t<div class=\"elementor-spacer\">\n\t\t\t<div class=\"elementor-spacer-inner\"><\/div>\n\t\t<\/div>\n\t\t\t\t\t\t<\/div>\n\t\t\t\t<\/div>\n\t\t\t\t<div class=\"elementor-element elementor-element-af8c1c3 elementor-widget elementor-widget-text-editor\" data-id=\"af8c1c3\" data-element_type=\"widget\" data-e-type=\"widget\" data-widget_type=\"text-editor.default\">\n\t\t\t\t<div class=\"elementor-widget-container\">\n\t\t\t\t\t\t\t\t\t<p><span style=\"font-weight: 400;\">\u201eExtrem einf\u00fchlsame Begleitung durch die Stille. Ich habe mich sicher und gehalten gef\u00fchlt.\u201c<\/span><\/p><p><span style=\"font-weight: 400;\">\u201eDie Struktur des Retreats war perfekt. Der sanfte Einstieg, die tiefgehenden Meditationen \u2013 eine lebensver\u00e4ndernde Erfahrung!\u201c<\/span><\/p><p><span style=\"font-weight: 400;\">\u201eIch h\u00e4tte nie gedacht, dass ich mich in einer Woche so sehr mit mir selbst verbinden kann. Ein Geschenk f\u00fcr die Seele!\u201c<\/span><\/p>\t\t\t\t\t\t\t\t<\/div>\n\t\t\t\t<\/div>\n\t\t\t\t<div class=\"elementor-element elementor-element-8786787 elementor-widget elementor-widget-spacer\" data-id=\"8786787\" data-element_type=\"widget\" data-e-type=\"widget\" data-widget_type=\"spacer.default\">\n\t\t\t\t<div class=\"elementor-widget-container\">\n\t\t\t\t\t\t\t<div class=\"elementor-spacer\">\n\t\t\t<div class=\"elementor-spacer-inner\"><\/div>\n\t\t<\/div>\n\t\t\t\t\t\t<\/div>\n\t\t\t\t<\/div>\n\t\t\t\t<div class=\"elementor-element elementor-element-c8a5824 elementor-widget elementor-widget-button\" data-id=\"c8a5824\" data-element_type=\"widget\" data-e-type=\"widget\" data-widget_type=\"button.default\">\n\t\t\t\t<div class=\"elementor-widget-container\">\n\t\t\t\t\t\t\t\t\t<div class=\"elementor-button-wrapper\">\n\t\t\t\t\t<a class=\"elementor-button elementor-button-link elementor-size-sm\" href=\"https:\/\/registration.thomashuebl.com\/produkt\/stille-retreat-oktober-2025\" target=\"_blank\">\n\t\t\t\t\t\t<span class=\"elementor-button-content-wrapper\">\n\t\t\t\t\t\t\t\t\t<span class=\"elementor-button-text\">jetzt anmelden<\/span>\n\t\t\t\t\t<\/span>\n\t\t\t\t\t<\/a>\n\t\t\t\t<\/div>\n\t\t\t\t\t\t\t\t<\/div>\n\t\t\t\t<\/div>\n\t\t\t\t\t<\/div>\n\t\t<\/div>\n\t\t\t\t\t<\/div>\n\t\t<\/section>\n\t\t\t\t<\/div>\n\t\t","protected":false},"excerpt":{"rendered":"<p>Inmitten der Stille finden wir zur\u00fcck zu innerer Ruhe und Klarheit. Durch Meditation und kontemplative Praxis vertiefen wir die Verbindung zu uns selbst und dem Leben. Ohne \u00e4u\u00dfere Ablenkung entsteht Raum f\u00fcr neue Einsichten, Vertrauen und eine tiefere Ausrichtung auf das Wesentliche.<\/p>\n","protected":false},"author":13,"featured_media":5404,"comment_status":"closed","ping_status":"closed","template":"","meta":{"_acf_changed":false,"site-sidebar-layout":"default","site-content-layout":"default","ast-site-content-layout":"default","site-content-style":"default","site-sidebar-style":"default","ast-global-header-display":"","ast-banner-title-visibility":"","ast-main-header-display":"","ast-hfb-above-header-display":"","ast-hfb-below-header-display":"","ast-hfb-mobile-header-display":"","site-post-title":"","ast-breadcrumbs-content":"","ast-featured-img":"","footer-sml-layout":"","ast-disable-related-posts":"","theme-transparent-header-meta":"default","adv-header-id-meta":"","stick-header-meta":"","header-above-stick-meta":"","header-main-stick-meta":"","header-below-stick-meta":"","astra-migrate-meta-layouts":"set","ast-page-background-enabled":"default","ast-page-background-meta":{"desktop":{"background-color":"","background-image":"","background-repeat":"repeat","background-position":"center center","background-size":"auto","background-attachment":"scroll","background-type":"","background-media":"","overlay-type":"","overlay-color":"","overlay-opacity":"","overlay-gradient":""},"tablet":{"background-color":"","background-image":"","background-repeat":"repeat","background-position":"center center","background-size":"auto","background-attachment":"scroll","background-type":"","background-media":"","overlay-type":"","overlay-color":"","overlay-opacity":"","overlay-gradient":""},"mobile":{"background-color":"","background-image":"","background-repeat":"repeat","background-position":"center center","background-size":"auto","background-attachment":"scroll","background-type":"","background-media":"","overlay-type":"","overlay-color":"","overlay-opacity":"","overlay-gradient":""}},"ast-content-background-meta":{"desktop":{"background-color":"var(--ast-global-color-5)","background-image":"","background-repeat":"repeat","background-position":"center center","background-size":"auto","background-attachment":"scroll","background-type":"","background-media":"","overlay-type":"","overlay-color":"","overlay-opacity":"","overlay-gradient":""},"tablet":{"background-color":"var(--ast-global-color-5)","background-image":"","background-repeat":"repeat","background-position":"center center","background-size":"auto","background-attachment":"scroll","background-type":"","background-media":"","overlay-type":"","overlay-color":"","overlay-opacity":"","overlay-gradient":""},"mobile":{"background-color":"var(--ast-global-color-5)","background-image":"","background-repeat":"repeat","background-position":"center center","background-size":"auto","background-attachment":"scroll","background-type":"","background-media":"","overlay-type":"","overlay-color":"","overlay-opacity":"","overlay-gradient":""}}},"tags":[140],"mec_category":[172],"mec_speaker":[181,180],"class_list":["post-5305","mec-events","type-mec-events","status-publish","has-post-thumbnail","hentry","tag-meditation-de","mec_category-retreat-de"],"acf":[],"yoast_head":"<!-- This site is optimized with the Yoast SEO plugin v27.5 - https:\/\/yoast.com\/product\/yoast-seo-wordpress\/ -->\n<title>Stille-Retreat 2025 - Thomas Huebl<\/title>\n<meta name=\"description\" content=\"Eine Zeit der Stille, Kontemplation und Meditation in kraftvoller Natur an der Elbe. Sein, ohne jemand sein zu m\u00fcssen. Begebe dich eine Woche lang auf einen inneren R\u00fcckzug.\" \/>\n<meta name=\"robots\" content=\"index, follow, max-snippet:-1, max-image-preview:large, max-video-preview:-1\" \/>\n<link rel=\"canonical\" href=\"https:\/\/thomashuebl.com\/de\/events\/stille-retreat-2025\/\" \/>\n<meta property=\"og:locale\" content=\"de_DE\" \/>\n<meta property=\"og:type\" content=\"article\" \/>\n<meta property=\"og:title\" content=\"Stille-Retreat 2025 - Thomas Huebl\" \/>\n<meta property=\"og:description\" content=\"Eine Zeit der Stille, Kontemplation und Meditation in kraftvoller Natur an der Elbe. Sein, ohne jemand sein zu m\u00fcssen. Begebe dich eine Woche lang auf einen inneren R\u00fcckzug.\" \/>\n<meta property=\"og:url\" content=\"https:\/\/thomashuebl.com\/de\/events\/stille-retreat-2025\/\" \/>\n<meta property=\"og:site_name\" content=\"Thomas Huebl\" \/>\n<meta property=\"article:publisher\" content=\"https:\/\/www.facebook.com\/Thomas.Huebl.Sangha\/\" \/>\n<meta property=\"article:modified_time\" content=\"2025-09-17T08:44:34+00:00\" \/>\n<meta property=\"og:image\" content=\"https:\/\/thomashuebl.com\/wp-content\/uploads\/2025\/03\/stille-retreat-2025-cover.jpg\" \/>\n\t<meta property=\"og:image:width\" content=\"2233\" \/>\n\t<meta property=\"og:image:height\" content=\"1489\" \/>\n\t<meta property=\"og:image:type\" content=\"image\/jpeg\" \/>\n<meta name=\"twitter:card\" content=\"summary_large_image\" \/>\n<meta name=\"twitter:site\" content=\"@thomasHuebl\" \/>\n<meta name=\"twitter:label1\" content=\"Gesch\u00e4tzte Lesezeit\" \/>\n\t<meta name=\"twitter:data1\" content=\"8 Minuten\" \/>\n<script type=\"application\/ld+json\" class=\"yoast-schema-graph\">{\"@context\":\"https:\\\/\\\/schema.org\",\"@graph\":[{\"@type\":\"WebPage\",\"@id\":\"https:\\\/\\\/thomashuebl.com\\\/de\\\/events\\\/stille-retreat-2025\\\/\",\"url\":\"https:\\\/\\\/thomashuebl.com\\\/de\\\/events\\\/stille-retreat-2025\\\/\",\"name\":\"Stille-Retreat 2025 - Thomas Huebl\",\"isPartOf\":{\"@id\":\"https:\\\/\\\/thomashuebl.com\\\/de\\\/#website\"},\"primaryImageOfPage\":{\"@id\":\"https:\\\/\\\/thomashuebl.com\\\/de\\\/events\\\/stille-retreat-2025\\\/#primaryimage\"},\"image\":{\"@id\":\"https:\\\/\\\/thomashuebl.com\\\/de\\\/events\\\/stille-retreat-2025\\\/#primaryimage\"},\"thumbnailUrl\":\"https:\\\/\\\/thomashuebl.com\\\/wp-content\\\/uploads\\\/2025\\\/03\\\/stille-retreat-2025-cover.jpg\",\"datePublished\":\"2025-03-18T08:08:58+00:00\",\"dateModified\":\"2025-09-17T08:44:34+00:00\",\"description\":\"Eine Zeit der Stille, Kontemplation und Meditation in kraftvoller Natur an der Elbe. Sein, ohne jemand sein zu m\u00fcssen. Begebe dich eine Woche lang auf einen inneren R\u00fcckzug.\",\"breadcrumb\":{\"@id\":\"https:\\\/\\\/thomashuebl.com\\\/de\\\/events\\\/stille-retreat-2025\\\/#breadcrumb\"},\"inLanguage\":\"de-DE\",\"potentialAction\":[{\"@type\":\"ReadAction\",\"target\":[\"https:\\\/\\\/thomashuebl.com\\\/de\\\/events\\\/stille-retreat-2025\\\/\"]}]},{\"@type\":\"ImageObject\",\"inLanguage\":\"de-DE\",\"@id\":\"https:\\\/\\\/thomashuebl.com\\\/de\\\/events\\\/stille-retreat-2025\\\/#primaryimage\",\"url\":\"https:\\\/\\\/thomashuebl.com\\\/wp-content\\\/uploads\\\/2025\\\/03\\\/stille-retreat-2025-cover.jpg\",\"contentUrl\":\"https:\\\/\\\/thomashuebl.com\\\/wp-content\\\/uploads\\\/2025\\\/03\\\/stille-retreat-2025-cover.jpg\",\"width\":2233,\"height\":1489},{\"@type\":\"BreadcrumbList\",\"@id\":\"https:\\\/\\\/thomashuebl.com\\\/de\\\/events\\\/stille-retreat-2025\\\/#breadcrumb\",\"itemListElement\":[{\"@type\":\"ListItem\",\"position\":1,\"name\":\"Home\",\"item\":\"https:\\\/\\\/thomashuebl.com\\\/de\\\/\"},{\"@type\":\"ListItem\",\"position\":2,\"name\":\"Veranstaltungen\",\"item\":\"https:\\\/\\\/thomashuebl.com\\\/de\\\/events\\\/\"},{\"@type\":\"ListItem\",\"position\":3,\"name\":\"Stille-Retreat 2025\"}]},{\"@type\":\"WebSite\",\"@id\":\"https:\\\/\\\/thomashuebl.com\\\/de\\\/#website\",\"url\":\"https:\\\/\\\/thomashuebl.com\\\/de\\\/\",\"name\":\"Thomas Huebl\",\"description\":\"\",\"publisher\":{\"@id\":\"https:\\\/\\\/thomashuebl.com\\\/de\\\/#organization\"},\"potentialAction\":[{\"@type\":\"SearchAction\",\"target\":{\"@type\":\"EntryPoint\",\"urlTemplate\":\"https:\\\/\\\/thomashuebl.com\\\/de\\\/?s={search_term_string}\"},\"query-input\":{\"@type\":\"PropertyValueSpecification\",\"valueRequired\":true,\"valueName\":\"search_term_string\"}}],\"inLanguage\":\"de-DE\"},{\"@type\":\"Organization\",\"@id\":\"https:\\\/\\\/thomashuebl.com\\\/de\\\/#organization\",\"name\":\"Thomas Huebl\",\"url\":\"https:\\\/\\\/thomashuebl.com\\\/de\\\/\",\"logo\":{\"@type\":\"ImageObject\",\"inLanguage\":\"de-DE\",\"@id\":\"https:\\\/\\\/thomashuebl.com\\\/de\\\/#\\\/schema\\\/logo\\\/image\\\/\",\"url\":\"https:\\\/\\\/thomashuebl.com\\\/wp-content\\\/uploads\\\/2023\\\/08\\\/thomashueblpl_03-1.jpg\",\"contentUrl\":\"https:\\\/\\\/thomashuebl.com\\\/wp-content\\\/uploads\\\/2023\\\/08\\\/thomashueblpl_03-1.jpg\",\"width\":1200,\"height\":630,\"caption\":\"Thomas Huebl\"},\"image\":{\"@id\":\"https:\\\/\\\/thomashuebl.com\\\/de\\\/#\\\/schema\\\/logo\\\/image\\\/\"},\"sameAs\":[\"https:\\\/\\\/www.facebook.com\\\/Thomas.Huebl.Sangha\\\/\",\"https:\\\/\\\/x.com\\\/thomasHuebl\",\"https:\\\/\\\/www.youtube.com\\\/user\\\/thomashuebl\",\"https:\\\/\\\/www.instagram.com\\\/thomashuebl\\\/\"]}]}<\/script>\n<!-- \/ Yoast SEO plugin. -->","yoast_head_json":{"title":"Stille-Retreat 2025 - Thomas Huebl","description":"Eine Zeit der Stille, Kontemplation und Meditation in kraftvoller Natur an der Elbe. Sein, ohne jemand sein zu m\u00fcssen. Begebe dich eine Woche lang auf einen inneren R\u00fcckzug.","robots":{"index":"index","follow":"follow","max-snippet":"max-snippet:-1","max-image-preview":"max-image-preview:large","max-video-preview":"max-video-preview:-1"},"canonical":"https:\/\/thomashuebl.com\/de\/events\/stille-retreat-2025\/","og_locale":"de_DE","og_type":"article","og_title":"Stille-Retreat 2025 - Thomas Huebl","og_description":"Eine Zeit der Stille, Kontemplation und Meditation in kraftvoller Natur an der Elbe. Sein, ohne jemand sein zu m\u00fcssen. Begebe dich eine Woche lang auf einen inneren R\u00fcckzug.","og_url":"https:\/\/thomashuebl.com\/de\/events\/stille-retreat-2025\/","og_site_name":"Thomas Huebl","article_publisher":"https:\/\/www.facebook.com\/Thomas.Huebl.Sangha\/","article_modified_time":"2025-09-17T08:44:34+00:00","og_image":[{"width":2233,"height":1489,"url":"https:\/\/thomashuebl.com\/wp-content\/uploads\/2025\/03\/stille-retreat-2025-cover.jpg","type":"image\/jpeg"}],"twitter_card":"summary_large_image","twitter_site":"@thomasHuebl","twitter_misc":{"Gesch\u00e4tzte Lesezeit":"8 Minuten"},"schema":{"@context":"https:\/\/schema.org","@graph":[{"@type":"WebPage","@id":"https:\/\/thomashuebl.com\/de\/events\/stille-retreat-2025\/","url":"https:\/\/thomashuebl.com\/de\/events\/stille-retreat-2025\/","name":"Stille-Retreat 2025 - Thomas Huebl","isPartOf":{"@id":"https:\/\/thomashuebl.com\/de\/#website"},"primaryImageOfPage":{"@id":"https:\/\/thomashuebl.com\/de\/events\/stille-retreat-2025\/#primaryimage"},"image":{"@id":"https:\/\/thomashuebl.com\/de\/events\/stille-retreat-2025\/#primaryimage"},"thumbnailUrl":"https:\/\/thomashuebl.com\/wp-content\/uploads\/2025\/03\/stille-retreat-2025-cover.jpg","datePublished":"2025-03-18T08:08:58+00:00","dateModified":"2025-09-17T08:44:34+00:00","description":"Eine Zeit der Stille, Kontemplation und Meditation in kraftvoller Natur an der Elbe. Sein, ohne jemand sein zu m\u00fcssen. Begebe dich eine Woche lang auf einen inneren R\u00fcckzug.","breadcrumb":{"@id":"https:\/\/thomashuebl.com\/de\/events\/stille-retreat-2025\/#breadcrumb"},"inLanguage":"de-DE","potentialAction":[{"@type":"ReadAction","target":["https:\/\/thomashuebl.com\/de\/events\/stille-retreat-2025\/"]}]},{"@type":"ImageObject","inLanguage":"de-DE","@id":"https:\/\/thomashuebl.com\/de\/events\/stille-retreat-2025\/#primaryimage","url":"https:\/\/thomashuebl.com\/wp-content\/uploads\/2025\/03\/stille-retreat-2025-cover.jpg","contentUrl":"https:\/\/thomashuebl.com\/wp-content\/uploads\/2025\/03\/stille-retreat-2025-cover.jpg","width":2233,"height":1489},{"@type":"BreadcrumbList","@id":"https:\/\/thomashuebl.com\/de\/events\/stille-retreat-2025\/#breadcrumb","itemListElement":[{"@type":"ListItem","position":1,"name":"Home","item":"https:\/\/thomashuebl.com\/de\/"},{"@type":"ListItem","position":2,"name":"Veranstaltungen","item":"https:\/\/thomashuebl.com\/de\/events\/"},{"@type":"ListItem","position":3,"name":"Stille-Retreat 2025"}]},{"@type":"WebSite","@id":"https:\/\/thomashuebl.com\/de\/#website","url":"https:\/\/thomashuebl.com\/de\/","name":"Thomas Huebl","description":"","publisher":{"@id":"https:\/\/thomashuebl.com\/de\/#organization"},"potentialAction":[{"@type":"SearchAction","target":{"@type":"EntryPoint","urlTemplate":"https:\/\/thomashuebl.com\/de\/?s={search_term_string}"},"query-input":{"@type":"PropertyValueSpecification","valueRequired":true,"valueName":"search_term_string"}}],"inLanguage":"de-DE"},{"@type":"Organization","@id":"https:\/\/thomashuebl.com\/de\/#organization","name":"Thomas Huebl","url":"https:\/\/thomashuebl.com\/de\/","logo":{"@type":"ImageObject","inLanguage":"de-DE","@id":"https:\/\/thomashuebl.com\/de\/#\/schema\/logo\/image\/","url":"https:\/\/thomashuebl.com\/wp-content\/uploads\/2023\/08\/thomashueblpl_03-1.jpg","contentUrl":"https:\/\/thomashuebl.com\/wp-content\/uploads\/2023\/08\/thomashueblpl_03-1.jpg","width":1200,"height":630,"caption":"Thomas Huebl"},"image":{"@id":"https:\/\/thomashuebl.com\/de\/#\/schema\/logo\/image\/"},"sameAs":["https:\/\/www.facebook.com\/Thomas.Huebl.Sangha\/","https:\/\/x.com\/thomasHuebl","https:\/\/www.youtube.com\/user\/thomashuebl","https:\/\/www.instagram.com\/thomashuebl\/"]}]}},"_links":{"self":[{"href":"https:\/\/thomashuebl.com\/de\/wp-json\/wp\/v2\/mec-events\/5305","targetHints":{"allow":["GET"]}}],"collection":[{"href":"https:\/\/thomashuebl.com\/de\/wp-json\/wp\/v2\/mec-events"}],"about":[{"href":"https:\/\/thomashuebl.com\/de\/wp-json\/wp\/v2\/types\/mec-events"}],"author":[{"embeddable":true,"href":"https:\/\/thomashuebl.com\/de\/wp-json\/wp\/v2\/users\/13"}],"replies":[{"embeddable":true,"href":"https:\/\/thomashuebl.com\/de\/wp-json\/wp\/v2\/comments?post=5305"}],"version-history":[{"count":0,"href":"https:\/\/thomashuebl.com\/de\/wp-json\/wp\/v2\/mec-events\/5305\/revisions"}],"wp:featuredmedia":[{"embeddable":true,"href":"https:\/\/thomashuebl.com\/de\/wp-json\/wp\/v2\/media\/5404"}],"wp:attachment":[{"href":"https:\/\/thomashuebl.com\/de\/wp-json\/wp\/v2\/media?parent=5305"}],"wp:term":[{"taxonomy":"post_tag","embeddable":true,"href":"https:\/\/thomashuebl.com\/de\/wp-json\/wp\/v2\/tags?post=5305"},{"taxonomy":"mec_category","embeddable":true,"href":"https:\/\/thomashuebl.com\/de\/wp-json\/wp\/v2\/mec_category?post=5305"},{"taxonomy":"mec_speaker","embeddable":true,"href":"https:\/\/thomashuebl.com\/de\/wp-json\/wp\/v2\/mec_speaker?post=5305"}],"curies":[{"name":"wp","href":"https:\/\/api.w.org\/{rel}","templated":true}]}}