{"id":5246,"date":"2025-03-07T01:27:58","date_gmt":"2025-03-07T09:27:58","guid":{"rendered":"https:\/\/thomashuebl.com\/?post_type=mec-events&#038;p=5246"},"modified":"2025-08-27T02:42:23","modified_gmt":"2025-08-27T09:42:23","slug":"kollektive-trauer-heilen-freude-wiederfinden","status":"publish","type":"mec-events","link":"https:\/\/thomashuebl.com\/de\/events\/kollektive-trauer-heilen-freude-wiederfinden\/","title":{"rendered":"Kollektive Trauer heilen \u2013 Freude wiederfinden"},"content":{"rendered":"\t\t<div data-elementor-type=\"wp-post\" data-elementor-id=\"5246\" class=\"elementor elementor-5246\" data-elementor-post-type=\"mec-events\">\n\t\t\t\t\t\t<section class=\"elementor-section elementor-top-section elementor-element elementor-element-89c4ddb elementor-section-boxed elementor-section-height-default elementor-section-height-default\" data-id=\"89c4ddb\" data-element_type=\"section\" data-e-type=\"section\">\n\t\t\t\t\t\t<div class=\"elementor-container elementor-column-gap-default\">\n\t\t\t\t\t<div class=\"elementor-column elementor-col-100 elementor-top-column elementor-element elementor-element-3618637\" data-id=\"3618637\" data-element_type=\"column\" data-e-type=\"column\">\n\t\t\t<div class=\"elementor-widget-wrap elementor-element-populated\">\n\t\t\t\t\t\t<div class=\"elementor-element elementor-element-b0b6cd1 elementor-widget elementor-widget-text-editor\" data-id=\"b0b6cd1\" data-element_type=\"widget\" data-e-type=\"widget\" data-widget_type=\"text-editor.default\">\n\t\t\t\t<div class=\"elementor-widget-container\">\n\t\t\t\t\t\t\t\t\t<p><span style=\"font-size: 17pt; font-family: Arial,sans-serif; color: #000000; background-color: transparent; font-weight: bold; font-style: normal; font-variant: normal; text-decoration: none; vertical-align: baseline; white-space: pre-wrap;\">Daten<\/span><\/p><p dir=\"ltr\" style=\"line-height: 1.38; margin-top: 0pt; margin-bottom: 0pt;\"><span style=\"font-size: 11pt; font-family: Arial,sans-serif; color: #000000; background-color: transparent; font-weight: bold; font-style: normal; font-variant: normal; text-decoration: none; vertical-align: baseline; white-space: pre-wrap;\">Datum: <\/span><span style=\"font-size: 11pt; font-family: Arial,sans-serif; color: #000000; background-color: transparent; font-weight: 400; font-style: normal; font-variant: normal; text-decoration: none; vertical-align: baseline; white-space: pre-wrap;\">30. August 2025<\/span><\/p><p dir=\"ltr\" style=\"line-height: 1.38; margin-top: 0pt; margin-bottom: 0pt;\"><span style=\"font-size: 11pt; font-family: Arial,sans-serif; color: #000000; background-color: transparent; font-weight: 400; font-style: normal; font-variant: normal; text-decoration: none; vertical-align: baseline; white-space: pre-wrap;\">\u00a0<\/span><\/p><p><span style=\"font-size: 11pt; font-family: Arial,sans-serif; color: #000000; background-color: transparent; font-weight: bold; font-style: normal; font-variant: normal; text-decoration: none; vertical-align: baseline; white-space: pre-wrap;\">Uhrzeit:<\/span><span style=\"font-size: 11pt; font-family: Arial,sans-serif; color: #000000; background-color: transparent; font-weight: 400; font-style: normal; font-variant: normal; text-decoration: none; vertical-align: baseline; white-space: pre-wrap;\">10:00 \u2013 13:00 Uhr und 14:00 \u2013 17:30 Uhr<\/span><\/p><p><span style=\"font-size: 11pt; font-family: Arial,sans-serif; color: #000000; background-color: transparent; font-weight: bold; font-style: normal; font-variant: normal; text-decoration: none; vertical-align: baseline; white-space: pre-wrap;\">Leitung: <\/span><span style=\"font-size: 11pt; font-family: Arial,sans-serif; color: #000000; background-color: transparent; font-weight: 400; font-style: normal; font-variant: normal; text-decoration: none; vertical-align: baseline; white-space: pre-wrap;\">Thomas H\u00fcbl und Dr. Peter A. Levine\u00a0<\/span><\/p><p><span style=\"font-size: 11pt; font-family: Arial,sans-serif; color: #000000; background-color: transparent; font-weight: bold; font-style: normal; font-variant: normal; text-decoration: none; vertical-align: baseline; white-space: pre-wrap;\">Sprache:<\/span><span style=\"font-size: 11pt; font-family: Arial,sans-serif; color: #000000; background-color: transparent; font-weight: 400; font-style: normal; font-variant: normal; text-decoration: none; vertical-align: baseline; white-space: pre-wrap;\"> Englisch mit \u00dcbersetzung ins Deutsche (Konsekutive \u00dcbersetzung)<\/span><\/p><p><span style=\"font-size: 11pt; font-family: Arial,sans-serif; color: #000000; background-color: transparent; font-weight: bold; font-style: normal; font-variant: normal; text-decoration: none; vertical-align: baseline; white-space: pre-wrap;\">Kosten:<\/span><span style=\"font-size: 11pt; font-family: Arial,sans-serif; color: #000000; background-color: transparent; font-weight: 400; font-style: normal; font-variant: normal; text-decoration: none; vertical-align: baseline; white-space: pre-wrap;\"> in Person $ 349 \/ Online $ 249<\/span><\/p><p><span style=\"font-size: 11pt; font-family: Arial,sans-serif; color: #000000; background-color: transparent; font-weight: bold; font-style: normal; font-variant: normal; text-decoration: none; vertical-align: baseline; white-space: pre-wrap;\">Kursort:<\/span><span style=\"font-size: 11pt; font-family: Arial,sans-serif; color: #000000; background-color: transparent; font-weight: 400; font-style: normal; font-variant: normal; text-decoration: none; vertical-align: baseline; white-space: pre-wrap;\"> Kirchgemeindehaus Paulus, Scheuchzerstrasse 180, 8057 Z\u00fcrich &#8211; in Person\u00a0<\/span><\/p><p><span style=\"font-size: 11pt; font-family: Arial,sans-serif; color: #000000; background-color: transparent; font-weight: 400; font-style: normal; font-variant: normal; text-decoration: none; vertical-align: baseline; white-space: pre-wrap;\">Die beiden Trauma-Experten er\u00f6ffnen an diesem Samstag einen Raum, um gemeinsam durch die tief in unseren Gesellschaften sitzenden kollektiven Trauerzust\u00e4nde zu gehen. Diese Zusammenkunft soll ein Ort der Heilung angesichts der verheerenden globalen Ereignisse werden: weltweite Gewalt, der Aufstieg autorit\u00e4rer Strukturen, die Zerst\u00f6rung von Infrastruktur und Klimakatastrophen.<\/span><\/p>\t\t\t\t\t\t\t\t<\/div>\n\t\t\t\t<\/div>\n\t\t\t\t<div class=\"elementor-element elementor-element-7024e71 elementor-widget elementor-widget-text-editor\" data-id=\"7024e71\" data-element_type=\"widget\" data-e-type=\"widget\" data-widget_type=\"text-editor.default\">\n\t\t\t\t<div class=\"elementor-widget-container\">\n\t\t\t\t\t\t\t\t\t<p><span style=\"font-size: 17pt; font-style: normal; font-weight: bold; background-color: transparent; color: #000000; font-family: Arial, sans-serif; white-space-collapse: preserve;\">Inhalt des Seminars<\/span><\/p>\n<ul style=\"font-size: 18px; font-style: normal; font-weight: 400;\">\n<li style=\"font-size: 18px; line-height: 1.38;\">\n<p><span style=\"font-size: 11pt; font-style: normal; font-weight: bold; background-color: transparent; color: #000000; font-family: Arial, sans-serif; font-variant-numeric: normal; font-variant-east-asian: normal; font-variant-alternates: normal; font-variant-position: normal; font-variant-emoji: normal; white-space-collapse: preserve;\">Kollektive Trauer bewusst erleben<\/span><span style=\"font-size: 11pt; font-style: normal; font-weight: 400; background-color: transparent; color: #000000; font-family: Arial, sans-serif; font-variant-numeric: normal; font-variant-east-asian: normal; font-variant-alternates: normal; font-variant-position: normal; font-variant-emoji: normal; white-space-collapse: preserve;\"> \u2013 bezeugen, was ist, ohne davon \u00fcberw\u00e4ltigt zu werden<\/span><\/p>\n<\/li>\n<li style=\"font-size: 18px; line-height: 1.38;\">\n<p><span style=\"font-size: 11pt; font-style: normal; font-weight: bold; background-color: transparent; color: #000000; font-family: Arial, sans-serif; font-variant-numeric: normal; font-variant-east-asian: normal; font-variant-alternates: normal; font-variant-position: normal; font-variant-emoji: normal; white-space-collapse: preserve;\">Resilienz st\u00e4rken<\/span><span style=\"font-size: 11pt; font-style: normal; font-weight: 400; background-color: transparent; color: #000000; font-family: Arial, sans-serif; font-variant-numeric: normal; font-variant-east-asian: normal; font-variant-alternates: normal; font-variant-position: normal; font-variant-emoji: normal; white-space-collapse: preserve;\"> \u2013 geerdete und verk\u00f6rperte Verhaltensweisen erlernen, um konstruktiv mit den Herausforderungen der Gegenwart umzugehen.<\/span><\/p>\n<\/li>\n<li style=\"font-size: 18px; line-height: 1.38;\">\n<p><span style=\"font-size: 11pt; font-style: normal; background-color: transparent; color: #000000; font-family: Arial, sans-serif; font-variant-numeric: normal; font-variant-east-asian: normal; font-variant-alternates: normal; font-variant-position: normal; font-variant-emoji: normal; white-space-collapse: preserve;\"><span style=\"font-weight: bold;\">I<\/span><\/span><span style=\"font-size: 11pt; font-style: normal; font-weight: bold; background-color: transparent; color: #000000; font-family: Arial, sans-serif; font-variant-numeric: normal; font-variant-east-asian: normal; font-variant-alternates: normal; font-variant-position: normal; font-variant-emoji: normal; white-space-collapse: preserve;\">nnere Stabilit\u00e4t und Vitalit\u00e4t wiederfinden<\/span><span style=\"font-size: 11pt; font-style: normal; font-weight: 400; background-color: transparent; color: #000000; font-family: Arial, sans-serif; font-variant-numeric: normal; font-variant-east-asian: normal; font-variant-alternates: normal; font-variant-position: normal; font-variant-emoji: normal; white-space-collapse: preserve;\"> \u2013 eine tragende Kraft entdecken, die \u00fcber Hoffnungslosigkeit und Resignation hinausgeht.<\/span><\/p>\n<\/li>\n<li style=\"font-size: 18px; line-height: 1.38;\">\n<p><span style=\"font-size: 11pt; font-style: normal; font-weight: bold; background-color: transparent; color: #000000; font-family: Arial, sans-serif; font-variant-numeric: normal; font-variant-east-asian: normal; font-variant-alternates: normal; font-variant-position: normal; font-variant-emoji: normal; white-space-collapse: preserve;\">Gemeinsame Praxis<\/span><span style=\"font-size: 11pt; font-style: normal; font-weight: 400; background-color: transparent; color: #000000; font-family: Arial, sans-serif; font-variant-numeric: normal; font-variant-east-asian: normal; font-variant-alternates: normal; font-variant-position: normal; font-variant-emoji: normal; white-space-collapse: preserve;\"> \u2013 ein bewusster Austausch mit sich selbst und anderen.<\/span><\/p>\n<\/li>\n<\/ul>\n<p><span style=\"background-color: transparent; color: #000000; font-family: Arial, sans-serif; font-size: 11pt; font-style: normal; font-weight: 400; white-space-collapse: preserve;\">Das Seminar widmet sich keinen ideologischen oder parteilichen Positionen, sondern bietet einen Raum, in dem kollektive Trauer Platz findet und Resilienz gest\u00e4rkt wird. Durch das gemeinsame Bezeugen und die pr\u00e4sente Auseinandersetzung k\u00f6nnen freudvolle Empfindungen wieder zug\u00e4nglich werden.<\/span><\/p>\n<h3 dir=\"ltr\" style=\"font-size: 18px; font-style: normal; margin-top: 12pt; margin-bottom: 12pt; line-height: 1.38;\"><span style=\"font-size: 17pt; font-style: normal; font-weight: bold; font-family: Arial, sans-serif; color: #000000; background-color: transparent; font-variant-numeric: normal; font-variant-east-asian: normal; font-variant-alternates: normal; font-variant-position: normal; font-variant-emoji: normal; white-space-collapse: preserve;\">Anmeldung &amp; Teilnahme (Online)<\/span><\/h3>\n<p dir=\"ltr\" style=\"margin-top: 12pt; margin-bottom: 12pt; line-height: 1.38;\"><span style=\"color: #000000; font-family: Arial, sans-serif;\"><span style=\"font-size: 14.6667px; white-space-collapse: preserve;\">Eine Online-Teilnahme wird ebenfalls m\u00f6glich sein. Diese Anmeldung gilt nur f\u00fcr den Zugang zum Online-Livestreaming und zur Aufzeichnung. <a href=\"https:\/\/www.somaticexperiencing.com\/program-registration\/p\/2025\/8\/30\/healing-collective-grief-finding-joy-again-w-thomas-hubl-and-dr-levine-german\"><b>Hier kannst du dich anmelden. <\/b><\/a><\/span><\/span><\/p>\n<p dir=\"ltr\" style=\"margin-top: 12pt; margin-bottom: 12pt; line-height: 1.38;\"><span style=\"background-color: transparent; color: #000000; font-family: Arial, sans-serif; font-size: 17pt; font-style: normal; font-weight: bold; white-space-collapse: preserve;\">Anmeldung &amp; Teilnahme (in Person)<\/span><\/p>\n<p dir=\"ltr\" style=\"margin-top: 12pt; margin-bottom: 12pt; line-height: 1.38;\"><span style=\"font-size: 11pt; font-style: normal; font-family: Arial, sans-serif; color: #000000; background-color: transparent; font-variant-numeric: normal; font-variant-east-asian: normal; font-variant-alternates: normal; font-variant-position: normal; font-variant-emoji: normal; white-space-collapse: preserve;\"><b>Weil in der gemieteten Kirche der Platz limitiert ist, lohnt sich eine fr\u00fchzeitige Anmeldung. <\/b><strong><a href=\"https:\/\/www.polarity.se\/de\/veranstaltung?cmscid=5850\">Hier kannst du dich anmelden.<\/a> <\/strong><\/span><span style=\"font-size: 14.6667px; font-style: normal; color: #000000; font-family: Arial, sans-serif; font-weight: 400; white-space-collapse: preserve;\">Ein Teil der Einnahmen wird an eine Organisation gehen, die sich der Pflege und Heilung von Kindern in Kriegsgebieten widmet und Gemeinden beim Wiederaufbau der Infrastruktur nach Kriegsgeschehen oder Naturkatastrophen unterst\u00fctzt. <\/span><span style=\"color: #000000; font-family: Arial, sans-serif;\"><span style=\"font-size: 14.6667px; white-space-collapse: preserve;\">F\u00fcr Fragen oder Anfragen kontaktiere uns unter info@traumahealing.ch (nur f\u00fcr in Person).<\/span><\/span><\/p>\n<h3 dir=\"ltr\" style=\"font-size: 18px; font-style: normal; margin-top: 12pt; margin-bottom: 12pt; line-height: 1.38;\"><span style=\"font-size: 17pt; font-style: normal; font-weight: bold; font-family: Arial, sans-serif; color: #000000; background-color: transparent; font-variant-numeric: normal; font-variant-east-asian: normal; font-variant-alternates: normal; font-variant-position: normal; font-variant-emoji: normal; white-space-collapse: preserve;\">Kontakt<\/span><\/h3>\n<p dir=\"ltr\" style=\"margin-top: 12pt; margin-bottom: 12pt; line-height: 1.38;\"><span style=\"color: #000000; font-family: Arial, sans-serif;\"><span style=\"font-size: 14.6667px; white-space-collapse: preserve;\">Dieses Programm ist eine Partnerschaft zwischen drei Organisationen. Bei Fragen zu den Programmen wende dich bitte per E-Mail an <a href=\"info@thomashuebl.com\" target=\"_blank\" rel=\"noopener\">\u201eSharing the Presence\u201c<\/a>. Bei Fragen zum Direktverkauf wende dich bitte per E-Mail an <a href=\"mailto:christine.pieler@polarity.ch\" target=\"_blank\" rel=\"noopener\">\u201ePolarity\u201c<\/a>. F\u00fcr den Kundenservice beim Online-Verkauf wende dich bitte an <a href=\"mailto:programs@somaticexperiencing.com\" target=\"_blank\" rel=\"noopener\">\u201eErgos Institute<\/a>\u201c.<\/span><\/span><\/p>\t\t\t\t\t\t\t\t<\/div>\n\t\t\t\t<\/div>\n\t\t\t\t\t<\/div>\n\t\t<\/div>\n\t\t\t\t\t<\/div>\n\t\t<\/section>\n\t\t\t\t<\/div>\n\t\t","protected":false},"excerpt":{"rendered":"<p>In Person und Online. Die beiden Trauma-Experten er\u00f6ffnen am Samstag, den 30. August 2025 einen Raum, um gemeinsam durch die tief in unseren Gesellschaften sitzenden kollektiven Trauerzust\u00e4nde zu gehen. <\/p>\n","protected":false},"author":13,"featured_media":5270,"comment_status":"closed","ping_status":"closed","template":"","meta":{"_acf_changed":false,"site-sidebar-layout":"no-sidebar","site-content-layout":"page-builder","ast-site-content-layout":"full-width-container","site-content-style":"unboxed","site-sidebar-style":"unboxed","ast-global-header-display":"","ast-banner-title-visibility":"","ast-main-header-display":"","ast-hfb-above-header-display":"","ast-hfb-below-header-display":"","ast-hfb-mobile-header-display":"","site-post-title":"disabled","ast-breadcrumbs-content":"","ast-featured-img":"disabled","footer-sml-layout":"","ast-disable-related-posts":"","theme-transparent-header-meta":"default","adv-header-id-meta":"","stick-header-meta":"","header-above-stick-meta":"","header-main-stick-meta":"","header-below-stick-meta":"","astra-migrate-meta-layouts":"set","ast-page-background-enabled":"default","ast-page-background-meta":{"desktop":{"background-color":"","background-image":"","background-repeat":"repeat","background-position":"center center","background-size":"auto","background-attachment":"scroll","background-type":"","background-media":"","overlay-type":"","overlay-color":"","overlay-opacity":"","overlay-gradient":""},"tablet":{"background-color":"","background-image":"","background-repeat":"repeat","background-position":"center center","background-size":"auto","background-attachment":"scroll","background-type":"","background-media":"","overlay-type":"","overlay-color":"","overlay-opacity":"","overlay-gradient":""},"mobile":{"background-color":"","background-image":"","background-repeat":"repeat","background-position":"center center","background-size":"auto","background-attachment":"scroll","background-type":"","background-media":"","overlay-type":"","overlay-color":"","overlay-opacity":"","overlay-gradient":""}},"ast-content-background-meta":{"desktop":{"background-color":"var(--ast-global-color-5)","background-image":"","background-repeat":"repeat","background-position":"center center","background-size":"auto","background-attachment":"scroll","background-type":"","background-media":"","overlay-type":"","overlay-color":"","overlay-opacity":"","overlay-gradient":""},"tablet":{"background-color":"var(--ast-global-color-5)","background-image":"","background-repeat":"repeat","background-position":"center center","background-size":"auto","background-attachment":"scroll","background-type":"","background-media":"","overlay-type":"","overlay-color":"","overlay-opacity":"","overlay-gradient":""},"mobile":{"background-color":"var(--ast-global-color-5)","background-image":"","background-repeat":"repeat","background-position":"center center","background-size":"auto","background-attachment":"scroll","background-type":"","background-media":"","overlay-type":"","overlay-color":"","overlay-opacity":"","overlay-gradient":""}}},"tags":[],"mec_category":[115],"mec_speaker":[263,186],"class_list":["post-5246","mec-events","type-mec-events","status-publish","has-post-thumbnail","hentry","mec_category-veranstaltung"],"acf":[],"yoast_head":"<!-- This site is optimized with the Yoast SEO plugin v27.5 - https:\/\/yoast.com\/product\/yoast-seo-wordpress\/ -->\n<title>Kollektive Trauer heilen \u2013 Freude wiederfinden - Thomas Huebl<\/title>\n<meta name=\"robots\" content=\"index, follow, max-snippet:-1, max-image-preview:large, max-video-preview:-1\" \/>\n<link rel=\"canonical\" href=\"https:\/\/thomashuebl.com\/de\/events\/kollektive-trauer-heilen-freude-wiederfinden\/\" \/>\n<meta property=\"og:locale\" content=\"de_DE\" \/>\n<meta property=\"og:type\" content=\"article\" \/>\n<meta property=\"og:title\" content=\"Kollektive Trauer heilen \u2013 Freude wiederfinden - Thomas Huebl\" \/>\n<meta property=\"og:description\" content=\"In Person und Online. Die beiden Trauma-Experten er\u00f6ffnen am Samstag, den 30. August 2025 einen Raum, um gemeinsam durch die tief in unseren Gesellschaften sitzenden kollektiven Trauerzust\u00e4nde zu gehen.\" \/>\n<meta property=\"og:url\" content=\"https:\/\/thomashuebl.com\/de\/events\/kollektive-trauer-heilen-freude-wiederfinden\/\" \/>\n<meta property=\"og:site_name\" content=\"Thomas Huebl\" \/>\n<meta property=\"article:publisher\" content=\"https:\/\/www.facebook.com\/Thomas.Huebl.Sangha\/\" \/>\n<meta property=\"article:modified_time\" content=\"2025-08-27T09:42:23+00:00\" \/>\n<meta property=\"og:image\" content=\"https:\/\/thomashuebl.com\/wp-content\/uploads\/2025\/03\/Thomas-Peter-Levine-Event-Graphic.jpg\" \/>\n\t<meta property=\"og:image:width\" content=\"1280\" \/>\n\t<meta property=\"og:image:height\" content=\"760\" \/>\n\t<meta property=\"og:image:type\" content=\"image\/jpeg\" \/>\n<meta name=\"twitter:card\" content=\"summary_large_image\" \/>\n<meta name=\"twitter:site\" content=\"@thomasHuebl\" \/>\n<meta name=\"twitter:label1\" content=\"Gesch\u00e4tzte Lesezeit\" \/>\n\t<meta name=\"twitter:data1\" content=\"2 Minuten\" \/>\n<script type=\"application\/ld+json\" class=\"yoast-schema-graph\">{\"@context\":\"https:\\\/\\\/schema.org\",\"@graph\":[{\"@type\":\"WebPage\",\"@id\":\"https:\\\/\\\/thomashuebl.com\\\/de\\\/events\\\/kollektive-trauer-heilen-freude-wiederfinden\\\/\",\"url\":\"https:\\\/\\\/thomashuebl.com\\\/de\\\/events\\\/kollektive-trauer-heilen-freude-wiederfinden\\\/\",\"name\":\"Kollektive Trauer heilen \u2013 Freude wiederfinden - Thomas Huebl\",\"isPartOf\":{\"@id\":\"https:\\\/\\\/thomashuebl.com\\\/de\\\/#website\"},\"primaryImageOfPage\":{\"@id\":\"https:\\\/\\\/thomashuebl.com\\\/de\\\/events\\\/kollektive-trauer-heilen-freude-wiederfinden\\\/#primaryimage\"},\"image\":{\"@id\":\"https:\\\/\\\/thomashuebl.com\\\/de\\\/events\\\/kollektive-trauer-heilen-freude-wiederfinden\\\/#primaryimage\"},\"thumbnailUrl\":\"https:\\\/\\\/thomashuebl.com\\\/wp-content\\\/uploads\\\/2025\\\/03\\\/Thomas-Peter-Levine-Event-Graphic.jpg\",\"datePublished\":\"2025-03-07T09:27:58+00:00\",\"dateModified\":\"2025-08-27T09:42:23+00:00\",\"breadcrumb\":{\"@id\":\"https:\\\/\\\/thomashuebl.com\\\/de\\\/events\\\/kollektive-trauer-heilen-freude-wiederfinden\\\/#breadcrumb\"},\"inLanguage\":\"de-DE\",\"potentialAction\":[{\"@type\":\"ReadAction\",\"target\":[\"https:\\\/\\\/thomashuebl.com\\\/de\\\/events\\\/kollektive-trauer-heilen-freude-wiederfinden\\\/\"]}]},{\"@type\":\"ImageObject\",\"inLanguage\":\"de-DE\",\"@id\":\"https:\\\/\\\/thomashuebl.com\\\/de\\\/events\\\/kollektive-trauer-heilen-freude-wiederfinden\\\/#primaryimage\",\"url\":\"https:\\\/\\\/thomashuebl.com\\\/wp-content\\\/uploads\\\/2025\\\/03\\\/Thomas-Peter-Levine-Event-Graphic.jpg\",\"contentUrl\":\"https:\\\/\\\/thomashuebl.com\\\/wp-content\\\/uploads\\\/2025\\\/03\\\/Thomas-Peter-Levine-Event-Graphic.jpg\",\"width\":1280,\"height\":760},{\"@type\":\"BreadcrumbList\",\"@id\":\"https:\\\/\\\/thomashuebl.com\\\/de\\\/events\\\/kollektive-trauer-heilen-freude-wiederfinden\\\/#breadcrumb\",\"itemListElement\":[{\"@type\":\"ListItem\",\"position\":1,\"name\":\"Home\",\"item\":\"https:\\\/\\\/thomashuebl.com\\\/de\\\/\"},{\"@type\":\"ListItem\",\"position\":2,\"name\":\"Veranstaltungen\",\"item\":\"https:\\\/\\\/thomashuebl.com\\\/de\\\/events\\\/\"},{\"@type\":\"ListItem\",\"position\":3,\"name\":\"Kollektive Trauer heilen \u2013 Freude wiederfinden\"}]},{\"@type\":\"WebSite\",\"@id\":\"https:\\\/\\\/thomashuebl.com\\\/de\\\/#website\",\"url\":\"https:\\\/\\\/thomashuebl.com\\\/de\\\/\",\"name\":\"Thomas Huebl\",\"description\":\"\",\"publisher\":{\"@id\":\"https:\\\/\\\/thomashuebl.com\\\/de\\\/#organization\"},\"potentialAction\":[{\"@type\":\"SearchAction\",\"target\":{\"@type\":\"EntryPoint\",\"urlTemplate\":\"https:\\\/\\\/thomashuebl.com\\\/de\\\/?s={search_term_string}\"},\"query-input\":{\"@type\":\"PropertyValueSpecification\",\"valueRequired\":true,\"valueName\":\"search_term_string\"}}],\"inLanguage\":\"de-DE\"},{\"@type\":\"Organization\",\"@id\":\"https:\\\/\\\/thomashuebl.com\\\/de\\\/#organization\",\"name\":\"Thomas Huebl\",\"url\":\"https:\\\/\\\/thomashuebl.com\\\/de\\\/\",\"logo\":{\"@type\":\"ImageObject\",\"inLanguage\":\"de-DE\",\"@id\":\"https:\\\/\\\/thomashuebl.com\\\/de\\\/#\\\/schema\\\/logo\\\/image\\\/\",\"url\":\"https:\\\/\\\/thomashuebl.com\\\/wp-content\\\/uploads\\\/2023\\\/08\\\/thomashueblpl_03-1.jpg\",\"contentUrl\":\"https:\\\/\\\/thomashuebl.com\\\/wp-content\\\/uploads\\\/2023\\\/08\\\/thomashueblpl_03-1.jpg\",\"width\":1200,\"height\":630,\"caption\":\"Thomas Huebl\"},\"image\":{\"@id\":\"https:\\\/\\\/thomashuebl.com\\\/de\\\/#\\\/schema\\\/logo\\\/image\\\/\"},\"sameAs\":[\"https:\\\/\\\/www.facebook.com\\\/Thomas.Huebl.Sangha\\\/\",\"https:\\\/\\\/x.com\\\/thomasHuebl\",\"https:\\\/\\\/www.youtube.com\\\/user\\\/thomashuebl\",\"https:\\\/\\\/www.instagram.com\\\/thomashuebl\\\/\"]}]}<\/script>\n<!-- \/ Yoast SEO plugin. -->","yoast_head_json":{"title":"Kollektive Trauer heilen \u2013 Freude wiederfinden - Thomas Huebl","robots":{"index":"index","follow":"follow","max-snippet":"max-snippet:-1","max-image-preview":"max-image-preview:large","max-video-preview":"max-video-preview:-1"},"canonical":"https:\/\/thomashuebl.com\/de\/events\/kollektive-trauer-heilen-freude-wiederfinden\/","og_locale":"de_DE","og_type":"article","og_title":"Kollektive Trauer heilen \u2013 Freude wiederfinden - Thomas Huebl","og_description":"In Person und Online. Die beiden Trauma-Experten er\u00f6ffnen am Samstag, den 30. August 2025 einen Raum, um gemeinsam durch die tief in unseren Gesellschaften sitzenden kollektiven Trauerzust\u00e4nde zu gehen.","og_url":"https:\/\/thomashuebl.com\/de\/events\/kollektive-trauer-heilen-freude-wiederfinden\/","og_site_name":"Thomas Huebl","article_publisher":"https:\/\/www.facebook.com\/Thomas.Huebl.Sangha\/","article_modified_time":"2025-08-27T09:42:23+00:00","og_image":[{"width":1280,"height":760,"url":"https:\/\/thomashuebl.com\/wp-content\/uploads\/2025\/03\/Thomas-Peter-Levine-Event-Graphic.jpg","type":"image\/jpeg"}],"twitter_card":"summary_large_image","twitter_site":"@thomasHuebl","twitter_misc":{"Gesch\u00e4tzte Lesezeit":"2 Minuten"},"schema":{"@context":"https:\/\/schema.org","@graph":[{"@type":"WebPage","@id":"https:\/\/thomashuebl.com\/de\/events\/kollektive-trauer-heilen-freude-wiederfinden\/","url":"https:\/\/thomashuebl.com\/de\/events\/kollektive-trauer-heilen-freude-wiederfinden\/","name":"Kollektive Trauer heilen \u2013 Freude wiederfinden - Thomas Huebl","isPartOf":{"@id":"https:\/\/thomashuebl.com\/de\/#website"},"primaryImageOfPage":{"@id":"https:\/\/thomashuebl.com\/de\/events\/kollektive-trauer-heilen-freude-wiederfinden\/#primaryimage"},"image":{"@id":"https:\/\/thomashuebl.com\/de\/events\/kollektive-trauer-heilen-freude-wiederfinden\/#primaryimage"},"thumbnailUrl":"https:\/\/thomashuebl.com\/wp-content\/uploads\/2025\/03\/Thomas-Peter-Levine-Event-Graphic.jpg","datePublished":"2025-03-07T09:27:58+00:00","dateModified":"2025-08-27T09:42:23+00:00","breadcrumb":{"@id":"https:\/\/thomashuebl.com\/de\/events\/kollektive-trauer-heilen-freude-wiederfinden\/#breadcrumb"},"inLanguage":"de-DE","potentialAction":[{"@type":"ReadAction","target":["https:\/\/thomashuebl.com\/de\/events\/kollektive-trauer-heilen-freude-wiederfinden\/"]}]},{"@type":"ImageObject","inLanguage":"de-DE","@id":"https:\/\/thomashuebl.com\/de\/events\/kollektive-trauer-heilen-freude-wiederfinden\/#primaryimage","url":"https:\/\/thomashuebl.com\/wp-content\/uploads\/2025\/03\/Thomas-Peter-Levine-Event-Graphic.jpg","contentUrl":"https:\/\/thomashuebl.com\/wp-content\/uploads\/2025\/03\/Thomas-Peter-Levine-Event-Graphic.jpg","width":1280,"height":760},{"@type":"BreadcrumbList","@id":"https:\/\/thomashuebl.com\/de\/events\/kollektive-trauer-heilen-freude-wiederfinden\/#breadcrumb","itemListElement":[{"@type":"ListItem","position":1,"name":"Home","item":"https:\/\/thomashuebl.com\/de\/"},{"@type":"ListItem","position":2,"name":"Veranstaltungen","item":"https:\/\/thomashuebl.com\/de\/events\/"},{"@type":"ListItem","position":3,"name":"Kollektive Trauer heilen \u2013 Freude wiederfinden"}]},{"@type":"WebSite","@id":"https:\/\/thomashuebl.com\/de\/#website","url":"https:\/\/thomashuebl.com\/de\/","name":"Thomas Huebl","description":"","publisher":{"@id":"https:\/\/thomashuebl.com\/de\/#organization"},"potentialAction":[{"@type":"SearchAction","target":{"@type":"EntryPoint","urlTemplate":"https:\/\/thomashuebl.com\/de\/?s={search_term_string}"},"query-input":{"@type":"PropertyValueSpecification","valueRequired":true,"valueName":"search_term_string"}}],"inLanguage":"de-DE"},{"@type":"Organization","@id":"https:\/\/thomashuebl.com\/de\/#organization","name":"Thomas Huebl","url":"https:\/\/thomashuebl.com\/de\/","logo":{"@type":"ImageObject","inLanguage":"de-DE","@id":"https:\/\/thomashuebl.com\/de\/#\/schema\/logo\/image\/","url":"https:\/\/thomashuebl.com\/wp-content\/uploads\/2023\/08\/thomashueblpl_03-1.jpg","contentUrl":"https:\/\/thomashuebl.com\/wp-content\/uploads\/2023\/08\/thomashueblpl_03-1.jpg","width":1200,"height":630,"caption":"Thomas Huebl"},"image":{"@id":"https:\/\/thomashuebl.com\/de\/#\/schema\/logo\/image\/"},"sameAs":["https:\/\/www.facebook.com\/Thomas.Huebl.Sangha\/","https:\/\/x.com\/thomasHuebl","https:\/\/www.youtube.com\/user\/thomashuebl","https:\/\/www.instagram.com\/thomashuebl\/"]}]}},"_links":{"self":[{"href":"https:\/\/thomashuebl.com\/de\/wp-json\/wp\/v2\/mec-events\/5246","targetHints":{"allow":["GET"]}}],"collection":[{"href":"https:\/\/thomashuebl.com\/de\/wp-json\/wp\/v2\/mec-events"}],"about":[{"href":"https:\/\/thomashuebl.com\/de\/wp-json\/wp\/v2\/types\/mec-events"}],"author":[{"embeddable":true,"href":"https:\/\/thomashuebl.com\/de\/wp-json\/wp\/v2\/users\/13"}],"replies":[{"embeddable":true,"href":"https:\/\/thomashuebl.com\/de\/wp-json\/wp\/v2\/comments?post=5246"}],"version-history":[{"count":0,"href":"https:\/\/thomashuebl.com\/de\/wp-json\/wp\/v2\/mec-events\/5246\/revisions"}],"wp:featuredmedia":[{"embeddable":true,"href":"https:\/\/thomashuebl.com\/de\/wp-json\/wp\/v2\/media\/5270"}],"wp:attachment":[{"href":"https:\/\/thomashuebl.com\/de\/wp-json\/wp\/v2\/media?parent=5246"}],"wp:term":[{"taxonomy":"post_tag","embeddable":true,"href":"https:\/\/thomashuebl.com\/de\/wp-json\/wp\/v2\/tags?post=5246"},{"taxonomy":"mec_category","embeddable":true,"href":"https:\/\/thomashuebl.com\/de\/wp-json\/wp\/v2\/mec_category?post=5246"},{"taxonomy":"mec_speaker","embeddable":true,"href":"https:\/\/thomashuebl.com\/de\/wp-json\/wp\/v2\/mec_speaker?post=5246"}],"curies":[{"name":"wp","href":"https:\/\/api.w.org\/{rel}","templated":true}]}}