{"id":3367,"date":"2024-01-04T22:48:21","date_gmt":"2024-01-05T06:48:21","guid":{"rendered":"https:\/\/thomashuebl.com\/?post_type=mec-events&#038;p=3367"},"modified":"2024-09-06T00:45:27","modified_gmt":"2024-09-06T07:45:27","slug":"stille-retreat-meditation-und-kontemplation-2024","status":"publish","type":"mec-events","link":"https:\/\/thomashuebl.com\/de\/events\/stille-retreat-meditation-und-kontemplation-2024\/","title":{"rendered":"Stille-Retreat \u2013 Meditation und Kontemplation 2024"},"content":{"rendered":"\t\t<div data-elementor-type=\"wp-post\" data-elementor-id=\"3367\" class=\"elementor elementor-3367\" data-elementor-post-type=\"mec-events\">\n\t\t\t\t\t\t<section class=\"elementor-section elementor-top-section elementor-element elementor-element-7fb1117d elementor-section-boxed elementor-section-height-default elementor-section-height-default\" data-id=\"7fb1117d\" data-element_type=\"section\" data-e-type=\"section\">\n\t\t\t\t\t\t<div class=\"elementor-container elementor-column-gap-default\">\n\t\t\t\t\t<div class=\"elementor-column elementor-col-100 elementor-top-column elementor-element elementor-element-2366f32d\" data-id=\"2366f32d\" data-element_type=\"column\" data-e-type=\"column\">\n\t\t\t<div class=\"elementor-widget-wrap elementor-element-populated\">\n\t\t\t\t\t\t<div class=\"elementor-element elementor-element-ba9abf9 elementor-widget elementor-widget-spacer\" data-id=\"ba9abf9\" data-element_type=\"widget\" data-e-type=\"widget\" data-widget_type=\"spacer.default\">\n\t\t\t\t<div class=\"elementor-widget-container\">\n\t\t\t\t\t\t\t<div class=\"elementor-spacer\">\n\t\t\t<div class=\"elementor-spacer-inner\"><\/div>\n\t\t<\/div>\n\t\t\t\t\t\t<\/div>\n\t\t\t\t<\/div>\n\t\t\t\t<div class=\"elementor-element elementor-element-8b3fdbc elementor-widget elementor-widget-heading\" data-id=\"8b3fdbc\" data-element_type=\"widget\" data-e-type=\"widget\" data-widget_type=\"heading.default\">\n\t\t\t\t<div class=\"elementor-widget-container\">\n\t\t\t\t\t<h3 class=\"elementor-heading-title elementor-size-default\">Retreat-Beschreibung<\/h3>\t\t\t\t<\/div>\n\t\t\t\t<\/div>\n\t\t\t\t<div class=\"elementor-element elementor-element-85cd16a elementor-widget elementor-widget-spacer\" data-id=\"85cd16a\" data-element_type=\"widget\" data-e-type=\"widget\" data-widget_type=\"spacer.default\">\n\t\t\t\t<div class=\"elementor-widget-container\">\n\t\t\t\t\t\t\t<div class=\"elementor-spacer\">\n\t\t\t<div class=\"elementor-spacer-inner\"><\/div>\n\t\t<\/div>\n\t\t\t\t\t\t<\/div>\n\t\t\t\t<\/div>\n\t\t\t\t<div class=\"elementor-element elementor-element-4a10f871 elementor-widget elementor-widget-text-editor\" data-id=\"4a10f871\" data-element_type=\"widget\" data-e-type=\"widget\" data-widget_type=\"text-editor.default\">\n\t\t\t\t<div class=\"elementor-widget-container\">\n\t\t\t\t\t\t\t\t\t<p><span style=\"font-weight: 400;\">Meditation ist heute mehr denn je eine Basis f\u00fcr ein bewusstes Leben. F\u00fcr immer mehr Menschen, die an einer <\/span><b>bewussten Entwicklung<\/b><span style=\"font-weight: 400;\">, sowohl individuell, kulturell als auch\u00a0 gesellschaftlich interessiert sind, ist die Teilnahme an einem Retreat eine essentielle Ressource geworden. <\/span><span style=\"font-weight: 400;\">Unser Leben wird<\/span> <span style=\"font-weight: 400;\">schneller und schneller, herausfordernder und komplexer. Krisennachrichten nehmen mehr Raum und Zeit ein. Umso mehr macht es Sinn zu <\/span><b>entschleunigen und die Meditationspraxis zu vertiefen.<\/b><span style=\"font-weight: 400;\"> Erg\u00e4nzend zur Meditation haben wir kontemplative Elemente in das Retreat eingebaut. Sie bewirken eine weniger getrennte Erfahrung von Innen und Au\u00dfen, vom inneren Selbst und den Objekten der Welt. Letztendlich entspringt alles der einen Quelle.<\/span><\/p>\t\t\t\t\t\t\t\t<\/div>\n\t\t\t\t<\/div>\n\t\t\t\t<div class=\"elementor-element elementor-element-d37c3cc elementor-widget elementor-widget-button\" data-id=\"d37c3cc\" data-element_type=\"widget\" data-e-type=\"widget\" data-widget_type=\"button.default\">\n\t\t\t\t<div class=\"elementor-widget-container\">\n\t\t\t\t\t\t\t\t\t<div class=\"elementor-button-wrapper\">\n\t\t\t\t\t<a class=\"elementor-button elementor-button-link elementor-size-sm\" href=\"https:\/\/registration.thomashuebl.com\/produkt\/stille-retreat-mit-susanne-ahlendorf-und-martin-bruders-20-27-oktober-2024\/\">\n\t\t\t\t\t\t<span class=\"elementor-button-content-wrapper\">\n\t\t\t\t\t\t\t\t\t<span class=\"elementor-button-text\">Hier anmelden<\/span>\n\t\t\t\t\t<\/span>\n\t\t\t\t\t<\/a>\n\t\t\t\t<\/div>\n\t\t\t\t\t\t\t\t<\/div>\n\t\t\t\t<\/div>\n\t\t\t\t<div class=\"elementor-element elementor-element-c91e4bc elementor-widget elementor-widget-spacer\" data-id=\"c91e4bc\" data-element_type=\"widget\" data-e-type=\"widget\" data-widget_type=\"spacer.default\">\n\t\t\t\t<div class=\"elementor-widget-container\">\n\t\t\t\t\t\t\t<div class=\"elementor-spacer\">\n\t\t\t<div class=\"elementor-spacer-inner\"><\/div>\n\t\t<\/div>\n\t\t\t\t\t\t<\/div>\n\t\t\t\t<\/div>\n\t\t\t\t<div class=\"elementor-element elementor-element-9a565c6 elementor-widget elementor-widget-heading\" data-id=\"9a565c6\" data-element_type=\"widget\" data-e-type=\"widget\" data-widget_type=\"heading.default\">\n\t\t\t\t<div class=\"elementor-widget-container\">\n\t\t\t\t\t<h3 class=\"elementor-heading-title elementor-size-default\">Aktuelle Unterkunftsoptionen<\/h3>\t\t\t\t<\/div>\n\t\t\t\t<\/div>\n\t\t\t\t<div class=\"elementor-element elementor-element-aa5b5b6 elementor-widget elementor-widget-spacer\" data-id=\"aa5b5b6\" data-element_type=\"widget\" data-e-type=\"widget\" data-widget_type=\"spacer.default\">\n\t\t\t\t<div class=\"elementor-widget-container\">\n\t\t\t\t\t\t\t<div class=\"elementor-spacer\">\n\t\t\t<div class=\"elementor-spacer-inner\"><\/div>\n\t\t<\/div>\n\t\t\t\t\t\t<\/div>\n\t\t\t\t<\/div>\n\t\t\t\t<div class=\"elementor-element elementor-element-cc85047 elementor-widget elementor-widget-text-editor\" data-id=\"cc85047\" data-element_type=\"widget\" data-e-type=\"widget\" data-widget_type=\"text-editor.default\">\n\t\t\t\t<div class=\"elementor-widget-container\">\n\t\t\t\t\t\t\t\t\t<ul><li>Einzelzimmer mit Etagenbad direkt im Haus<\/li><li><span style=\"font-weight: 400;\">4 EZ Zimmer im Elbengarten (700m entfernt). Das Haus stellt bei Buchung dieser Zimmer auch Fahrr\u00e4der.<\/span><\/li><li><span style=\"font-weight: 400;\">Ein oder zwei Betten im Dreibettzimmer f\u00fcr M\u00e4nner<\/span><\/li><li><span style=\"font-weight: 400;\">Matratzenschlafpl\u00e4tze, Wohnmobilstellpl\u00e4tze und Zeltpl\u00e4tze bzw. 2 Komfortzelte mit Betten f\u00fcr je eine Person\u00a0<\/span><\/li><\/ul>\t\t\t\t\t\t\t\t<\/div>\n\t\t\t\t<\/div>\n\t\t\t\t<div class=\"elementor-element elementor-element-f4a18c6 elementor-widget elementor-widget-heading\" data-id=\"f4a18c6\" data-element_type=\"widget\" data-e-type=\"widget\" data-widget_type=\"heading.default\">\n\t\t\t\t<div class=\"elementor-widget-container\">\n\t\t\t\t\t<h3 class=\"elementor-heading-title elementor-size-default\">Nahrung f\u00fcr die Seele<\/h3>\t\t\t\t<\/div>\n\t\t\t\t<\/div>\n\t\t\t\t<div class=\"elementor-element elementor-element-1be697f elementor-widget elementor-widget-spacer\" data-id=\"1be697f\" data-element_type=\"widget\" data-e-type=\"widget\" data-widget_type=\"spacer.default\">\n\t\t\t\t<div class=\"elementor-widget-container\">\n\t\t\t\t\t\t\t<div class=\"elementor-spacer\">\n\t\t\t<div class=\"elementor-spacer-inner\"><\/div>\n\t\t<\/div>\n\t\t\t\t\t\t<\/div>\n\t\t\t\t<\/div>\n\t\t\t\t<div class=\"elementor-element elementor-element-0088546 elementor-widget elementor-widget-text-editor\" data-id=\"0088546\" data-element_type=\"widget\" data-e-type=\"widget\" data-widget_type=\"text-editor.default\">\n\t\t\t\t<div class=\"elementor-widget-container\">\n\t\t\t\t\t\t\t\t\t<span style=\"font-weight: 400;\">Es ist eine Zeit der Stille, der Verlangsamung, des Loslassens von Fragen, des <\/span><b>inneren R\u00fcckzugs<\/b><span style=\"font-weight: 400;\">, des Hinein Lauschens in Antworten. Sein, ohne jemand sein zu m\u00fcssen in der Unmittelbarkeit der Gegenwart. Es wird nichts von Dir erwartet und es gibt nichts zu erreichen. Die Verbindung zur Essenz, zur tiefen Quelle des Lebens darf in den Mittelpunkt r\u00fccken.\u00a0<\/span>\n\n<span style=\"font-size: 18px; font-weight: 400; color: var( --e-global-color-text );\">Umgeben von kraftvoller Natur werden wir uns eine Woche lang auf einen inneren R\u00fcckzug und den intimen Kontakt mit uns einlassen. In liebevoller Begleitung durch Susanne und Martin erf\u00e4hrst du einen gehaltenen und gesch\u00fctzten Raum f\u00fcr deine Meditation. Durch eine immer feiner werdende <\/span><span style=\"font-size: 18px; color: var( --e-global-color-text );\"><b>kontemplative Erforschung des Jetzt<\/b><\/span><span style=\"font-size: 18px; font-weight: 400; color: var( --e-global-color-text );\"> entfalten wir die Sch\u00f6nheit des Moments. Dabei geht es nicht um Gedanken- oder Gef\u00fchlskontrolle, sondern um Inklusion\u00a0 und die M\u00f6glichkeit zur <\/span><span style=\"font-size: 18px; color: var( --e-global-color-text );\"><b>Transzendenzerfahrung.<\/b><\/span>\t\t\t\t\t\t\t\t<\/div>\n\t\t\t\t<\/div>\n\t\t\t\t\t<\/div>\n\t\t<\/div>\n\t\t\t\t\t<\/div>\n\t\t<\/section>\n\t\t\t\t<section class=\"elementor-section elementor-top-section elementor-element elementor-element-3d26a895 elementor-section-boxed elementor-section-height-default elementor-section-height-default\" data-id=\"3d26a895\" data-element_type=\"section\" data-e-type=\"section\">\n\t\t\t\t\t\t<div class=\"elementor-container elementor-column-gap-default\">\n\t\t\t\t\t<div class=\"elementor-column elementor-col-100 elementor-top-column elementor-element elementor-element-1227f389\" data-id=\"1227f389\" data-element_type=\"column\" data-e-type=\"column\">\n\t\t\t<div class=\"elementor-widget-wrap elementor-element-populated\">\n\t\t\t\t\t\t<div class=\"elementor-element elementor-element-11c0cc53 elementor-widget elementor-widget-heading\" data-id=\"11c0cc53\" data-element_type=\"widget\" data-e-type=\"widget\" data-widget_type=\"heading.default\">\n\t\t\t\t<div class=\"elementor-widget-container\">\n\t\t\t\t\t<h3 class=\"elementor-heading-title elementor-size-default\">Was du bekommst auf einen Blick\n<\/h3>\t\t\t\t<\/div>\n\t\t\t\t<\/div>\n\t\t\t\t<div class=\"elementor-element elementor-element-d9a1f76 elementor-widget elementor-widget-spacer\" data-id=\"d9a1f76\" data-element_type=\"widget\" data-e-type=\"widget\" data-widget_type=\"spacer.default\">\n\t\t\t\t<div class=\"elementor-widget-container\">\n\t\t\t\t\t\t\t<div class=\"elementor-spacer\">\n\t\t\t<div class=\"elementor-spacer-inner\"><\/div>\n\t\t<\/div>\n\t\t\t\t\t\t<\/div>\n\t\t\t\t<\/div>\n\t\t\t\t<div class=\"elementor-element elementor-element-3dcf1e88 elementor-widget elementor-widget-text-editor\" data-id=\"3dcf1e88\" data-element_type=\"widget\" data-e-type=\"widget\" data-widget_type=\"text-editor.default\">\n\t\t\t\t<div class=\"elementor-widget-container\">\n\t\t\t\t\t\t\t\t\t<ul><li style=\"font-weight: 400;\" aria-level=\"1\"><span style=\"font-weight: 400;\">Hilfreiche Informationen zur Meditationspraxis<\/span><\/li><li style=\"font-weight: 400;\" aria-level=\"1\"><span style=\"font-weight: 400;\">Ausgewogene Anleitungen zur Pr\u00e4senz-, Stille- und Lichtmeditation<\/span><\/li><li style=\"font-weight: 400;\" aria-level=\"1\"><span style=\"font-weight: 400;\">Orientierung durch einen bew\u00e4hrten Tagesablauf<\/span><\/li><li style=\"font-weight: 400;\" aria-level=\"1\"><span style=\"font-weight: 400;\">Energetische Begleitung des Retreats durch Thomas H\u00fcbl<\/span><\/li><li style=\"font-weight: 400;\" aria-level=\"1\"><span style=\"font-weight: 400;\">Digitaler Detox<\/span><\/li><li style=\"font-weight: 400;\" aria-level=\"1\"><span style=\"font-weight: 400;\">N\u00e4he zur Natur<\/span><\/li><li style=\"font-weight: 400;\" aria-level=\"1\"><span style=\"font-weight: 400;\">Gehaltener Gruppen-Container<\/span><\/li><li style=\"font-weight: 400;\" aria-level=\"1\"><span style=\"font-weight: 400;\">Liebevolle Begleitung durch das erfahrene Leitungsteam<\/span><\/li><li style=\"font-weight: 400;\" aria-level=\"1\"><span style=\"font-weight: 400;\">T\u00e4gliche Konsultationsstunden<\/span><\/li><li style=\"font-weight: 400;\" aria-level=\"1\"><span style=\"font-weight: 400;\">Kraft eines Gruppenfeldes und des gemeinsamen Meditierens<\/span><\/li><li style=\"font-weight: 400;\" aria-level=\"1\"><span style=\"font-weight: 400;\">Leckeres und ausgewogenes Essen<\/span><\/li><\/ul>\t\t\t\t\t\t\t\t<\/div>\n\t\t\t\t<\/div>\n\t\t\t\t<div class=\"elementor-element elementor-element-23273751 elementor-widget elementor-widget-text-editor\" data-id=\"23273751\" data-element_type=\"widget\" data-e-type=\"widget\" data-widget_type=\"text-editor.default\">\n\t\t\t\t<div class=\"elementor-widget-container\">\n\t\t\t\t\t\t\t\t\t<p><span style=\"font-weight: 400;\">Meditationen im Sitzen und im Gehen, bewusstes Atmen, achtsame Pr\u00e4senz erleben und neue Kraft scho\u0308pfen, innere und a\u0308u\u00dfere Ruhe erfahren. Ein<\/span> klarer Tagesablauf <span style=\"font-weight: 400;\">und die gemeinsame Praxis als Gruppe <\/span>unterstu\u0308tzen den Prozess der Bewusstwerdung.<span style=\"font-weight: 400;\"> Gefu\u0308hrte Meditationen ermo\u0308glichen dir den intimen Kontakt und die <\/span><b>achtsame Begegnung mit deinem Selbst<\/b><span style=\"font-weight: 400;\">. Elemente der objektbezogenen Kontemplation, meditatives Schreiben, Ho\u0308ren in die Quelle eines Musikstu\u0308ckes werden den Prozess unterstu\u0308tzen. <\/span><b>Thomas H\u00fcbl wird das Meditationsretreat<\/b><span style=\"font-weight: 400;\"> energetisch aus der Ferne begleiten. Dies st\u00e4rkt unseren Gruppen-Container auf besondere Weise. Durch die Verbundenheit mit Thomas erhalten wir zus\u00e4tzlich Unterst\u00fctzung durch die Angebundenheit an ein gr\u00f6\u00dferes Feld. <\/span><\/p>\t\t\t\t\t\t\t\t<\/div>\n\t\t\t\t<\/div>\n\t\t\t\t<div class=\"elementor-element elementor-element-2dee2d5 elementor-widget elementor-widget-spacer\" data-id=\"2dee2d5\" data-element_type=\"widget\" data-e-type=\"widget\" data-widget_type=\"spacer.default\">\n\t\t\t\t<div class=\"elementor-widget-container\">\n\t\t\t\t\t\t\t<div class=\"elementor-spacer\">\n\t\t\t<div class=\"elementor-spacer-inner\"><\/div>\n\t\t<\/div>\n\t\t\t\t\t\t<\/div>\n\t\t\t\t<\/div>\n\t\t\t\t<div class=\"elementor-element elementor-element-65a6a76 elementor-blockquote--skin-quotation elementor-blockquote--align-center elementor-widget elementor-widget-blockquote\" data-id=\"65a6a76\" data-element_type=\"widget\" data-e-type=\"widget\" data-widget_type=\"blockquote.default\">\n\t\t\t\t<div class=\"elementor-widget-container\">\n\t\t\t\t\t\t\t<blockquote class=\"elementor-blockquote\">\n\t\t\t<p class=\"elementor-blockquote__content\">\n\t\t\t\tDas Universum ist voller Geheimnisse. \nWer sie zu entdecken sucht, \nmuss still werden und lauschen.\t\t\t<\/p>\n\t\t\t\t\t\t\t<div class=\"e-q-footer\">\n\t\t\t\t\t\t\t\t\t\t\t<cite class=\"elementor-blockquote__author\">Rumi<\/cite>\n\t\t\t\t\t\t\t\t\t\t\t\t\t\t<\/div>\n\t\t\t\t\t<\/blockquote>\n\t\t\t\t\t\t<\/div>\n\t\t\t\t<\/div>\n\t\t\t\t<div class=\"elementor-element elementor-element-bd53b57 elementor-widget elementor-widget-spacer\" data-id=\"bd53b57\" data-element_type=\"widget\" data-e-type=\"widget\" data-widget_type=\"spacer.default\">\n\t\t\t\t<div class=\"elementor-widget-container\">\n\t\t\t\t\t\t\t<div class=\"elementor-spacer\">\n\t\t\t<div class=\"elementor-spacer-inner\"><\/div>\n\t\t<\/div>\n\t\t\t\t\t\t<\/div>\n\t\t\t\t<\/div>\n\t\t\t\t<div class=\"elementor-element elementor-element-c9ed36e elementor-widget elementor-widget-heading\" data-id=\"c9ed36e\" data-element_type=\"widget\" data-e-type=\"widget\" data-widget_type=\"heading.default\">\n\t\t\t\t<div class=\"elementor-widget-container\">\n\t\t\t\t\t<h3 class=\"elementor-heading-title elementor-size-default\">Was kann geschehen<\/h3>\t\t\t\t<\/div>\n\t\t\t\t<\/div>\n\t\t\t\t<div class=\"elementor-element elementor-element-c042c87 elementor-widget elementor-widget-spacer\" data-id=\"c042c87\" data-element_type=\"widget\" data-e-type=\"widget\" data-widget_type=\"spacer.default\">\n\t\t\t\t<div class=\"elementor-widget-container\">\n\t\t\t\t\t\t\t<div class=\"elementor-spacer\">\n\t\t\t<div class=\"elementor-spacer-inner\"><\/div>\n\t\t<\/div>\n\t\t\t\t\t\t<\/div>\n\t\t\t\t<\/div>\n\t\t\t\t\t<\/div>\n\t\t<\/div>\n\t\t\t\t\t<\/div>\n\t\t<\/section>\n\t\t\t\t<section class=\"elementor-section elementor-top-section elementor-element elementor-element-73ed8064 elementor-section-boxed elementor-section-height-default elementor-section-height-default\" data-id=\"73ed8064\" data-element_type=\"section\" data-e-type=\"section\">\n\t\t\t\t\t\t<div class=\"elementor-container elementor-column-gap-default\">\n\t\t\t\t\t<div class=\"elementor-column elementor-col-100 elementor-top-column elementor-element elementor-element-7539ed13\" data-id=\"7539ed13\" data-element_type=\"column\" data-e-type=\"column\">\n\t\t\t<div class=\"elementor-widget-wrap elementor-element-populated\">\n\t\t\t\t\t\t<div class=\"elementor-element elementor-element-cb30919 elementor-widget elementor-widget-text-editor\" data-id=\"cb30919\" data-element_type=\"widget\" data-e-type=\"widget\" data-widget_type=\"text-editor.default\">\n\t\t\t\t<div class=\"elementor-widget-container\">\n\t\t\t\t\t\t\t\t\t<p><span style=\"font-weight: 400;\">W\u00e4hrend dieser Zeit k\u00f6nnen Muster und Konditionierungen oder auch alte Verletzungen auftauchen, es kann auch sein, dass der Verstand lauter wird und viele Gedanken hochkommen. Dies ist Teil eines <\/span><b>geistigen Detox-Prozesses<\/b><span style=\"font-weight: 400;\">, der f\u00fcr die meisten Menschen wieder Freiraum schafft f\u00fcr die n\u00e4chsten authentischen Schritte im Leben. Um dich in diesem Prozess zu unterst\u00fctzen, bieten wir w\u00e4hrend der Retreat Woche t\u00e4gliche <\/span><b>Konsulationsstunden<\/b><span style=\"font-weight: 400;\"> an, in denen du deine Fragen stellen oder deinen Prozess im Kontakt mit uns begleiten lassen kannst. Eine Haltung von liebevoller Achtsamkeit und Akzeptanz erm\u00f6glicht einen tiefen, energetischen Prozess von Kl\u00e4rung und <\/span><b>Ausdehnung des Bewusstseins.<\/b><\/p><p><b>\u00a0So kann die Woche aussehen:<\/b><\/p>\t\t\t\t\t\t\t\t<\/div>\n\t\t\t\t<\/div>\n\t\t\t\t<div class=\"elementor-element elementor-element-493ab15 elementor-widget elementor-widget-image\" data-id=\"493ab15\" data-element_type=\"widget\" data-e-type=\"widget\" data-widget_type=\"image.default\">\n\t\t\t\t<div class=\"elementor-widget-container\">\n\t\t\t\t\t\t\t\t\t\t\t\t\t\t\t<img fetchpriority=\"high\" decoding=\"async\" width=\"1024\" height=\"566\" src=\"https:\/\/thomashuebl.com\/wp-content\/uploads\/2024\/01\/Bildschirmfoto-2024-06-28-um-13.25.30-e1719993273494-1024x566.png\" class=\"attachment-large size-large wp-image-4034\" alt=\"\" srcset=\"https:\/\/thomashuebl.com\/wp-content\/uploads\/2024\/01\/Bildschirmfoto-2024-06-28-um-13.25.30-e1719993273494-1024x566.png 1024w, https:\/\/thomashuebl.com\/wp-content\/uploads\/2024\/01\/Bildschirmfoto-2024-06-28-um-13.25.30-e1719993273494-300x166.png 300w, https:\/\/thomashuebl.com\/wp-content\/uploads\/2024\/01\/Bildschirmfoto-2024-06-28-um-13.25.30-e1719993273494-768x425.png 768w, https:\/\/thomashuebl.com\/wp-content\/uploads\/2024\/01\/Bildschirmfoto-2024-06-28-um-13.25.30-e1719993273494.png 1338w\" sizes=\"(max-width: 1024px) 100vw, 1024px\" \/>\t\t\t\t\t\t\t\t\t\t\t\t\t\t\t<\/div>\n\t\t\t\t<\/div>\n\t\t\t\t<div class=\"elementor-element elementor-element-3d85265 elementor-widget elementor-widget-spacer\" data-id=\"3d85265\" data-element_type=\"widget\" data-e-type=\"widget\" data-widget_type=\"spacer.default\">\n\t\t\t\t<div class=\"elementor-widget-container\">\n\t\t\t\t\t\t\t<div class=\"elementor-spacer\">\n\t\t\t<div class=\"elementor-spacer-inner\"><\/div>\n\t\t<\/div>\n\t\t\t\t\t\t<\/div>\n\t\t\t\t<\/div>\n\t\t\t\t<div class=\"elementor-element elementor-element-f8736cf elementor-widget elementor-widget-heading\" data-id=\"f8736cf\" data-element_type=\"widget\" data-e-type=\"widget\" data-widget_type=\"heading.default\">\n\t\t\t\t<div class=\"elementor-widget-container\">\n\t\t\t\t\t<h3 class=\"elementor-heading-title elementor-size-default\">Leitungsteam<\/h3>\t\t\t\t<\/div>\n\t\t\t\t<\/div>\n\t\t\t\t<div class=\"elementor-element elementor-element-d455ecf elementor-widget elementor-widget-spacer\" data-id=\"d455ecf\" data-element_type=\"widget\" data-e-type=\"widget\" data-widget_type=\"spacer.default\">\n\t\t\t\t<div class=\"elementor-widget-container\">\n\t\t\t\t\t\t\t<div class=\"elementor-spacer\">\n\t\t\t<div class=\"elementor-spacer-inner\"><\/div>\n\t\t<\/div>\n\t\t\t\t\t\t<\/div>\n\t\t\t\t<\/div>\n\t\t\t\t<div class=\"elementor-element elementor-element-1ff6551 elementor-widget elementor-widget-text-editor\" data-id=\"1ff6551\" data-element_type=\"widget\" data-e-type=\"widget\" data-widget_type=\"text-editor.default\">\n\t\t\t\t<div class=\"elementor-widget-container\">\n\t\t\t\t\t\t\t\t\t<p><span style=\"font-weight: 400;\">Martin Bruders und Susanne Ahlendorf leiten seit 10 Jahren Meditationsretreats. Ihre empathische und eingestimmte Art anzuleiten, ist wie eine spielerische Bewegung zwischen Yin und Yang, die die Teilnehmenden an unterschiedlichen Andockstellen abholt. Sie l\u00e4sst genug Raum f\u00fcr Leichtigkeit, ist trauma-informiert und gibt gleichzeitig Orientierung und Sicherheit, sich einzulassen auf den ganz individuellen Weg der Meditation. Dies bietet damit auch die M\u00f6glichkeit der Vertiefung f\u00fcr jedes Level von Vorerfahrung.<\/span><\/p><p><b>Mit Thomas H\u00fcbl verbindet Susanne und Martin<\/b><span style=\"font-weight: 400;\"> seit 18 bzw. 16 Jahren eine enge Sch\u00fclerIn-Lehrer Beziehung. Als Senior Students sind sie an verschiedenen Projekten und Gruppen beteiligt.<\/span><\/p><p><span style=\"font-weight: 400;\">\u00a0<\/span><\/p>\t\t\t\t\t\t\t\t<\/div>\n\t\t\t\t<\/div>\n\t\t\t\t<div class=\"elementor-element elementor-element-0f04eaf elementor-widget elementor-widget-image\" data-id=\"0f04eaf\" data-element_type=\"widget\" data-e-type=\"widget\" data-widget_type=\"image.default\">\n\t\t\t\t<div class=\"elementor-widget-container\">\n\t\t\t\t\t\t\t\t\t\t\t\t\t\t\t<img decoding=\"async\" width=\"768\" height=\"517\" src=\"https:\/\/thomashuebl.com\/wp-content\/uploads\/2024\/01\/26-Core-Group-Mai_FZ9_5211-scaled-e1718866805162-768x517.jpg\" class=\"attachment-medium_large size-medium_large wp-image-3964\" alt=\"\" srcset=\"https:\/\/thomashuebl.com\/wp-content\/uploads\/2024\/01\/26-Core-Group-Mai_FZ9_5211-scaled-e1718866805162-768x517.jpg 768w, https:\/\/thomashuebl.com\/wp-content\/uploads\/2024\/01\/26-Core-Group-Mai_FZ9_5211-scaled-e1718866805162-300x202.jpg 300w, https:\/\/thomashuebl.com\/wp-content\/uploads\/2024\/01\/26-Core-Group-Mai_FZ9_5211-scaled-e1718866805162-1024x689.jpg 1024w, https:\/\/thomashuebl.com\/wp-content\/uploads\/2024\/01\/26-Core-Group-Mai_FZ9_5211-scaled-e1718866805162-1536x1033.jpg 1536w, https:\/\/thomashuebl.com\/wp-content\/uploads\/2024\/01\/26-Core-Group-Mai_FZ9_5211-scaled-e1718866805162-2048x1377.jpg 2048w\" sizes=\"(max-width: 768px) 100vw, 768px\" \/>\t\t\t\t\t\t\t\t\t\t\t\t\t\t\t<\/div>\n\t\t\t\t<\/div>\n\t\t\t\t<div class=\"elementor-element elementor-element-a125231 elementor-widget elementor-widget-spacer\" data-id=\"a125231\" data-element_type=\"widget\" data-e-type=\"widget\" data-widget_type=\"spacer.default\">\n\t\t\t\t<div class=\"elementor-widget-container\">\n\t\t\t\t\t\t\t<div class=\"elementor-spacer\">\n\t\t\t<div class=\"elementor-spacer-inner\"><\/div>\n\t\t<\/div>\n\t\t\t\t\t\t<\/div>\n\t\t\t\t<\/div>\n\t\t\t\t\t<\/div>\n\t\t<\/div>\n\t\t\t\t\t<\/div>\n\t\t<\/section>\n\t\t\t\t<section class=\"elementor-section elementor-top-section elementor-element elementor-element-036a413 elementor-section-boxed elementor-section-height-default elementor-section-height-default\" data-id=\"036a413\" data-element_type=\"section\" data-e-type=\"section\">\n\t\t\t\t\t\t<div class=\"elementor-container elementor-column-gap-default\">\n\t\t\t\t\t<div class=\"elementor-column elementor-col-100 elementor-top-column elementor-element elementor-element-6e274d4\" data-id=\"6e274d4\" data-element_type=\"column\" data-e-type=\"column\">\n\t\t\t<div class=\"elementor-widget-wrap elementor-element-populated\">\n\t\t\t\t\t\t<div class=\"elementor-element elementor-element-314505c elementor-widget elementor-widget-heading\" data-id=\"314505c\" data-element_type=\"widget\" data-e-type=\"widget\" data-widget_type=\"heading.default\">\n\t\t\t\t<div class=\"elementor-widget-container\">\n\t\t\t\t\t<h3 class=\"elementor-heading-title elementor-size-default\">Rezensionen<\/h3>\t\t\t\t<\/div>\n\t\t\t\t<\/div>\n\t\t\t\t<section class=\"elementor-section elementor-inner-section elementor-element elementor-element-13f6418 elementor-section-boxed elementor-section-height-default elementor-section-height-default\" data-id=\"13f6418\" data-element_type=\"section\" data-e-type=\"section\">\n\t\t\t\t\t\t<div class=\"elementor-container elementor-column-gap-default\">\n\t\t\t\t\t<div class=\"elementor-column elementor-col-100 elementor-inner-column elementor-element elementor-element-170e5e9\" data-id=\"170e5e9\" data-element_type=\"column\" data-e-type=\"column\">\n\t\t\t<div class=\"elementor-widget-wrap elementor-element-populated\">\n\t\t\t\t\t\t<div class=\"elementor-element elementor-element-d54c5a6 elementor-widget elementor-widget-spacer\" data-id=\"d54c5a6\" data-element_type=\"widget\" data-e-type=\"widget\" data-widget_type=\"spacer.default\">\n\t\t\t\t<div class=\"elementor-widget-container\">\n\t\t\t\t\t\t\t<div class=\"elementor-spacer\">\n\t\t\t<div class=\"elementor-spacer-inner\"><\/div>\n\t\t<\/div>\n\t\t\t\t\t\t<\/div>\n\t\t\t\t<\/div>\n\t\t\t\t<div class=\"elementor-element elementor-element-343dbb1 elementor-widget elementor-widget-text-editor\" data-id=\"343dbb1\" data-element_type=\"widget\" data-e-type=\"widget\" data-widget_type=\"text-editor.default\">\n\t\t\t\t<div class=\"elementor-widget-container\">\n\t\t\t\t\t\t\t\t\t<p><em>&#8220;Extrem einf\u00fchlsame und sensible Begleitung durch die Stille, sehr professionell, die\u00a0jahrelange Erfahrung von Susanne und Martin war sp\u00fcrbar und gab mir gro\u00dfe Sicherheit bei der Reise. Menschlich so nah.&#8221;<\/em><\/p><p><em>&#8211;<\/em><\/p><p><em>&#8220;Super. Die Struktur perfekt, der sanfte Beginn, der Aufbau in den folgenden Tagen, die\u00a0Anregung zu anderen Formen der Meditation und das Eingehen und mitgehen. Manchmal hatte ich den Eindruck, ihr k\u00f6nnt meine Gedanken lesen, denn dann kam genau der Impuls dazu.&#8221;<\/em><\/p><p><em>&#8211;<\/em><\/p><p><em>&#8220;Das Retreat hat mich auf angenehme und herausfordernde Weise da getroffen. wo ich gerade stehe. Martin und Susanna standen mir bei Schwierigkeiten zur Seite und lie\u00dfen mir genug Raum f\u00fcr meine eigene Entwicklung. Meine Meditationspraxis hat sich vertieft und entwickelt und ist ein Ressource f\u00fcr mich geworden.&#8221;<\/em><\/p><p><em>&#8211;<\/em><\/p><p><em>&#8220;Ich hatte keine Meditationserfahrung und das Seminar war eine unglaubliche, bereichernde Erfahrung f\u00fcr mich.&#8221;<\/em><\/p><p><em>&#8211;<\/em><\/p><p><em>&#8220;Ich habe diese Zeit als sehr intensiv erlebt. Dass ich gerne mal mit mehreren Menschen in Stille sitze, h\u00e4tte ich mir nicht vorstellen k\u00f6nnen. Ich h\u00e4tte am liebsten die Woche nochmal verl\u00e4ngert. Ein Erlebnis was ich nicht missen m\u00f6chte.&#8221;<\/em><\/p>\t\t\t\t\t\t\t\t<\/div>\n\t\t\t\t<\/div>\n\t\t\t\t\t<\/div>\n\t\t<\/div>\n\t\t\t\t\t<\/div>\n\t\t<\/section>\n\t\t\t\t<div class=\"elementor-element elementor-element-bcd08fe elementor-widget elementor-widget-spacer\" data-id=\"bcd08fe\" data-element_type=\"widget\" data-e-type=\"widget\" data-widget_type=\"spacer.default\">\n\t\t\t\t<div class=\"elementor-widget-container\">\n\t\t\t\t\t\t\t<div class=\"elementor-spacer\">\n\t\t\t<div class=\"elementor-spacer-inner\"><\/div>\n\t\t<\/div>\n\t\t\t\t\t\t<\/div>\n\t\t\t\t<\/div>\n\t\t\t\t\t<\/div>\n\t\t<\/div>\n\t\t\t\t\t<\/div>\n\t\t<\/section>\n\t\t\t\t<section class=\"elementor-section elementor-top-section elementor-element elementor-element-92b2b69 elementor-section-boxed elementor-section-height-default elementor-section-height-default\" data-id=\"92b2b69\" data-element_type=\"section\" data-e-type=\"section\">\n\t\t\t\t\t\t<div class=\"elementor-container elementor-column-gap-default\">\n\t\t\t\t\t<div class=\"elementor-column elementor-col-100 elementor-top-column elementor-element elementor-element-525b479\" data-id=\"525b479\" data-element_type=\"column\" data-e-type=\"column\">\n\t\t\t<div class=\"elementor-widget-wrap elementor-element-populated\">\n\t\t\t\t\t\t<section class=\"elementor-section elementor-inner-section elementor-element elementor-element-75b6591 elementor-section-boxed elementor-section-height-default elementor-section-height-default\" data-id=\"75b6591\" data-element_type=\"section\" data-e-type=\"section\">\n\t\t\t\t\t\t<div class=\"elementor-container elementor-column-gap-default\">\n\t\t\t\t\t<div class=\"elementor-column elementor-col-100 elementor-inner-column elementor-element elementor-element-55ed591\" data-id=\"55ed591\" data-element_type=\"column\" data-e-type=\"column\">\n\t\t\t<div class=\"elementor-widget-wrap elementor-element-populated\">\n\t\t\t\t\t\t<div class=\"elementor-element elementor-element-0bb0a92 elementor-widget elementor-widget-heading\" data-id=\"0bb0a92\" data-element_type=\"widget\" data-e-type=\"widget\" data-widget_type=\"heading.default\">\n\t\t\t\t<div class=\"elementor-widget-container\">\n\t\t\t\t\t<h3 class=\"elementor-heading-title elementor-size-default\">Impressionen vom Seminarhaus Sophia und der Umgebung\n<\/h3>\t\t\t\t<\/div>\n\t\t\t\t<\/div>\n\t\t\t\t<div class=\"elementor-element elementor-element-285c291 elementor-widget elementor-widget-spacer\" data-id=\"285c291\" data-element_type=\"widget\" data-e-type=\"widget\" data-widget_type=\"spacer.default\">\n\t\t\t\t<div class=\"elementor-widget-container\">\n\t\t\t\t\t\t\t<div class=\"elementor-spacer\">\n\t\t\t<div class=\"elementor-spacer-inner\"><\/div>\n\t\t<\/div>\n\t\t\t\t\t\t<\/div>\n\t\t\t\t<\/div>\n\t\t\t\t<div class=\"elementor-element elementor-element-ef15fa3 elementor-widget elementor-widget-video\" data-id=\"ef15fa3\" data-element_type=\"widget\" data-e-type=\"widget\" data-settings=\"{&quot;youtube_url&quot;:&quot;https:\\\/\\\/www.youtube.com\\\/watch?v=Ss1rjbLrYzw&quot;,&quot;video_type&quot;:&quot;youtube&quot;,&quot;controls&quot;:&quot;yes&quot;}\" data-widget_type=\"video.default\">\n\t\t\t\t<div class=\"elementor-widget-container\">\n\t\t\t\t\t\t\t<div class=\"elementor-wrapper elementor-open-inline\">\n\t\t\t<div class=\"elementor-video\"><\/div>\t\t<\/div>\n\t\t\t\t\t\t<\/div>\n\t\t\t\t<\/div>\n\t\t\t\t\t<\/div>\n\t\t<\/div>\n\t\t\t\t\t<\/div>\n\t\t<\/section>\n\t\t\t\t<div class=\"elementor-element elementor-element-538314f elementor-widget elementor-widget-spacer\" data-id=\"538314f\" data-element_type=\"widget\" data-e-type=\"widget\" data-widget_type=\"spacer.default\">\n\t\t\t\t<div class=\"elementor-widget-container\">\n\t\t\t\t\t\t\t<div class=\"elementor-spacer\">\n\t\t\t<div class=\"elementor-spacer-inner\"><\/div>\n\t\t<\/div>\n\t\t\t\t\t\t<\/div>\n\t\t\t\t<\/div>\n\t\t\t\t<div class=\"elementor-element elementor-element-2ad93fe9 elementor-widget elementor-widget-heading\" data-id=\"2ad93fe9\" data-element_type=\"widget\" data-e-type=\"widget\" data-widget_type=\"heading.default\">\n\t\t\t\t<div class=\"elementor-widget-container\">\n\t\t\t\t\t<h3 class=\"elementor-heading-title elementor-size-default\">Organisatorisches<\/h3>\t\t\t\t<\/div>\n\t\t\t\t<\/div>\n\t\t\t\t<div class=\"elementor-element elementor-element-4af498d elementor-widget elementor-widget-spacer\" data-id=\"4af498d\" data-element_type=\"widget\" data-e-type=\"widget\" data-widget_type=\"spacer.default\">\n\t\t\t\t<div class=\"elementor-widget-container\">\n\t\t\t\t\t\t\t<div class=\"elementor-spacer\">\n\t\t\t<div class=\"elementor-spacer-inner\"><\/div>\n\t\t<\/div>\n\t\t\t\t\t\t<\/div>\n\t\t\t\t<\/div>\n\t\t\t\t<div class=\"elementor-element elementor-element-1f5cf319 elementor-widget elementor-widget-text-editor\" data-id=\"1f5cf319\" data-element_type=\"widget\" data-e-type=\"widget\" data-widget_type=\"text-editor.default\">\n\t\t\t\t<div class=\"elementor-widget-container\">\n\t\t\t\t\t\t\t\t\t<p><b>Datum:<\/b><span style=\"font-weight: 400;\"> Sonntag, 20. Oktober bis Sonntag, 27. Oktober 2024<\/span><\/p><p><b>Zeit:<\/b><span style=\"font-weight: 400;\"> Beginn 18 Uhr, Ende 12.30 Uhr<\/span><\/p><p><span style=\"font-weight: 400;\">Das Retreat ist offen f\u00fcr alle Level von Meditationserfahrung.<\/span><\/p><p><strong>Teilnahmegeb\u00fchr:<\/strong><\/p><p>Preis: 490 EUR inkl. Steuern<\/p><p><strong>Unterkunftskosten (p.P. &amp; Nacht):<\/strong><\/p><ul><li>Vollpension (40 \u20ac\/Tag) vegetarisch &amp; bio ist im Zimmerpreis enthalten. Bei Sonderw\u00fcnschen, Unvertr\u00e4glichkeiten beim Essen u.\u00e4. nimmt die K\u00f6chin einen Aufschlag von 3,00 \u20ac\/Person und Tag.<\/li><li>70 Euro bei \u00dcbernachtung Matratzenlager, autarkes Wohnmobil<\/li><li>73 Euro im Vierbettzimmer (Etagenbad)<\/li><li>75 Euro im Dreibettzimmer (Etagenbad)<\/li><li>78 Euro im Doppelbettzimmer (Etagenbad)<\/li><li>80 Euro im Dreibettzimmer mit Bad<\/li><li>85 Euro im Doppelzimmer mit Bad<\/li><li>Einzelzimmer ab 99 Euro, bitte anfragen<\/li><\/ul><p>Bettw\u00e4sche und\/oder Handt\u00fccher bitte mitbringen. Verleih ist m\u00f6glich &#8211; Kosten 9 Euro\/Person<\/p><p><strong>Zimmerreservierung:<\/strong> Seminarhaus-sophia@gmx.de | Tel: +49 (0)5862 \u2013 941 1374<br \/><strong>Mindestteilnehmerzahl:<\/strong> 8 (Bei einer Teilnehmerzahl unter 15 Teilnehmern wird nur einer der Referenten das Retreat vor Ort leiten.)<br \/><strong>Kontakt: <\/strong>f\u00fcr eine Anfrage zum Stille Retreat <a href=\"https:\/\/thomashuebl.com\/de\/kontaktformular-stille-retreat\/\">bitte hier klicken<\/a>\u00a0| Tel: +49 (0)4407 \u2013 716 094<br \/><strong>Ort:<\/strong> Seminarhaus \u201eSophia\u201c\u2028Adresse: An der Elbe 2, 29490 Drethem\u2028Webseite: www.das-ausbreiten-der-fluegel.de<\/p>\t\t\t\t\t\t\t\t<\/div>\n\t\t\t\t<\/div>\n\t\t\t\t<div class=\"elementor-element elementor-element-12a256b elementor-widget elementor-widget-text-editor\" data-id=\"12a256b\" data-element_type=\"widget\" data-e-type=\"widget\" data-widget_type=\"text-editor.default\">\n\t\t\t\t<div class=\"elementor-widget-container\">\n\t\t\t\t\t\t\t\t\t<p><span style=\"font-size: 18px; font-style: normal; font-weight: bold;\">Bitte beachten:<\/span><span style=\"font-size: 18px; font-style: normal; font-weight: 400;\">\u00a0Ein Zimmer kann erst verbindlich gebucht werden, wenn die Teilnahme am Stille Retreat gebucht wurde!<\/span><\/p>\t\t\t\t\t\t\t\t<\/div>\n\t\t\t\t<\/div>\n\t\t\t\t\t<\/div>\n\t\t<\/div>\n\t\t\t\t\t<\/div>\n\t\t<\/section>\n\t\t\t\t<\/div>\n\t\t","protected":false},"excerpt":{"rendered":"<p>Eine Zeit der Stille, Kontemplation und Meditation in kraftvoller Natur an der Elbe. Sein, ohne jemand sein zu m\u00fcssen. Begebe dich eine Woche lang auf einen inneren R\u00fcckzug.<\/p>\n","protected":false},"author":13,"featured_media":3430,"comment_status":"closed","ping_status":"closed","template":"","meta":{"_acf_changed":false,"site-sidebar-layout":"default","site-content-layout":"default","ast-site-content-layout":"default","site-content-style":"default","site-sidebar-style":"default","ast-global-header-display":"","ast-banner-title-visibility":"","ast-main-header-display":"","ast-hfb-above-header-display":"","ast-hfb-below-header-display":"","ast-hfb-mobile-header-display":"","site-post-title":"","ast-breadcrumbs-content":"","ast-featured-img":"","footer-sml-layout":"","ast-disable-related-posts":"","theme-transparent-header-meta":"default","adv-header-id-meta":"","stick-header-meta":"","header-above-stick-meta":"","header-main-stick-meta":"","header-below-stick-meta":"","astra-migrate-meta-layouts":"set","ast-page-background-enabled":"default","ast-page-background-meta":{"desktop":{"background-color":"","background-image":"","background-repeat":"repeat","background-position":"center center","background-size":"auto","background-attachment":"scroll","background-type":"","background-media":"","overlay-type":"","overlay-color":"","overlay-opacity":"","overlay-gradient":""},"tablet":{"background-color":"","background-image":"","background-repeat":"repeat","background-position":"center center","background-size":"auto","background-attachment":"scroll","background-type":"","background-media":"","overlay-type":"","overlay-color":"","overlay-opacity":"","overlay-gradient":""},"mobile":{"background-color":"","background-image":"","background-repeat":"repeat","background-position":"center center","background-size":"auto","background-attachment":"scroll","background-type":"","background-media":"","overlay-type":"","overlay-color":"","overlay-opacity":"","overlay-gradient":""}},"ast-content-background-meta":{"desktop":{"background-color":"var(--ast-global-color-5)","background-image":"","background-repeat":"repeat","background-position":"center center","background-size":"auto","background-attachment":"scroll","background-type":"","background-media":"","overlay-type":"","overlay-color":"","overlay-opacity":"","overlay-gradient":""},"tablet":{"background-color":"var(--ast-global-color-5)","background-image":"","background-repeat":"repeat","background-position":"center center","background-size":"auto","background-attachment":"scroll","background-type":"","background-media":"","overlay-type":"","overlay-color":"","overlay-opacity":"","overlay-gradient":""},"mobile":{"background-color":"var(--ast-global-color-5)","background-image":"","background-repeat":"repeat","background-position":"center center","background-size":"auto","background-attachment":"scroll","background-type":"","background-media":"","overlay-type":"","overlay-color":"","overlay-opacity":"","overlay-gradient":""}}},"tags":[140],"mec_category":[172],"mec_speaker":[181,180],"class_list":["post-3367","mec-events","type-mec-events","status-publish","has-post-thumbnail","hentry","tag-meditation-de","mec_category-retreat-de"],"acf":[],"yoast_head":"<!-- This site is optimized with the Yoast SEO plugin v27.5 - https:\/\/yoast.com\/product\/yoast-seo-wordpress\/ -->\n<title>Stille-Retreat \u2013 Meditation und Kontemplation 2024 - Thomas Huebl<\/title>\n<meta name=\"description\" content=\"Eine Zeit der Stille, Kontemplation und Meditation in kraftvoller Natur an der Elbe. Sein, ohne jemand sein zu m\u00fcssen. Begebe dich eine Woche lang auf einen inneren R\u00fcckzug.\" \/>\n<meta name=\"robots\" content=\"index, follow, max-snippet:-1, max-image-preview:large, max-video-preview:-1\" \/>\n<link rel=\"canonical\" href=\"https:\/\/thomashuebl.com\/de\/events\/stille-retreat-meditation-und-kontemplation-2024\/\" \/>\n<meta property=\"og:locale\" content=\"de_DE\" \/>\n<meta property=\"og:type\" content=\"article\" \/>\n<meta property=\"og:title\" content=\"Stille-Retreat \u2013 Meditation und Kontemplation 2024 - Thomas Huebl\" \/>\n<meta property=\"og:description\" content=\"Eine Zeit der Stille, Kontemplation und Meditation in kraftvoller Natur an der Elbe. Sein, ohne jemand sein zu m\u00fcssen. Begebe dich eine Woche lang auf einen inneren R\u00fcckzug.\" \/>\n<meta property=\"og:url\" content=\"https:\/\/thomashuebl.com\/de\/events\/stille-retreat-meditation-und-kontemplation-2024\/\" \/>\n<meta property=\"og:site_name\" content=\"Thomas Huebl\" \/>\n<meta property=\"article:publisher\" content=\"https:\/\/www.facebook.com\/Thomas.Huebl.Sangha\/\" \/>\n<meta property=\"article:modified_time\" content=\"2024-09-06T07:45:27+00:00\" \/>\n<meta property=\"og:image\" content=\"https:\/\/thomashuebl.com\/wp-content\/uploads\/2024\/01\/sonnenaufgang-stille-retreat_1000x593.jpg\" \/>\n\t<meta property=\"og:image:width\" content=\"1000\" \/>\n\t<meta property=\"og:image:height\" content=\"593\" \/>\n\t<meta property=\"og:image:type\" content=\"image\/jpeg\" \/>\n<meta name=\"twitter:card\" content=\"summary_large_image\" \/>\n<meta name=\"twitter:site\" content=\"@thomasHuebl\" \/>\n<meta name=\"twitter:label1\" content=\"Gesch\u00e4tzte Lesezeit\" \/>\n\t<meta name=\"twitter:data1\" content=\"6 Minuten\" \/>\n<script type=\"application\/ld+json\" class=\"yoast-schema-graph\">{\"@context\":\"https:\\\/\\\/schema.org\",\"@graph\":[{\"@type\":\"WebPage\",\"@id\":\"https:\\\/\\\/thomashuebl.com\\\/de\\\/events\\\/stille-retreat-meditation-und-kontemplation-2024\\\/\",\"url\":\"https:\\\/\\\/thomashuebl.com\\\/de\\\/events\\\/stille-retreat-meditation-und-kontemplation-2024\\\/\",\"name\":\"Stille-Retreat \u2013 Meditation und Kontemplation 2024 - Thomas Huebl\",\"isPartOf\":{\"@id\":\"https:\\\/\\\/thomashuebl.com\\\/de\\\/#website\"},\"primaryImageOfPage\":{\"@id\":\"https:\\\/\\\/thomashuebl.com\\\/de\\\/events\\\/stille-retreat-meditation-und-kontemplation-2024\\\/#primaryimage\"},\"image\":{\"@id\":\"https:\\\/\\\/thomashuebl.com\\\/de\\\/events\\\/stille-retreat-meditation-und-kontemplation-2024\\\/#primaryimage\"},\"thumbnailUrl\":\"https:\\\/\\\/thomashuebl.com\\\/wp-content\\\/uploads\\\/2024\\\/01\\\/sonnenaufgang-stille-retreat_1000x593.jpg\",\"datePublished\":\"2024-01-05T06:48:21+00:00\",\"dateModified\":\"2024-09-06T07:45:27+00:00\",\"description\":\"Eine Zeit der Stille, Kontemplation und Meditation in kraftvoller Natur an der Elbe. Sein, ohne jemand sein zu m\u00fcssen. Begebe dich eine Woche lang auf einen inneren R\u00fcckzug.\",\"breadcrumb\":{\"@id\":\"https:\\\/\\\/thomashuebl.com\\\/de\\\/events\\\/stille-retreat-meditation-und-kontemplation-2024\\\/#breadcrumb\"},\"inLanguage\":\"de-DE\",\"potentialAction\":[{\"@type\":\"ReadAction\",\"target\":[\"https:\\\/\\\/thomashuebl.com\\\/de\\\/events\\\/stille-retreat-meditation-und-kontemplation-2024\\\/\"]}]},{\"@type\":\"ImageObject\",\"inLanguage\":\"de-DE\",\"@id\":\"https:\\\/\\\/thomashuebl.com\\\/de\\\/events\\\/stille-retreat-meditation-und-kontemplation-2024\\\/#primaryimage\",\"url\":\"https:\\\/\\\/thomashuebl.com\\\/wp-content\\\/uploads\\\/2024\\\/01\\\/sonnenaufgang-stille-retreat_1000x593.jpg\",\"contentUrl\":\"https:\\\/\\\/thomashuebl.com\\\/wp-content\\\/uploads\\\/2024\\\/01\\\/sonnenaufgang-stille-retreat_1000x593.jpg\",\"width\":1000,\"height\":593,\"caption\":\"Sonnenaufgang Stille-Retreat\"},{\"@type\":\"BreadcrumbList\",\"@id\":\"https:\\\/\\\/thomashuebl.com\\\/de\\\/events\\\/stille-retreat-meditation-und-kontemplation-2024\\\/#breadcrumb\",\"itemListElement\":[{\"@type\":\"ListItem\",\"position\":1,\"name\":\"Home\",\"item\":\"https:\\\/\\\/thomashuebl.com\\\/de\\\/\"},{\"@type\":\"ListItem\",\"position\":2,\"name\":\"Veranstaltungen\",\"item\":\"https:\\\/\\\/thomashuebl.com\\\/de\\\/events\\\/\"},{\"@type\":\"ListItem\",\"position\":3,\"name\":\"Stille-Retreat \u2013 Meditation und Kontemplation 2024\"}]},{\"@type\":\"WebSite\",\"@id\":\"https:\\\/\\\/thomashuebl.com\\\/de\\\/#website\",\"url\":\"https:\\\/\\\/thomashuebl.com\\\/de\\\/\",\"name\":\"Thomas Huebl\",\"description\":\"\",\"publisher\":{\"@id\":\"https:\\\/\\\/thomashuebl.com\\\/de\\\/#organization\"},\"potentialAction\":[{\"@type\":\"SearchAction\",\"target\":{\"@type\":\"EntryPoint\",\"urlTemplate\":\"https:\\\/\\\/thomashuebl.com\\\/de\\\/?s={search_term_string}\"},\"query-input\":{\"@type\":\"PropertyValueSpecification\",\"valueRequired\":true,\"valueName\":\"search_term_string\"}}],\"inLanguage\":\"de-DE\"},{\"@type\":\"Organization\",\"@id\":\"https:\\\/\\\/thomashuebl.com\\\/de\\\/#organization\",\"name\":\"Thomas Huebl\",\"url\":\"https:\\\/\\\/thomashuebl.com\\\/de\\\/\",\"logo\":{\"@type\":\"ImageObject\",\"inLanguage\":\"de-DE\",\"@id\":\"https:\\\/\\\/thomashuebl.com\\\/de\\\/#\\\/schema\\\/logo\\\/image\\\/\",\"url\":\"https:\\\/\\\/thomashuebl.com\\\/wp-content\\\/uploads\\\/2023\\\/08\\\/thomashueblpl_03-1.jpg\",\"contentUrl\":\"https:\\\/\\\/thomashuebl.com\\\/wp-content\\\/uploads\\\/2023\\\/08\\\/thomashueblpl_03-1.jpg\",\"width\":1200,\"height\":630,\"caption\":\"Thomas Huebl\"},\"image\":{\"@id\":\"https:\\\/\\\/thomashuebl.com\\\/de\\\/#\\\/schema\\\/logo\\\/image\\\/\"},\"sameAs\":[\"https:\\\/\\\/www.facebook.com\\\/Thomas.Huebl.Sangha\\\/\",\"https:\\\/\\\/x.com\\\/thomasHuebl\",\"https:\\\/\\\/www.youtube.com\\\/user\\\/thomashuebl\",\"https:\\\/\\\/www.instagram.com\\\/thomashuebl\\\/\"]}]}<\/script>\n<!-- \/ Yoast SEO plugin. -->","yoast_head_json":{"title":"Stille-Retreat \u2013 Meditation und Kontemplation 2024 - Thomas Huebl","description":"Eine Zeit der Stille, Kontemplation und Meditation in kraftvoller Natur an der Elbe. Sein, ohne jemand sein zu m\u00fcssen. Begebe dich eine Woche lang auf einen inneren R\u00fcckzug.","robots":{"index":"index","follow":"follow","max-snippet":"max-snippet:-1","max-image-preview":"max-image-preview:large","max-video-preview":"max-video-preview:-1"},"canonical":"https:\/\/thomashuebl.com\/de\/events\/stille-retreat-meditation-und-kontemplation-2024\/","og_locale":"de_DE","og_type":"article","og_title":"Stille-Retreat \u2013 Meditation und Kontemplation 2024 - Thomas Huebl","og_description":"Eine Zeit der Stille, Kontemplation und Meditation in kraftvoller Natur an der Elbe. Sein, ohne jemand sein zu m\u00fcssen. Begebe dich eine Woche lang auf einen inneren R\u00fcckzug.","og_url":"https:\/\/thomashuebl.com\/de\/events\/stille-retreat-meditation-und-kontemplation-2024\/","og_site_name":"Thomas Huebl","article_publisher":"https:\/\/www.facebook.com\/Thomas.Huebl.Sangha\/","article_modified_time":"2024-09-06T07:45:27+00:00","og_image":[{"width":1000,"height":593,"url":"https:\/\/thomashuebl.com\/wp-content\/uploads\/2024\/01\/sonnenaufgang-stille-retreat_1000x593.jpg","type":"image\/jpeg"}],"twitter_card":"summary_large_image","twitter_site":"@thomasHuebl","twitter_misc":{"Gesch\u00e4tzte Lesezeit":"6 Minuten"},"schema":{"@context":"https:\/\/schema.org","@graph":[{"@type":"WebPage","@id":"https:\/\/thomashuebl.com\/de\/events\/stille-retreat-meditation-und-kontemplation-2024\/","url":"https:\/\/thomashuebl.com\/de\/events\/stille-retreat-meditation-und-kontemplation-2024\/","name":"Stille-Retreat \u2013 Meditation und Kontemplation 2024 - Thomas Huebl","isPartOf":{"@id":"https:\/\/thomashuebl.com\/de\/#website"},"primaryImageOfPage":{"@id":"https:\/\/thomashuebl.com\/de\/events\/stille-retreat-meditation-und-kontemplation-2024\/#primaryimage"},"image":{"@id":"https:\/\/thomashuebl.com\/de\/events\/stille-retreat-meditation-und-kontemplation-2024\/#primaryimage"},"thumbnailUrl":"https:\/\/thomashuebl.com\/wp-content\/uploads\/2024\/01\/sonnenaufgang-stille-retreat_1000x593.jpg","datePublished":"2024-01-05T06:48:21+00:00","dateModified":"2024-09-06T07:45:27+00:00","description":"Eine Zeit der Stille, Kontemplation und Meditation in kraftvoller Natur an der Elbe. Sein, ohne jemand sein zu m\u00fcssen. Begebe dich eine Woche lang auf einen inneren R\u00fcckzug.","breadcrumb":{"@id":"https:\/\/thomashuebl.com\/de\/events\/stille-retreat-meditation-und-kontemplation-2024\/#breadcrumb"},"inLanguage":"de-DE","potentialAction":[{"@type":"ReadAction","target":["https:\/\/thomashuebl.com\/de\/events\/stille-retreat-meditation-und-kontemplation-2024\/"]}]},{"@type":"ImageObject","inLanguage":"de-DE","@id":"https:\/\/thomashuebl.com\/de\/events\/stille-retreat-meditation-und-kontemplation-2024\/#primaryimage","url":"https:\/\/thomashuebl.com\/wp-content\/uploads\/2024\/01\/sonnenaufgang-stille-retreat_1000x593.jpg","contentUrl":"https:\/\/thomashuebl.com\/wp-content\/uploads\/2024\/01\/sonnenaufgang-stille-retreat_1000x593.jpg","width":1000,"height":593,"caption":"Sonnenaufgang Stille-Retreat"},{"@type":"BreadcrumbList","@id":"https:\/\/thomashuebl.com\/de\/events\/stille-retreat-meditation-und-kontemplation-2024\/#breadcrumb","itemListElement":[{"@type":"ListItem","position":1,"name":"Home","item":"https:\/\/thomashuebl.com\/de\/"},{"@type":"ListItem","position":2,"name":"Veranstaltungen","item":"https:\/\/thomashuebl.com\/de\/events\/"},{"@type":"ListItem","position":3,"name":"Stille-Retreat \u2013 Meditation und Kontemplation 2024"}]},{"@type":"WebSite","@id":"https:\/\/thomashuebl.com\/de\/#website","url":"https:\/\/thomashuebl.com\/de\/","name":"Thomas Huebl","description":"","publisher":{"@id":"https:\/\/thomashuebl.com\/de\/#organization"},"potentialAction":[{"@type":"SearchAction","target":{"@type":"EntryPoint","urlTemplate":"https:\/\/thomashuebl.com\/de\/?s={search_term_string}"},"query-input":{"@type":"PropertyValueSpecification","valueRequired":true,"valueName":"search_term_string"}}],"inLanguage":"de-DE"},{"@type":"Organization","@id":"https:\/\/thomashuebl.com\/de\/#organization","name":"Thomas Huebl","url":"https:\/\/thomashuebl.com\/de\/","logo":{"@type":"ImageObject","inLanguage":"de-DE","@id":"https:\/\/thomashuebl.com\/de\/#\/schema\/logo\/image\/","url":"https:\/\/thomashuebl.com\/wp-content\/uploads\/2023\/08\/thomashueblpl_03-1.jpg","contentUrl":"https:\/\/thomashuebl.com\/wp-content\/uploads\/2023\/08\/thomashueblpl_03-1.jpg","width":1200,"height":630,"caption":"Thomas Huebl"},"image":{"@id":"https:\/\/thomashuebl.com\/de\/#\/schema\/logo\/image\/"},"sameAs":["https:\/\/www.facebook.com\/Thomas.Huebl.Sangha\/","https:\/\/x.com\/thomasHuebl","https:\/\/www.youtube.com\/user\/thomashuebl","https:\/\/www.instagram.com\/thomashuebl\/"]}]}},"_links":{"self":[{"href":"https:\/\/thomashuebl.com\/de\/wp-json\/wp\/v2\/mec-events\/3367","targetHints":{"allow":["GET"]}}],"collection":[{"href":"https:\/\/thomashuebl.com\/de\/wp-json\/wp\/v2\/mec-events"}],"about":[{"href":"https:\/\/thomashuebl.com\/de\/wp-json\/wp\/v2\/types\/mec-events"}],"author":[{"embeddable":true,"href":"https:\/\/thomashuebl.com\/de\/wp-json\/wp\/v2\/users\/13"}],"replies":[{"embeddable":true,"href":"https:\/\/thomashuebl.com\/de\/wp-json\/wp\/v2\/comments?post=3367"}],"version-history":[{"count":0,"href":"https:\/\/thomashuebl.com\/de\/wp-json\/wp\/v2\/mec-events\/3367\/revisions"}],"wp:featuredmedia":[{"embeddable":true,"href":"https:\/\/thomashuebl.com\/de\/wp-json\/wp\/v2\/media\/3430"}],"wp:attachment":[{"href":"https:\/\/thomashuebl.com\/de\/wp-json\/wp\/v2\/media?parent=3367"}],"wp:term":[{"taxonomy":"post_tag","embeddable":true,"href":"https:\/\/thomashuebl.com\/de\/wp-json\/wp\/v2\/tags?post=3367"},{"taxonomy":"mec_category","embeddable":true,"href":"https:\/\/thomashuebl.com\/de\/wp-json\/wp\/v2\/mec_category?post=3367"},{"taxonomy":"mec_speaker","embeddable":true,"href":"https:\/\/thomashuebl.com\/de\/wp-json\/wp\/v2\/mec_speaker?post=3367"}],"curies":[{"name":"wp","href":"https:\/\/api.w.org\/{rel}","templated":true}]}}