{"id":3227,"date":"2023-11-23T08:05:35","date_gmt":"2023-11-23T16:05:35","guid":{"rendered":"https:\/\/thomashuebl.com\/?post_type=mec-events&#038;p=3227"},"modified":"2024-05-02T23:35:14","modified_gmt":"2024-05-03T06:35:14","slug":"sommer-intensiv-workshop-2024-live-mit-thomas-huebl","status":"publish","type":"mec-events","link":"https:\/\/thomashuebl.com\/de\/events\/sommer-intensiv-workshop-2024-live-mit-thomas-huebl\/","title":{"rendered":"Sommer-Intensiv-Workshop 2024 mit Thomas H\u00fcbl"},"content":{"rendered":"\t\t<div data-elementor-type=\"wp-post\" data-elementor-id=\"3227\" class=\"elementor elementor-3227\" data-elementor-post-type=\"mec-events\">\n\t\t\t\t\t\t<section class=\"elementor-section elementor-top-section elementor-element elementor-element-68c2816 elementor-section-boxed elementor-section-height-default elementor-section-height-default\" data-id=\"68c2816\" data-element_type=\"section\" data-e-type=\"section\">\n\t\t\t\t\t\t<div class=\"elementor-container elementor-column-gap-default\">\n\t\t\t\t\t<div class=\"elementor-column elementor-col-100 elementor-top-column elementor-element elementor-element-698eea0\" data-id=\"698eea0\" data-element_type=\"column\" data-e-type=\"column\">\n\t\t\t<div class=\"elementor-widget-wrap elementor-element-populated\">\n\t\t\t\t\t\t<section class=\"elementor-section elementor-inner-section elementor-element elementor-element-e12b769 elementor-section-boxed elementor-section-height-default elementor-section-height-default\" data-id=\"e12b769\" data-element_type=\"section\" data-e-type=\"section\">\n\t\t\t\t\t\t<div class=\"elementor-container elementor-column-gap-default\">\n\t\t\t\t\t<div class=\"elementor-column elementor-col-100 elementor-inner-column elementor-element elementor-element-ea42384\" data-id=\"ea42384\" data-element_type=\"column\" data-e-type=\"column\">\n\t\t\t<div class=\"elementor-widget-wrap elementor-element-populated\">\n\t\t\t\t\t\t<div class=\"elementor-element elementor-element-966b491 elementor-widget elementor-widget-heading\" data-id=\"966b491\" data-element_type=\"widget\" data-e-type=\"widget\" data-widget_type=\"heading.default\">\n\t\t\t\t<div class=\"elementor-widget-container\">\n\t\t\t\t\t<h3 class=\"elementor-heading-title elementor-size-default\">Innerer Wachstum schafft kreativen Einfluss in der Welt \n<\/h3>\t\t\t\t<\/div>\n\t\t\t\t<\/div>\n\t\t\t\t<div class=\"elementor-element elementor-element-c6d930f elementor-widget elementor-widget-spacer\" data-id=\"c6d930f\" data-element_type=\"widget\" data-e-type=\"widget\" data-widget_type=\"spacer.default\">\n\t\t\t\t<div class=\"elementor-widget-container\">\n\t\t\t\t\t\t\t<div class=\"elementor-spacer\">\n\t\t\t<div class=\"elementor-spacer-inner\"><\/div>\n\t\t<\/div>\n\t\t\t\t\t\t<\/div>\n\t\t\t\t<\/div>\n\t\t\t\t<div class=\"elementor-element elementor-element-97ff537 elementor-widget elementor-widget-text-editor\" data-id=\"97ff537\" data-element_type=\"widget\" data-e-type=\"widget\" data-widget_type=\"text-editor.default\">\n\t\t\t\t<div class=\"elementor-widget-container\">\n\t\t\t\t\t\t\t\t\t<p style=\"font-size: 18px; font-style: normal; font-weight: 400;\"><span style=\"font-size: 18px; font-weight: 400;\"><span style=\"font-size: 18px; font-weight: bold;\">Datum:<\/span>\u00a0Sonntag, 28. Juli &#8211; Samstag, 3. August 2024<\/span><\/p><p style=\"font-size: 18px; font-style: normal;\"><span style=\"font-weight: 400; font-size: 18px;\"><span style=\"font-size: 18px; font-weight: bold;\">Ort:<\/span>\u00a0Hof Oberlethe\/Deutschland in Person und Online (Hybrid)<br \/><\/span><span style=\"font-weight: 400; font-size: 18px;\"><br \/><\/span><span style=\"font-weight: 400; font-size: 18px;\"><span style=\"font-size: 18px; font-weight: bold;\">Start:<\/span>\u00a017.00 Uhr \u2013 <\/span><span style=\"font-size: 18px;\"><b>Ende:<\/b><\/span><span style=\"font-weight: 400; font-size: 18px;\"> 13.30 Uhr<\/span><\/p><p style=\"font-size: 18px; font-style: normal; font-weight: 400; margin-bottom: 1.3em;\"><span style=\"font-size: 18px; font-weight: 400;\"><span style=\"font-size: 18px; font-weight: bold;\">Sprache:<\/span>\u00a0Deutsch mit Simultan\u00fcbersetzung ins Englisch<\/span><\/p>\t\t\t\t\t\t\t\t<\/div>\n\t\t\t\t<\/div>\n\t\t\t\t<div class=\"elementor-element elementor-element-e13f54a elementor-widget elementor-widget-button\" data-id=\"e13f54a\" data-element_type=\"widget\" data-e-type=\"widget\" data-widget_type=\"button.default\">\n\t\t\t\t<div class=\"elementor-widget-container\">\n\t\t\t\t\t\t\t\t\t<div class=\"elementor-button-wrapper\">\n\t\t\t\t\t<a class=\"elementor-button elementor-button-link elementor-size-sm\" href=\"https:\/\/summerintensive.thomashuebl.com\/\">\n\t\t\t\t\t\t<span class=\"elementor-button-content-wrapper\">\n\t\t\t\t\t\t\t\t\t<span class=\"elementor-button-text\">Zur Anmeldung<\/span>\n\t\t\t\t\t<\/span>\n\t\t\t\t\t<\/a>\n\t\t\t\t<\/div>\n\t\t\t\t\t\t\t\t<\/div>\n\t\t\t\t<\/div>\n\t\t\t\t\t<\/div>\n\t\t<\/div>\n\t\t\t\t\t<\/div>\n\t\t<\/section>\n\t\t\t\t<div class=\"elementor-element elementor-element-b600251 elementor-widget elementor-widget-spacer\" data-id=\"b600251\" data-element_type=\"widget\" data-e-type=\"widget\" data-widget_type=\"spacer.default\">\n\t\t\t\t<div class=\"elementor-widget-container\">\n\t\t\t\t\t\t\t<div class=\"elementor-spacer\">\n\t\t\t<div class=\"elementor-spacer-inner\"><\/div>\n\t\t<\/div>\n\t\t\t\t\t\t<\/div>\n\t\t\t\t<\/div>\n\t\t\t\t<div class=\"elementor-element elementor-element-6ebf2de elementor-widget elementor-widget-heading\" data-id=\"6ebf2de\" data-element_type=\"widget\" data-e-type=\"widget\" data-widget_type=\"heading.default\">\n\t\t\t\t<div class=\"elementor-widget-container\">\n\t\t\t\t\t<h3 class=\"elementor-heading-title elementor-size-default\">Seminarbeschreibung<br><\/h3>\t\t\t\t<\/div>\n\t\t\t\t<\/div>\n\t\t\t\t<div class=\"elementor-element elementor-element-85f1d95 elementor-widget elementor-widget-spacer\" data-id=\"85f1d95\" data-element_type=\"widget\" data-e-type=\"widget\" data-widget_type=\"spacer.default\">\n\t\t\t\t<div class=\"elementor-widget-container\">\n\t\t\t\t\t\t\t<div class=\"elementor-spacer\">\n\t\t\t<div class=\"elementor-spacer-inner\"><\/div>\n\t\t<\/div>\n\t\t\t\t\t\t<\/div>\n\t\t\t\t<\/div>\n\t\t\t\t<div class=\"elementor-element elementor-element-2424060 elementor-widget elementor-widget-text-editor\" data-id=\"2424060\" data-element_type=\"widget\" data-e-type=\"widget\" data-widget_type=\"text-editor.default\">\n\t\t\t\t<div class=\"elementor-widget-container\">\n\t\t\t\t\t\t\t\t\t<p dir=\"ltr\">Unsere Welt zeigt uns gerade einige gro\u00dfe Herausforderungen wie Klimawandel, Kriege, Fragmentierungen in unseren Demokratien und vieles mehr. Gemeinsam mit unseren pers\u00f6nlichen Themen mag das gerade viel zu verarbeiten sein. Kreative Wege zu finden, mit all dem so umzugehen, damit Wachstum und Weisheit entstehen, ist eine Kunst.<\/p><p dir=\"ltr\">Wir m\u00f6chten dich einladen zu einer gemeinsamen Reise in die tiefe, innere Arbeit, um die uns <b>innewohnende Transformationskraft <\/b>zu nutzen, damit wir diesen Herausforderungen in unserer Welt reif und kreativ begegnen.<\/p><p dir=\"ltr\">Wir k\u00f6nnen die Schwierigkeiten in manchen Bereichen unseres Lebens als fruchtbaren Boden f\u00fcr Reifung und Wachstum sehen lernen und damit wandlungsf\u00e4higer werden. Wir k\u00f6nnen <b>innere Transformationsarbeit als eine F\u00e4higkeit<\/b> lernen, mit der wir unseren Weg im Leben gehen und heilsame Umfelder schaffen (in unserer Familie, Unternehmen und Organisationen, in Gruppen), um in diesen \u00d6kosystemen zu wachsen und ganzer zu leben. All das hilft uns, verbunden in einer sich schnell wandelnden Welt zu sein.<\/p><p dir=\"ltr\">Im Sommer Retreat schaffen wir ein heilsames Umfeld, in dem wir uns <b>gegenseitig unterst\u00fctzen, zu wachsen, zu reifen<\/b>, zu integrieren und unser Potenzial in die Welt zu bringen. Gleichzeitig m\u00f6chten wir die F\u00e4higkeit lernen, all das in vielen Bereichen unseres Lebens regelm\u00e4\u00dfig anzuwenden und zu leben. Wir werden zu Wachstum, Reifung und kreativer Wandlungsf\u00e4higkeit.<\/p><p>Das Sommer-Retreat ist ein wunderbarer Platz f\u00fcr tiefe, innere Arbeit mit gleichgesinnten Menschen.\u00a0<span style=\"font-size: 18px; color: var( --e-global-color-text );\">Wir schaffen gemeinsam einen <\/span><b style=\"font-style: inherit; color: var( --e-global-color-text );\">tiefer bezogenen, pr\u00e4senten und kollektiven Raum<\/b><span style=\"font-size: 18px; color: var( --e-global-color-text );\"> f\u00fcr heilsames Wachstum.<\/span><\/p><p dir=\"ltr\">Mit vielen praktischen, erfahrbaren \u00dcbungen, Liebe, Austausch, Meditation, Bewegung und Spass nehmen wir an der Transformation des Lebens teil.\u00a0<span style=\"font-size: 18px; color: var( --e-global-color-text );\">Falls dich das anspricht laden wir dich herzlich auf diese Reise ein.<\/span><\/p><p dir=\"ltr\">Warme Gr\u00fc\u00dfe,\u00a0<\/p><p dir=\"ltr\"><span style=\"color: var( --e-global-color-text ); font-size: 18px;\">Thomas H\u00fcbl<\/span><\/p>\t\t\t\t\t\t\t\t<\/div>\n\t\t\t\t<\/div>\n\t\t\t\t<div class=\"elementor-element elementor-element-e878fc5 elementor-widget elementor-widget-spacer\" data-id=\"e878fc5\" data-element_type=\"widget\" data-e-type=\"widget\" data-widget_type=\"spacer.default\">\n\t\t\t\t<div class=\"elementor-widget-container\">\n\t\t\t\t\t\t\t<div class=\"elementor-spacer\">\n\t\t\t<div class=\"elementor-spacer-inner\"><\/div>\n\t\t<\/div>\n\t\t\t\t\t\t<\/div>\n\t\t\t\t<\/div>\n\t\t\t\t<div class=\"elementor-element elementor-element-7aaf964 elementor-widget elementor-widget-heading\" data-id=\"7aaf964\" data-element_type=\"widget\" data-e-type=\"widget\" data-widget_type=\"heading.default\">\n\t\t\t\t<div class=\"elementor-widget-container\">\n\t\t\t\t\t<h3 class=\"elementor-heading-title elementor-size-default\">Veranstaltungsort<br><\/h3>\t\t\t\t<\/div>\n\t\t\t\t<\/div>\n\t\t\t\t<div class=\"elementor-element elementor-element-cb0a96a elementor-widget elementor-widget-spacer\" data-id=\"cb0a96a\" data-element_type=\"widget\" data-e-type=\"widget\" data-widget_type=\"spacer.default\">\n\t\t\t\t<div class=\"elementor-widget-container\">\n\t\t\t\t\t\t\t<div class=\"elementor-spacer\">\n\t\t\t<div class=\"elementor-spacer-inner\"><\/div>\n\t\t<\/div>\n\t\t\t\t\t\t<\/div>\n\t\t\t\t<\/div>\n\t\t\t\t<div class=\"elementor-element elementor-element-1d1b108 elementor-widget elementor-widget-text-editor\" data-id=\"1d1b108\" data-element_type=\"widget\" data-e-type=\"widget\" data-widget_type=\"text-editor.default\">\n\t\t\t\t<div class=\"elementor-widget-container\">\n\t\t\t\t\t\t\t\t\t<p>Willkommen beim Hof Oberlethe \u2013 dein idealer Ort f\u00fcr den Summer Intensive!<\/p><p>Eingebettet in einer malerische Landschaft bietet der Hof Oberlethe ein einladendes Ambiente f\u00fcr deinen Aufenthalt. Mit weitl\u00e4ufigen <b>Zeng\u00e4rten<\/b>, einem <b>idyllischen Teich <\/b>und einem <b>malerischen See<\/b> verbindet das Gel\u00e4nde Gro\u00dfz\u00fcgigkeit mit nat\u00fcrlichem Charme.<\/p><p>F\u00fcr <b>gesellige Runden oder ruhige Momente <\/b>bietet der Hof Oberlethe verschiedene Bereiche zum Zusammensitzen, Spazierengehen oder einfach nur Verweilen. Das Gel\u00e4nde l\u00e4dt dich dazu ein, alleine die <b>Natur zu genie\u00dfen<\/b> oder in Gesellschaft Zeit zu verbringen.<\/p><p>Zudem verf\u00fcgt der Hof Oberlethe \u00fcber spezielle Ritualpl\u00e4tze, die f\u00fcr Schwitzh\u00fctten, Feuerl\u00e4ufe oder gem\u00fctliche Lagerfeuer genutzt werden k\u00f6nnen.<\/p>\t\t\t\t\t\t\t\t<\/div>\n\t\t\t\t<\/div>\n\t\t\t\t<div class=\"elementor-element elementor-element-72b4508 elementor-widget elementor-widget-spacer\" data-id=\"72b4508\" data-element_type=\"widget\" data-e-type=\"widget\" data-widget_type=\"spacer.default\">\n\t\t\t\t<div class=\"elementor-widget-container\">\n\t\t\t\t\t\t\t<div class=\"elementor-spacer\">\n\t\t\t<div class=\"elementor-spacer-inner\"><\/div>\n\t\t<\/div>\n\t\t\t\t\t\t<\/div>\n\t\t\t\t<\/div>\n\t\t\t\t<div class=\"elementor-element elementor-element-4e63425 elementor-widget elementor-widget-button\" data-id=\"4e63425\" data-element_type=\"widget\" data-e-type=\"widget\" data-widget_type=\"button.default\">\n\t\t\t\t<div class=\"elementor-widget-container\">\n\t\t\t\t\t\t\t\t\t<div class=\"elementor-button-wrapper\">\n\t\t\t\t\t<a class=\"elementor-button elementor-button-link elementor-size-sm\" href=\"https:\/\/www.hof-oberlethe.de\/service-preise\/zimmerreservierung\/\" target=\"_blank\">\n\t\t\t\t\t\t<span class=\"elementor-button-content-wrapper\">\n\t\t\t\t\t\t\t\t\t<span class=\"elementor-button-text\">Buchung der unterkunft<\/span>\n\t\t\t\t\t<\/span>\n\t\t\t\t\t<\/a>\n\t\t\t\t<\/div>\n\t\t\t\t\t\t\t\t<\/div>\n\t\t\t\t<\/div>\n\t\t\t\t<div class=\"elementor-element elementor-element-1b4f9be elementor-widget elementor-widget-spacer\" data-id=\"1b4f9be\" data-element_type=\"widget\" data-e-type=\"widget\" data-widget_type=\"spacer.default\">\n\t\t\t\t<div class=\"elementor-widget-container\">\n\t\t\t\t\t\t\t<div class=\"elementor-spacer\">\n\t\t\t<div class=\"elementor-spacer-inner\"><\/div>\n\t\t<\/div>\n\t\t\t\t\t\t<\/div>\n\t\t\t\t<\/div>\n\t\t\t\t<div class=\"elementor-element elementor-element-c35d7dd elementor-widget elementor-widget-text-editor\" data-id=\"c35d7dd\" data-element_type=\"widget\" data-e-type=\"widget\" data-widget_type=\"text-editor.default\">\n\t\t\t\t<div class=\"elementor-widget-container\">\n\t\t\t\t\t\t\t\t\t<p><span style=\"font-size: 18px; font-style: normal; font-weight: 400;\">Erlebe den Sommer Intensiv Workshop und lass dich von der Sch\u00f6nheit und Vielfalt des Hofes Oberlethe verzaubern. Wir freuen uns darauf, dich bei uns begr\u00fc\u00dfen zu d\u00fcrfen!<\/span><span style=\"font-weight: 400;\"><br \/><\/span><\/p><p><b>Bitte beachte: <\/b><span style=\"font-weight: 400;\">die Buchung der Unterkunft in Hof Oberlethe ist erst <\/span><strong>NACH<\/strong><span style=\"font-weight: 400;\"> der Anmeldung zum Workshop m\u00f6glich.<\/span><\/p><p>Alternativ kannst du in Oberlethe und Umgebung eine externe Unterkunft buchen. Bitte beachte, dass du dich dann trotzdem auch beim Hof Oberlethe f\u00fcr die Verpflegung w\u00e4hrend des Summer Intensive anmeldest.\u00a0<a style=\"font-size: 18px; font-family: var( --e-global-typography-text-font-family ), Sans-serif; background-color: #ffffff;\" href=\"https:\/\/thomashuebl.com\/wp-content\/uploads\/2024\/03\/External-accommodation_Externe-Unterkuenfte.pdf\" target=\"_blank\" rel=\"noopener\">Klicke hier f\u00fcr die Liste f\u00fcr externe Unterk\u00fcnfte &gt;&gt;\u00a0<\/a><span style=\"font-size: 18px; font-weight: 400; color: var( --e-global-color-text ); font-family: var( --e-global-typography-text-font-family ), Sans-serif;\">\u00a0<\/span><\/p>\t\t\t\t\t\t\t\t<\/div>\n\t\t\t\t<\/div>\n\t\t\t\t<div class=\"elementor-element elementor-element-1f9ae60 elementor-widget elementor-widget-spacer\" data-id=\"1f9ae60\" data-element_type=\"widget\" data-e-type=\"widget\" data-widget_type=\"spacer.default\">\n\t\t\t\t<div class=\"elementor-widget-container\">\n\t\t\t\t\t\t\t<div class=\"elementor-spacer\">\n\t\t\t<div class=\"elementor-spacer-inner\"><\/div>\n\t\t<\/div>\n\t\t\t\t\t\t<\/div>\n\t\t\t\t<\/div>\n\t\t\t\t<div class=\"elementor-element elementor-element-0c458b8 elementor-arrows-position-inside elementor-pagination-position-outside elementor-widget elementor-widget-image-carousel\" data-id=\"0c458b8\" data-element_type=\"widget\" data-e-type=\"widget\" data-settings=\"{&quot;image_spacing_custom&quot;:{&quot;unit&quot;:&quot;px&quot;,&quot;size&quot;:12,&quot;sizes&quot;:[]},&quot;navigation&quot;:&quot;both&quot;,&quot;autoplay&quot;:&quot;yes&quot;,&quot;pause_on_hover&quot;:&quot;yes&quot;,&quot;pause_on_interaction&quot;:&quot;yes&quot;,&quot;autoplay_speed&quot;:5000,&quot;infinite&quot;:&quot;yes&quot;,&quot;speed&quot;:500,&quot;image_spacing_custom_tablet&quot;:{&quot;unit&quot;:&quot;px&quot;,&quot;size&quot;:&quot;&quot;,&quot;sizes&quot;:[]},&quot;image_spacing_custom_mobile&quot;:{&quot;unit&quot;:&quot;px&quot;,&quot;size&quot;:&quot;&quot;,&quot;sizes&quot;:[]}}\" data-widget_type=\"image-carousel.default\">\n\t\t\t\t<div class=\"elementor-widget-container\">\n\t\t\t\t\t\t\t<div class=\"elementor-image-carousel-wrapper swiper\" role=\"region\" aria-roledescription=\"carousel\" aria-label=\"Bild Karussell\" dir=\"ltr\">\n\t\t\t<div class=\"elementor-image-carousel swiper-wrapper\" aria-live=\"off\">\n\t\t\t\t\t\t\t\t<div class=\"swiper-slide\" role=\"group\" aria-roledescription=\"slide\" aria-label=\"1 von 8\"><figure class=\"swiper-slide-inner\"><img decoding=\"async\" class=\"swiper-slide-image\" src=\"https:\/\/thomashuebl.com\/wp-content\/uploads\/2024\/02\/P1040192-500x500.jpg\" alt=\"P1040192\" \/><\/figure><\/div><div class=\"swiper-slide\" role=\"group\" aria-roledescription=\"slide\" aria-label=\"2 von 8\"><figure class=\"swiper-slide-inner\"><img decoding=\"async\" class=\"swiper-slide-image\" src=\"https:\/\/thomashuebl.com\/wp-content\/uploads\/2024\/02\/P1040181-2-500x500.jpg\" alt=\"P1040181-2\" \/><\/figure><\/div><div class=\"swiper-slide\" role=\"group\" aria-roledescription=\"slide\" aria-label=\"3 von 8\"><figure class=\"swiper-slide-inner\"><img decoding=\"async\" class=\"swiper-slide-image\" src=\"https:\/\/thomashuebl.com\/wp-content\/uploads\/2024\/03\/kxMsqF73002blyYK-500x500.png\" alt=\"kxMsqF73002blyYK\" \/><\/figure><\/div><div class=\"swiper-slide\" role=\"group\" aria-roledescription=\"slide\" aria-label=\"4 von 8\"><figure class=\"swiper-slide-inner\"><img decoding=\"async\" class=\"swiper-slide-image\" src=\"https:\/\/thomashuebl.com\/wp-content\/uploads\/2024\/02\/Krishna-mit-neu-500x500.jpg\" alt=\"Krishna-mit-neu\" \/><\/figure><\/div><div class=\"swiper-slide\" role=\"group\" aria-roledescription=\"slide\" aria-label=\"5 von 8\"><figure class=\"swiper-slide-inner\"><img decoding=\"async\" class=\"swiper-slide-image\" src=\"https:\/\/thomashuebl.com\/wp-content\/uploads\/2024\/02\/IMG_5854-2048x1367-1-500x500.jpg\" alt=\"IMG_5854-2048x1367\" \/><\/figure><\/div><div class=\"swiper-slide\" role=\"group\" aria-roledescription=\"slide\" aria-label=\"6 von 8\"><figure class=\"swiper-slide-inner\"><img decoding=\"async\" class=\"swiper-slide-image\" src=\"https:\/\/thomashuebl.com\/wp-content\/uploads\/2024\/02\/45693326_1361354974000201_8362182904473714688_n-500x500.jpg\" alt=\"45693326_1361354974000201_8362182904473714688_n\" \/><\/figure><\/div><div class=\"swiper-slide\" role=\"group\" aria-roledescription=\"slide\" aria-label=\"7 von 8\"><figure class=\"swiper-slide-inner\"><img decoding=\"async\" class=\"swiper-slide-image\" src=\"https:\/\/thomashuebl.com\/wp-content\/uploads\/2024\/02\/55672295_1461024827366548_1686386593440464896_n-500x500.jpg\" alt=\"55672295_1461024827366548_1686386593440464896_n\" \/><\/figure><\/div><div class=\"swiper-slide\" role=\"group\" aria-roledescription=\"slide\" aria-label=\"8 von 8\"><figure class=\"swiper-slide-inner\"><img decoding=\"async\" class=\"swiper-slide-image\" src=\"https:\/\/thomashuebl.com\/wp-content\/uploads\/2024\/02\/65792509_1538787526256944_7180808916568113152_n-500x500.jpg\" alt=\"65792509_1538787526256944_7180808916568113152_n\" \/><\/figure><\/div>\t\t\t<\/div>\n\t\t\t\t\t\t\t\t\t\t\t\t<div class=\"elementor-swiper-button elementor-swiper-button-prev\" role=\"button\" tabindex=\"0\">\n\t\t\t\t\t\t<svg aria-hidden=\"true\" class=\"e-font-icon-svg e-eicon-chevron-left\" viewBox=\"0 0 1000 1000\" xmlns=\"http:\/\/www.w3.org\/2000\/svg\"><path d=\"M646 125C629 125 613 133 604 142L308 442C296 454 292 471 292 487 292 504 296 521 308 533L604 854C617 867 629 875 646 875 663 875 679 871 692 858 704 846 713 829 713 812 713 796 708 779 692 767L438 487 692 225C700 217 708 204 708 187 708 171 704 154 692 142 675 129 663 125 646 125Z\"><\/path><\/svg>\t\t\t\t\t<\/div>\n\t\t\t\t\t<div class=\"elementor-swiper-button elementor-swiper-button-next\" role=\"button\" tabindex=\"0\">\n\t\t\t\t\t\t<svg aria-hidden=\"true\" class=\"e-font-icon-svg e-eicon-chevron-right\" viewBox=\"0 0 1000 1000\" xmlns=\"http:\/\/www.w3.org\/2000\/svg\"><path d=\"M696 533C708 521 713 504 713 487 713 471 708 454 696 446L400 146C388 133 375 125 354 125 338 125 325 129 313 142 300 154 292 171 292 187 292 204 296 221 308 233L563 492 304 771C292 783 288 800 288 817 288 833 296 850 308 863 321 871 338 875 354 875 371 875 388 867 400 854L696 533Z\"><\/path><\/svg>\t\t\t\t\t<\/div>\n\t\t\t\t\n\t\t\t\t\t\t\t\t\t<div class=\"swiper-pagination\"><\/div>\n\t\t\t\t\t\t\t\t\t<\/div>\n\t\t\t\t\t\t<\/div>\n\t\t\t\t<\/div>\n\t\t\t\t<div class=\"elementor-element elementor-element-6e9836c elementor-widget elementor-widget-spacer\" data-id=\"6e9836c\" data-element_type=\"widget\" data-e-type=\"widget\" data-widget_type=\"spacer.default\">\n\t\t\t\t<div class=\"elementor-widget-container\">\n\t\t\t\t\t\t\t<div class=\"elementor-spacer\">\n\t\t\t<div class=\"elementor-spacer-inner\"><\/div>\n\t\t<\/div>\n\t\t\t\t\t\t<\/div>\n\t\t\t\t<\/div>\n\t\t\t\t<div class=\"elementor-element elementor-element-69446d2 elementor-widget elementor-widget-heading\" data-id=\"69446d2\" data-element_type=\"widget\" data-e-type=\"widget\" data-widget_type=\"heading.default\">\n\t\t\t\t<div class=\"elementor-widget-container\">\n\t\t\t\t\t<h3 class=\"elementor-heading-title elementor-size-default\">Onlineteilnahme<\/h3>\t\t\t\t<\/div>\n\t\t\t\t<\/div>\n\t\t\t\t<div class=\"elementor-element elementor-element-8ad1a73 elementor-widget elementor-widget-spacer\" data-id=\"8ad1a73\" data-element_type=\"widget\" data-e-type=\"widget\" data-widget_type=\"spacer.default\">\n\t\t\t\t<div class=\"elementor-widget-container\">\n\t\t\t\t\t\t\t<div class=\"elementor-spacer\">\n\t\t\t<div class=\"elementor-spacer-inner\"><\/div>\n\t\t<\/div>\n\t\t\t\t\t\t<\/div>\n\t\t\t\t<\/div>\n\t\t\t\t<div class=\"elementor-element elementor-element-c4df217 elementor-widget elementor-widget-text-editor\" data-id=\"c4df217\" data-element_type=\"widget\" data-e-type=\"widget\" data-widget_type=\"text-editor.default\">\n\t\t\t\t<div class=\"elementor-widget-container\">\n\t\t\t\t\t\t\t\t\t<p><span style=\"font-weight: 400;\">Die Teilnahme erfolgt online am eigenen Computer \u00fcber den cloud basierten Videokonferenzdienst Zoom.<\/span><\/p>\t\t\t\t\t\t\t\t<\/div>\n\t\t\t\t<\/div>\n\t\t\t\t<div class=\"elementor-element elementor-element-096b856 elementor-widget elementor-widget-spacer\" data-id=\"096b856\" data-element_type=\"widget\" data-e-type=\"widget\" data-widget_type=\"spacer.default\">\n\t\t\t\t<div class=\"elementor-widget-container\">\n\t\t\t\t\t\t\t<div class=\"elementor-spacer\">\n\t\t\t<div class=\"elementor-spacer-inner\"><\/div>\n\t\t<\/div>\n\t\t\t\t\t\t<\/div>\n\t\t\t\t<\/div>\n\t\t\t\t<div class=\"elementor-element elementor-element-b0ceaf1 elementor-widget elementor-widget-heading\" data-id=\"b0ceaf1\" data-element_type=\"widget\" data-e-type=\"widget\" data-widget_type=\"heading.default\">\n\t\t\t\t<div class=\"elementor-widget-container\">\n\t\t\t\t\t<h3 class=\"elementor-heading-title elementor-size-default\">Teilnahmegeb\u00fchr<\/h3>\t\t\t\t<\/div>\n\t\t\t\t<\/div>\n\t\t\t\t<div class=\"elementor-element elementor-element-839e711 elementor-widget elementor-widget-spacer\" data-id=\"839e711\" data-element_type=\"widget\" data-e-type=\"widget\" data-widget_type=\"spacer.default\">\n\t\t\t\t<div class=\"elementor-widget-container\">\n\t\t\t\t\t\t\t<div class=\"elementor-spacer\">\n\t\t\t<div class=\"elementor-spacer-inner\"><\/div>\n\t\t<\/div>\n\t\t\t\t\t\t<\/div>\n\t\t\t\t<\/div>\n\t\t\t\t<div class=\"elementor-element elementor-element-e6f338d elementor-widget elementor-widget-text-editor\" data-id=\"e6f338d\" data-element_type=\"widget\" data-e-type=\"widget\" data-widget_type=\"text-editor.default\">\n\t\t\t\t<div class=\"elementor-widget-container\">\n\t\t\t\t\t\t\t\t\t<p><b>Fr\u00fchbucher bis 31.05.2024: 480 Euro pro Person (plus Unterkunft\/Verpflegung)<br><\/b><span style=\"font-weight: 400;\">Normalpreis ab 01.06.2024: 530 Euro pro Person (plus Unterkunft\/Verpflegung)<\/span><\/p><p><span style=\"font-weight: 400;\">Die Registrierung f\u00fcr die online und in-Person-Teilnahme endet am <\/span><b>24.07.2024.<\/b><\/p>\t\t\t\t\t\t\t\t<\/div>\n\t\t\t\t<\/div>\n\t\t\t\t<div class=\"elementor-element elementor-element-f65e833 elementor-widget elementor-widget-spacer\" data-id=\"f65e833\" data-element_type=\"widget\" data-e-type=\"widget\" data-widget_type=\"spacer.default\">\n\t\t\t\t<div class=\"elementor-widget-container\">\n\t\t\t\t\t\t\t<div class=\"elementor-spacer\">\n\t\t\t<div class=\"elementor-spacer-inner\"><\/div>\n\t\t<\/div>\n\t\t\t\t\t\t<\/div>\n\t\t\t\t<\/div>\n\t\t\t\t<div class=\"elementor-element elementor-element-1d7dece elementor-widget elementor-widget-heading\" data-id=\"1d7dece\" data-element_type=\"widget\" data-e-type=\"widget\" data-widget_type=\"heading.default\">\n\t\t\t\t<div class=\"elementor-widget-container\">\n\t\t\t\t\t<h3 class=\"elementor-heading-title elementor-size-default\">Kinterbetreuung<\/h3>\t\t\t\t<\/div>\n\t\t\t\t<\/div>\n\t\t\t\t<div class=\"elementor-element elementor-element-4681b0a elementor-widget elementor-widget-spacer\" data-id=\"4681b0a\" data-element_type=\"widget\" data-e-type=\"widget\" data-widget_type=\"spacer.default\">\n\t\t\t\t<div class=\"elementor-widget-container\">\n\t\t\t\t\t\t\t<div class=\"elementor-spacer\">\n\t\t\t<div class=\"elementor-spacer-inner\"><\/div>\n\t\t<\/div>\n\t\t\t\t\t\t<\/div>\n\t\t\t\t<\/div>\n\t\t\t\t<div class=\"elementor-element elementor-element-f3a05f2 elementor-widget elementor-widget-text-editor\" data-id=\"f3a05f2\" data-element_type=\"widget\" data-e-type=\"widget\" data-widget_type=\"text-editor.default\">\n\t\t\t\t<div class=\"elementor-widget-container\">\n\t\t\t\t\t\t\t\t\t<p><span style=\"font-weight: 400;\">Dieses Jahr bieten wir eine Kinderbetreuung an f\u00fcr Kinder von 3 Jahre bis 12 Jahre (10.30 &#8211; 13.30 Uhr und 15.30 &#8211; 19:00 Uhr).<br \/>F\u00fcr Eltern mit Kindern unter 3 Jahre zahlt nur ein Elternteil.<\/span><\/p>\t\t\t\t\t\t\t\t<\/div>\n\t\t\t\t<\/div>\n\t\t\t\t<div class=\"elementor-element elementor-element-58bccd7 elementor-widget elementor-widget-spacer\" data-id=\"58bccd7\" data-element_type=\"widget\" data-e-type=\"widget\" data-widget_type=\"spacer.default\">\n\t\t\t\t<div class=\"elementor-widget-container\">\n\t\t\t\t\t\t\t<div class=\"elementor-spacer\">\n\t\t\t<div class=\"elementor-spacer-inner\"><\/div>\n\t\t<\/div>\n\t\t\t\t\t\t<\/div>\n\t\t\t\t<\/div>\n\t\t\t\t<div class=\"elementor-element elementor-element-e5198de elementor-widget elementor-widget-heading\" data-id=\"e5198de\" data-element_type=\"widget\" data-e-type=\"widget\" data-widget_type=\"heading.default\">\n\t\t\t\t<div class=\"elementor-widget-container\">\n\t\t\t\t\t<h3 class=\"elementor-heading-title elementor-size-default\">Kontakt<\/h3>\t\t\t\t<\/div>\n\t\t\t\t<\/div>\n\t\t\t\t<div class=\"elementor-element elementor-element-b4e2c86 elementor-widget elementor-widget-spacer\" data-id=\"b4e2c86\" data-element_type=\"widget\" data-e-type=\"widget\" data-widget_type=\"spacer.default\">\n\t\t\t\t<div class=\"elementor-widget-container\">\n\t\t\t\t\t\t\t<div class=\"elementor-spacer\">\n\t\t\t<div class=\"elementor-spacer-inner\"><\/div>\n\t\t<\/div>\n\t\t\t\t\t\t<\/div>\n\t\t\t\t<\/div>\n\t\t\t\t<div class=\"elementor-element elementor-element-c580173 elementor-widget elementor-widget-text-editor\" data-id=\"c580173\" data-element_type=\"widget\" data-e-type=\"widget\" data-widget_type=\"text-editor.default\">\n\t\t\t\t<div class=\"elementor-widget-container\">\n\t\t\t\t\t\t\t\t\t<p><span style=\"font-weight: 400;\">summerintensive@thomashuebl.com | +49 4407 716094<\/span><span style=\"font-weight: 400;\"><br \/><\/span><span style=\"font-weight: 400;\">\u00a0<\/span><\/p>\t\t\t\t\t\t\t\t<\/div>\n\t\t\t\t<\/div>\n\t\t\t\t\t<\/div>\n\t\t<\/div>\n\t\t\t\t\t<\/div>\n\t\t<\/section>\n\t\t\t\t<\/div>\n\t\t","protected":false},"excerpt":{"rendered":"<p>Vor Ort &#038; Online. Auch 2024 wird der beliebte Sommer-Workshop mit Thomas wieder auf Hof Oberlethe in Norddeutschland stattfinden! Erfahre Thomas&#8217; Arbeit im direkten Kontakt. Offen f\u00fcr alle.<\/p>\n","protected":false},"author":13,"featured_media":3427,"comment_status":"open","ping_status":"closed","template":"","meta":{"_acf_changed":false,"site-sidebar-layout":"default","site-content-layout":"","ast-site-content-layout":"default","site-content-style":"default","site-sidebar-style":"default","ast-global-header-display":"","ast-banner-title-visibility":"","ast-main-header-display":"","ast-hfb-above-header-display":"","ast-hfb-below-header-display":"","ast-hfb-mobile-header-display":"","site-post-title":"","ast-breadcrumbs-content":"","ast-featured-img":"","footer-sml-layout":"","ast-disable-related-posts":"","theme-transparent-header-meta":"default","adv-header-id-meta":"","stick-header-meta":"","header-above-stick-meta":"","header-main-stick-meta":"","header-below-stick-meta":"","astra-migrate-meta-layouts":"set","ast-page-background-enabled":"default","ast-page-background-meta":{"desktop":{"background-color":"","background-image":"","background-repeat":"repeat","background-position":"center center","background-size":"auto","background-attachment":"scroll","background-type":"","background-media":"","overlay-type":"","overlay-color":"","overlay-opacity":"","overlay-gradient":""},"tablet":{"background-color":"","background-image":"","background-repeat":"repeat","background-position":"center center","background-size":"auto","background-attachment":"scroll","background-type":"","background-media":"","overlay-type":"","overlay-color":"","overlay-opacity":"","overlay-gradient":""},"mobile":{"background-color":"","background-image":"","background-repeat":"repeat","background-position":"center center","background-size":"auto","background-attachment":"scroll","background-type":"","background-media":"","overlay-type":"","overlay-color":"","overlay-opacity":"","overlay-gradient":""}},"ast-content-background-meta":{"desktop":{"background-color":"var(--ast-global-color-5)","background-image":"","background-repeat":"repeat","background-position":"center center","background-size":"auto","background-attachment":"scroll","background-type":"","background-media":"","overlay-type":"","overlay-color":"","overlay-opacity":"","overlay-gradient":""},"tablet":{"background-color":"var(--ast-global-color-5)","background-image":"","background-repeat":"repeat","background-position":"center center","background-size":"auto","background-attachment":"scroll","background-type":"","background-media":"","overlay-type":"","overlay-color":"","overlay-opacity":"","overlay-gradient":""},"mobile":{"background-color":"var(--ast-global-color-5)","background-image":"","background-repeat":"repeat","background-position":"center center","background-size":"auto","background-attachment":"scroll","background-type":"","background-media":"","overlay-type":"","overlay-color":"","overlay-opacity":"","overlay-gradient":""}}},"tags":[],"mec_category":[115],"mec_speaker":[186],"class_list":["post-3227","mec-events","type-mec-events","status-publish","has-post-thumbnail","hentry","mec_category-veranstaltung"],"acf":[],"yoast_head":"<!-- This site is optimized with the Yoast SEO plugin v27.4 - https:\/\/yoast.com\/product\/yoast-seo-wordpress\/ -->\n<title>Sommer-Intensiv-Workshop 2024 mit Thomas H\u00fcbl - Thomas Huebl<\/title>\n<meta name=\"description\" content=\"Auch 2024 wird der beliebte Sommer-Workshop mit Thomas wieder auf Hof Oberlethe in Norddeutschland stattfinden! Erfahre Thomas&#039; Arbeit im direkten Kontakt. Offen f\u00fcr alle\" \/>\n<meta name=\"robots\" content=\"index, follow, max-snippet:-1, max-image-preview:large, max-video-preview:-1\" \/>\n<link rel=\"canonical\" href=\"https:\/\/thomashuebl.com\/de\/events\/sommer-intensiv-workshop-2024-live-mit-thomas-huebl\/\" \/>\n<meta property=\"og:locale\" content=\"de_DE\" \/>\n<meta property=\"og:type\" content=\"article\" \/>\n<meta property=\"og:title\" content=\"Sommer-Intensiv-Workshop 2024 mit Thomas H\u00fcbl - Thomas Huebl\" \/>\n<meta property=\"og:description\" content=\"Auch 2024 wird der beliebte Sommer-Workshop mit Thomas wieder auf Hof Oberlethe in Norddeutschland stattfinden! Erfahre Thomas&#039; Arbeit im direkten Kontakt. Offen f\u00fcr alle\" \/>\n<meta property=\"og:url\" content=\"https:\/\/thomashuebl.com\/de\/events\/sommer-intensiv-workshop-2024-live-mit-thomas-huebl\/\" \/>\n<meta property=\"og:site_name\" content=\"Thomas Huebl\" \/>\n<meta property=\"article:publisher\" content=\"https:\/\/www.facebook.com\/Thomas.Huebl.Sangha\/\" \/>\n<meta property=\"article:modified_time\" content=\"2024-05-03T06:35:14+00:00\" \/>\n<meta property=\"og:image\" content=\"https:\/\/thomashuebl.com\/wp-content\/uploads\/2023\/11\/sunflowers-summer-ws_1000x593.jpg\" \/>\n\t<meta property=\"og:image:width\" content=\"1000\" \/>\n\t<meta property=\"og:image:height\" content=\"593\" \/>\n\t<meta property=\"og:image:type\" content=\"image\/jpeg\" \/>\n<meta name=\"twitter:card\" content=\"summary_large_image\" \/>\n<meta name=\"twitter:site\" content=\"@thomasHuebl\" \/>\n<meta name=\"twitter:label1\" content=\"Gesch\u00e4tzte Lesezeit\" \/>\n\t<meta name=\"twitter:data1\" content=\"6 Minuten\" \/>\n<script type=\"application\/ld+json\" class=\"yoast-schema-graph\">{\"@context\":\"https:\\\/\\\/schema.org\",\"@graph\":[{\"@type\":\"WebPage\",\"@id\":\"https:\\\/\\\/thomashuebl.com\\\/de\\\/events\\\/sommer-intensiv-workshop-2024-live-mit-thomas-huebl\\\/\",\"url\":\"https:\\\/\\\/thomashuebl.com\\\/de\\\/events\\\/sommer-intensiv-workshop-2024-live-mit-thomas-huebl\\\/\",\"name\":\"Sommer-Intensiv-Workshop 2024 mit Thomas H\u00fcbl - Thomas Huebl\",\"isPartOf\":{\"@id\":\"https:\\\/\\\/thomashuebl.com\\\/de\\\/#website\"},\"primaryImageOfPage\":{\"@id\":\"https:\\\/\\\/thomashuebl.com\\\/de\\\/events\\\/sommer-intensiv-workshop-2024-live-mit-thomas-huebl\\\/#primaryimage\"},\"image\":{\"@id\":\"https:\\\/\\\/thomashuebl.com\\\/de\\\/events\\\/sommer-intensiv-workshop-2024-live-mit-thomas-huebl\\\/#primaryimage\"},\"thumbnailUrl\":\"https:\\\/\\\/thomashuebl.com\\\/wp-content\\\/uploads\\\/2023\\\/11\\\/sunflowers-summer-ws_1000x593.jpg\",\"datePublished\":\"2023-11-23T16:05:35+00:00\",\"dateModified\":\"2024-05-03T06:35:14+00:00\",\"description\":\"Auch 2024 wird der beliebte Sommer-Workshop mit Thomas wieder auf Hof Oberlethe in Norddeutschland stattfinden! Erfahre Thomas' Arbeit im direkten Kontakt. Offen f\u00fcr alle\",\"breadcrumb\":{\"@id\":\"https:\\\/\\\/thomashuebl.com\\\/de\\\/events\\\/sommer-intensiv-workshop-2024-live-mit-thomas-huebl\\\/#breadcrumb\"},\"inLanguage\":\"de-DE\",\"potentialAction\":[{\"@type\":\"ReadAction\",\"target\":[\"https:\\\/\\\/thomashuebl.com\\\/de\\\/events\\\/sommer-intensiv-workshop-2024-live-mit-thomas-huebl\\\/\"]}]},{\"@type\":\"ImageObject\",\"inLanguage\":\"de-DE\",\"@id\":\"https:\\\/\\\/thomashuebl.com\\\/de\\\/events\\\/sommer-intensiv-workshop-2024-live-mit-thomas-huebl\\\/#primaryimage\",\"url\":\"https:\\\/\\\/thomashuebl.com\\\/wp-content\\\/uploads\\\/2023\\\/11\\\/sunflowers-summer-ws_1000x593.jpg\",\"contentUrl\":\"https:\\\/\\\/thomashuebl.com\\\/wp-content\\\/uploads\\\/2023\\\/11\\\/sunflowers-summer-ws_1000x593.jpg\",\"width\":1000,\"height\":593,\"caption\":\"Sonnenblumen Summer Intensive\"},{\"@type\":\"BreadcrumbList\",\"@id\":\"https:\\\/\\\/thomashuebl.com\\\/de\\\/events\\\/sommer-intensiv-workshop-2024-live-mit-thomas-huebl\\\/#breadcrumb\",\"itemListElement\":[{\"@type\":\"ListItem\",\"position\":1,\"name\":\"Home\",\"item\":\"https:\\\/\\\/thomashuebl.com\\\/de\\\/\"},{\"@type\":\"ListItem\",\"position\":2,\"name\":\"Veranstaltungen\",\"item\":\"https:\\\/\\\/thomashuebl.com\\\/de\\\/events\\\/\"},{\"@type\":\"ListItem\",\"position\":3,\"name\":\"Sommer-Intensiv-Workshop 2024 mit Thomas H\u00fcbl\"}]},{\"@type\":\"WebSite\",\"@id\":\"https:\\\/\\\/thomashuebl.com\\\/de\\\/#website\",\"url\":\"https:\\\/\\\/thomashuebl.com\\\/de\\\/\",\"name\":\"Thomas Huebl\",\"description\":\"\",\"publisher\":{\"@id\":\"https:\\\/\\\/thomashuebl.com\\\/de\\\/#organization\"},\"potentialAction\":[{\"@type\":\"SearchAction\",\"target\":{\"@type\":\"EntryPoint\",\"urlTemplate\":\"https:\\\/\\\/thomashuebl.com\\\/de\\\/?s={search_term_string}\"},\"query-input\":{\"@type\":\"PropertyValueSpecification\",\"valueRequired\":true,\"valueName\":\"search_term_string\"}}],\"inLanguage\":\"de-DE\"},{\"@type\":\"Organization\",\"@id\":\"https:\\\/\\\/thomashuebl.com\\\/de\\\/#organization\",\"name\":\"Thomas Huebl\",\"url\":\"https:\\\/\\\/thomashuebl.com\\\/de\\\/\",\"logo\":{\"@type\":\"ImageObject\",\"inLanguage\":\"de-DE\",\"@id\":\"https:\\\/\\\/thomashuebl.com\\\/de\\\/#\\\/schema\\\/logo\\\/image\\\/\",\"url\":\"https:\\\/\\\/thomashuebl.com\\\/wp-content\\\/uploads\\\/2023\\\/08\\\/thomashueblpl_03-1.jpg\",\"contentUrl\":\"https:\\\/\\\/thomashuebl.com\\\/wp-content\\\/uploads\\\/2023\\\/08\\\/thomashueblpl_03-1.jpg\",\"width\":1200,\"height\":630,\"caption\":\"Thomas Huebl\"},\"image\":{\"@id\":\"https:\\\/\\\/thomashuebl.com\\\/de\\\/#\\\/schema\\\/logo\\\/image\\\/\"},\"sameAs\":[\"https:\\\/\\\/www.facebook.com\\\/Thomas.Huebl.Sangha\\\/\",\"https:\\\/\\\/x.com\\\/thomasHuebl\",\"https:\\\/\\\/www.youtube.com\\\/user\\\/thomashuebl\",\"https:\\\/\\\/www.instagram.com\\\/thomashuebl\\\/\"]}]}<\/script>\n<!-- \/ Yoast SEO plugin. -->","yoast_head_json":{"title":"Sommer-Intensiv-Workshop 2024 mit Thomas H\u00fcbl - Thomas Huebl","description":"Auch 2024 wird der beliebte Sommer-Workshop mit Thomas wieder auf Hof Oberlethe in Norddeutschland stattfinden! Erfahre Thomas' Arbeit im direkten Kontakt. Offen f\u00fcr alle","robots":{"index":"index","follow":"follow","max-snippet":"max-snippet:-1","max-image-preview":"max-image-preview:large","max-video-preview":"max-video-preview:-1"},"canonical":"https:\/\/thomashuebl.com\/de\/events\/sommer-intensiv-workshop-2024-live-mit-thomas-huebl\/","og_locale":"de_DE","og_type":"article","og_title":"Sommer-Intensiv-Workshop 2024 mit Thomas H\u00fcbl - Thomas Huebl","og_description":"Auch 2024 wird der beliebte Sommer-Workshop mit Thomas wieder auf Hof Oberlethe in Norddeutschland stattfinden! Erfahre Thomas' Arbeit im direkten Kontakt. Offen f\u00fcr alle","og_url":"https:\/\/thomashuebl.com\/de\/events\/sommer-intensiv-workshop-2024-live-mit-thomas-huebl\/","og_site_name":"Thomas Huebl","article_publisher":"https:\/\/www.facebook.com\/Thomas.Huebl.Sangha\/","article_modified_time":"2024-05-03T06:35:14+00:00","og_image":[{"width":1000,"height":593,"url":"https:\/\/thomashuebl.com\/wp-content\/uploads\/2023\/11\/sunflowers-summer-ws_1000x593.jpg","type":"image\/jpeg"}],"twitter_card":"summary_large_image","twitter_site":"@thomasHuebl","twitter_misc":{"Gesch\u00e4tzte Lesezeit":"6 Minuten"},"schema":{"@context":"https:\/\/schema.org","@graph":[{"@type":"WebPage","@id":"https:\/\/thomashuebl.com\/de\/events\/sommer-intensiv-workshop-2024-live-mit-thomas-huebl\/","url":"https:\/\/thomashuebl.com\/de\/events\/sommer-intensiv-workshop-2024-live-mit-thomas-huebl\/","name":"Sommer-Intensiv-Workshop 2024 mit Thomas H\u00fcbl - Thomas Huebl","isPartOf":{"@id":"https:\/\/thomashuebl.com\/de\/#website"},"primaryImageOfPage":{"@id":"https:\/\/thomashuebl.com\/de\/events\/sommer-intensiv-workshop-2024-live-mit-thomas-huebl\/#primaryimage"},"image":{"@id":"https:\/\/thomashuebl.com\/de\/events\/sommer-intensiv-workshop-2024-live-mit-thomas-huebl\/#primaryimage"},"thumbnailUrl":"https:\/\/thomashuebl.com\/wp-content\/uploads\/2023\/11\/sunflowers-summer-ws_1000x593.jpg","datePublished":"2023-11-23T16:05:35+00:00","dateModified":"2024-05-03T06:35:14+00:00","description":"Auch 2024 wird der beliebte Sommer-Workshop mit Thomas wieder auf Hof Oberlethe in Norddeutschland stattfinden! Erfahre Thomas' Arbeit im direkten Kontakt. Offen f\u00fcr alle","breadcrumb":{"@id":"https:\/\/thomashuebl.com\/de\/events\/sommer-intensiv-workshop-2024-live-mit-thomas-huebl\/#breadcrumb"},"inLanguage":"de-DE","potentialAction":[{"@type":"ReadAction","target":["https:\/\/thomashuebl.com\/de\/events\/sommer-intensiv-workshop-2024-live-mit-thomas-huebl\/"]}]},{"@type":"ImageObject","inLanguage":"de-DE","@id":"https:\/\/thomashuebl.com\/de\/events\/sommer-intensiv-workshop-2024-live-mit-thomas-huebl\/#primaryimage","url":"https:\/\/thomashuebl.com\/wp-content\/uploads\/2023\/11\/sunflowers-summer-ws_1000x593.jpg","contentUrl":"https:\/\/thomashuebl.com\/wp-content\/uploads\/2023\/11\/sunflowers-summer-ws_1000x593.jpg","width":1000,"height":593,"caption":"Sonnenblumen Summer Intensive"},{"@type":"BreadcrumbList","@id":"https:\/\/thomashuebl.com\/de\/events\/sommer-intensiv-workshop-2024-live-mit-thomas-huebl\/#breadcrumb","itemListElement":[{"@type":"ListItem","position":1,"name":"Home","item":"https:\/\/thomashuebl.com\/de\/"},{"@type":"ListItem","position":2,"name":"Veranstaltungen","item":"https:\/\/thomashuebl.com\/de\/events\/"},{"@type":"ListItem","position":3,"name":"Sommer-Intensiv-Workshop 2024 mit Thomas H\u00fcbl"}]},{"@type":"WebSite","@id":"https:\/\/thomashuebl.com\/de\/#website","url":"https:\/\/thomashuebl.com\/de\/","name":"Thomas Huebl","description":"","publisher":{"@id":"https:\/\/thomashuebl.com\/de\/#organization"},"potentialAction":[{"@type":"SearchAction","target":{"@type":"EntryPoint","urlTemplate":"https:\/\/thomashuebl.com\/de\/?s={search_term_string}"},"query-input":{"@type":"PropertyValueSpecification","valueRequired":true,"valueName":"search_term_string"}}],"inLanguage":"de-DE"},{"@type":"Organization","@id":"https:\/\/thomashuebl.com\/de\/#organization","name":"Thomas Huebl","url":"https:\/\/thomashuebl.com\/de\/","logo":{"@type":"ImageObject","inLanguage":"de-DE","@id":"https:\/\/thomashuebl.com\/de\/#\/schema\/logo\/image\/","url":"https:\/\/thomashuebl.com\/wp-content\/uploads\/2023\/08\/thomashueblpl_03-1.jpg","contentUrl":"https:\/\/thomashuebl.com\/wp-content\/uploads\/2023\/08\/thomashueblpl_03-1.jpg","width":1200,"height":630,"caption":"Thomas Huebl"},"image":{"@id":"https:\/\/thomashuebl.com\/de\/#\/schema\/logo\/image\/"},"sameAs":["https:\/\/www.facebook.com\/Thomas.Huebl.Sangha\/","https:\/\/x.com\/thomasHuebl","https:\/\/www.youtube.com\/user\/thomashuebl","https:\/\/www.instagram.com\/thomashuebl\/"]}]}},"_links":{"self":[{"href":"https:\/\/thomashuebl.com\/de\/wp-json\/wp\/v2\/mec-events\/3227","targetHints":{"allow":["GET"]}}],"collection":[{"href":"https:\/\/thomashuebl.com\/de\/wp-json\/wp\/v2\/mec-events"}],"about":[{"href":"https:\/\/thomashuebl.com\/de\/wp-json\/wp\/v2\/types\/mec-events"}],"author":[{"embeddable":true,"href":"https:\/\/thomashuebl.com\/de\/wp-json\/wp\/v2\/users\/13"}],"replies":[{"embeddable":true,"href":"https:\/\/thomashuebl.com\/de\/wp-json\/wp\/v2\/comments?post=3227"}],"version-history":[{"count":0,"href":"https:\/\/thomashuebl.com\/de\/wp-json\/wp\/v2\/mec-events\/3227\/revisions"}],"wp:featuredmedia":[{"embeddable":true,"href":"https:\/\/thomashuebl.com\/de\/wp-json\/wp\/v2\/media\/3427"}],"wp:attachment":[{"href":"https:\/\/thomashuebl.com\/de\/wp-json\/wp\/v2\/media?parent=3227"}],"wp:term":[{"taxonomy":"post_tag","embeddable":true,"href":"https:\/\/thomashuebl.com\/de\/wp-json\/wp\/v2\/tags?post=3227"},{"taxonomy":"mec_category","embeddable":true,"href":"https:\/\/thomashuebl.com\/de\/wp-json\/wp\/v2\/mec_category?post=3227"},{"taxonomy":"mec_speaker","embeddable":true,"href":"https:\/\/thomashuebl.com\/de\/wp-json\/wp\/v2\/mec_speaker?post=3227"}],"curies":[{"name":"wp","href":"https:\/\/api.w.org\/{rel}","templated":true}]}}