{"id":3102,"date":"2023-10-10T19:46:14","date_gmt":"2023-10-11T02:46:14","guid":{"rendered":"https:\/\/thomashuebl.com\/?post_type=mec-events&#038;p=3102"},"modified":"2023-10-11T06:43:28","modified_gmt":"2023-10-11T13:43:28","slug":"kostenlose-live-veranstaltung-integration-der-spirituellen-dimension-in-die-traumaheilung","status":"publish","type":"mec-events","link":"https:\/\/thomashuebl.com\/de\/events\/kostenlose-live-veranstaltung-integration-der-spirituellen-dimension-in-die-traumaheilung\/","title":{"rendered":"Kostenlose Live-Veranstaltung: Integration der spirituellen Dimension in die Traumaheilung"},"content":{"rendered":"<h4>Die Kraft der Spiritualit\u00e4t als Ressource f\u00fcr die Heilung individueller, angestammter und kollektiver Traumata<\/h4>\n<p>Unser spiritueller Weg kann eine Quelle der Kraft sein, die uns in der Bestimmung unserer Seele erdet. Aber manchmal wird unsere spirituelle Verbindung unterbrochen, wenn wir Zeuge eines individuellen, \u00fcberlieferten oder kollektiven Traumas werden oder es direkt erleben. Wir m\u00f6gen uns fragen,<strong> welchen Platz hat die Spiritualit\u00e4t auf unserem Heilungsweg?<\/strong><\/p>\n<p>In dieser speziellen Live-Veranstaltung werden wir erkunden:<\/p>\n<ul>\n<li style=\"list-style-type: none;\">\n<ul>\n<li>Warum die traditionelle Therapie oft die Spiritualit\u00e4t oder die Seele ignoriert<\/li>\n<li>Wie alle Arten von Trauma ein spirituelles Element haben (ob erkannt oder nicht)<\/li>\n<li>Anzeichen f\u00fcr &#8220;spirituelles Bypassing&#8221; in Therapie und Traumaarbeit erkennen<\/li>\n<li>Der Schl\u00fcssel zu den tiefsten Ebenen der Heilung und vollst\u00e4ndigen ethischen Wiederherstellung<\/li>\n<li>Spezifische Praktiken, die helfen k\u00f6nnen, eine st\u00e4rkere Verbindung zur spirituellen Dimension herzustellen<\/li>\n<li>Eine Einladung zur Teilnahme am 5-monatigen Online-Intensivkurs, der im November beginnt<\/li>\n<\/ul>\n<\/li>\n<\/ul>\n","protected":false},"excerpt":{"rendered":"<p>Welchen Platz nimmt die Spiritualit\u00e4t auf unserem Heilungsweg ein?<\/p>\n","protected":false},"author":4,"featured_media":3094,"comment_status":"closed","ping_status":"closed","template":"","meta":{"_acf_changed":false,"site-sidebar-layout":"default","site-content-layout":"default","ast-site-content-layout":"default","site-content-style":"default","site-sidebar-style":"default","ast-global-header-display":"","ast-banner-title-visibility":"","ast-main-header-display":"","ast-hfb-above-header-display":"","ast-hfb-below-header-display":"","ast-hfb-mobile-header-display":"","site-post-title":"","ast-breadcrumbs-content":"","ast-featured-img":"","footer-sml-layout":"","ast-disable-related-posts":"","theme-transparent-header-meta":"default","adv-header-id-meta":"","stick-header-meta":"","header-above-stick-meta":"","header-main-stick-meta":"","header-below-stick-meta":"","astra-migrate-meta-layouts":"set","ast-page-background-enabled":"default","ast-page-background-meta":{"desktop":{"background-color":"","background-image":"","background-repeat":"repeat","background-position":"center center","background-size":"auto","background-attachment":"scroll","background-type":"","background-media":"","overlay-type":"","overlay-color":"","overlay-opacity":"","overlay-gradient":""},"tablet":{"background-color":"","background-image":"","background-repeat":"repeat","background-position":"center center","background-size":"auto","background-attachment":"scroll","background-type":"","background-media":"","overlay-type":"","overlay-color":"","overlay-opacity":"","overlay-gradient":""},"mobile":{"background-color":"","background-image":"","background-repeat":"repeat","background-position":"center center","background-size":"auto","background-attachment":"scroll","background-type":"","background-media":"","overlay-type":"","overlay-color":"","overlay-opacity":"","overlay-gradient":""}},"ast-content-background-meta":{"desktop":{"background-color":"var(--ast-global-color-5)","background-image":"","background-repeat":"repeat","background-position":"center center","background-size":"auto","background-attachment":"scroll","background-type":"","background-media":"","overlay-type":"","overlay-color":"","overlay-opacity":"","overlay-gradient":""},"tablet":{"background-color":"var(--ast-global-color-5)","background-image":"","background-repeat":"repeat","background-position":"center center","background-size":"auto","background-attachment":"scroll","background-type":"","background-media":"","overlay-type":"","overlay-color":"","overlay-opacity":"","overlay-gradient":""},"mobile":{"background-color":"var(--ast-global-color-5)","background-image":"","background-repeat":"repeat","background-position":"center center","background-size":"auto","background-attachment":"scroll","background-type":"","background-media":"","overlay-type":"","overlay-color":"","overlay-opacity":"","overlay-gradient":""}}},"tags":[],"mec_category":[200,115],"mec_speaker":[186],"class_list":["post-3102","mec-events","type-mec-events","status-publish","has-post-thumbnail","hentry","mec_category-englische-sprache","mec_category-veranstaltung"],"acf":[],"yoast_head":"<!-- This site is optimized with the Yoast SEO plugin v27.4 - https:\/\/yoast.com\/product\/yoast-seo-wordpress\/ -->\n<title>Kostenlose Live-Veranstaltung: Integration der spirituellen Dimension in die Traumaheilung - Thomas Huebl<\/title>\n<meta name=\"robots\" content=\"index, follow, max-snippet:-1, max-image-preview:large, max-video-preview:-1\" \/>\n<link rel=\"canonical\" href=\"https:\/\/thomashuebl.com\/de\/events\/kostenlose-live-veranstaltung-integration-der-spirituellen-dimension-in-die-traumaheilung\/\" \/>\n<meta property=\"og:locale\" content=\"de_DE\" \/>\n<meta property=\"og:type\" content=\"article\" \/>\n<meta property=\"og:title\" content=\"Kostenlose Live-Veranstaltung: Integration der spirituellen Dimension in die Traumaheilung - Thomas Huebl\" \/>\n<meta property=\"og:description\" content=\"Welchen Platz nimmt die Spiritualit\u00e4t auf unserem Heilungsweg ein?\" \/>\n<meta property=\"og:url\" content=\"https:\/\/thomashuebl.com\/de\/events\/kostenlose-live-veranstaltung-integration-der-spirituellen-dimension-in-die-traumaheilung\/\" \/>\n<meta property=\"og:site_name\" content=\"Thomas Huebl\" \/>\n<meta property=\"article:publisher\" content=\"https:\/\/www.facebook.com\/Thomas.Huebl.Sangha\/\" \/>\n<meta property=\"article:modified_time\" content=\"2023-10-11T13:43:28+00:00\" \/>\n<meta property=\"og:image\" content=\"https:\/\/thomashuebl.com\/wp-content\/uploads\/2023\/10\/SHJ-webinar-Metadata.jpg\" \/>\n\t<meta property=\"og:image:width\" content=\"1200\" \/>\n\t<meta property=\"og:image:height\" content=\"675\" \/>\n\t<meta property=\"og:image:type\" content=\"image\/jpeg\" \/>\n<meta name=\"twitter:card\" content=\"summary_large_image\" \/>\n<meta name=\"twitter:site\" content=\"@thomasHuebl\" \/>\n<meta name=\"twitter:label1\" content=\"Gesch\u00e4tzte Lesezeit\" \/>\n\t<meta name=\"twitter:data1\" content=\"1 Minute\" \/>\n<script type=\"application\/ld+json\" class=\"yoast-schema-graph\">{\"@context\":\"https:\\\/\\\/schema.org\",\"@graph\":[{\"@type\":\"WebPage\",\"@id\":\"https:\\\/\\\/thomashuebl.com\\\/de\\\/events\\\/kostenlose-live-veranstaltung-integration-der-spirituellen-dimension-in-die-traumaheilung\\\/\",\"url\":\"https:\\\/\\\/thomashuebl.com\\\/de\\\/events\\\/kostenlose-live-veranstaltung-integration-der-spirituellen-dimension-in-die-traumaheilung\\\/\",\"name\":\"Kostenlose Live-Veranstaltung: Integration der spirituellen Dimension in die Traumaheilung - Thomas Huebl\",\"isPartOf\":{\"@id\":\"https:\\\/\\\/thomashuebl.com\\\/de\\\/#website\"},\"primaryImageOfPage\":{\"@id\":\"https:\\\/\\\/thomashuebl.com\\\/de\\\/events\\\/kostenlose-live-veranstaltung-integration-der-spirituellen-dimension-in-die-traumaheilung\\\/#primaryimage\"},\"image\":{\"@id\":\"https:\\\/\\\/thomashuebl.com\\\/de\\\/events\\\/kostenlose-live-veranstaltung-integration-der-spirituellen-dimension-in-die-traumaheilung\\\/#primaryimage\"},\"thumbnailUrl\":\"https:\\\/\\\/thomashuebl.com\\\/wp-content\\\/uploads\\\/2023\\\/10\\\/SHJ-webinar-Metadata.jpg\",\"datePublished\":\"2023-10-11T02:46:14+00:00\",\"dateModified\":\"2023-10-11T13:43:28+00:00\",\"breadcrumb\":{\"@id\":\"https:\\\/\\\/thomashuebl.com\\\/de\\\/events\\\/kostenlose-live-veranstaltung-integration-der-spirituellen-dimension-in-die-traumaheilung\\\/#breadcrumb\"},\"inLanguage\":\"de-DE\",\"potentialAction\":[{\"@type\":\"ReadAction\",\"target\":[\"https:\\\/\\\/thomashuebl.com\\\/de\\\/events\\\/kostenlose-live-veranstaltung-integration-der-spirituellen-dimension-in-die-traumaheilung\\\/\"]}]},{\"@type\":\"ImageObject\",\"inLanguage\":\"de-DE\",\"@id\":\"https:\\\/\\\/thomashuebl.com\\\/de\\\/events\\\/kostenlose-live-veranstaltung-integration-der-spirituellen-dimension-in-die-traumaheilung\\\/#primaryimage\",\"url\":\"https:\\\/\\\/thomashuebl.com\\\/wp-content\\\/uploads\\\/2023\\\/10\\\/SHJ-webinar-Metadata.jpg\",\"contentUrl\":\"https:\\\/\\\/thomashuebl.com\\\/wp-content\\\/uploads\\\/2023\\\/10\\\/SHJ-webinar-Metadata.jpg\",\"width\":1200,\"height\":675},{\"@type\":\"BreadcrumbList\",\"@id\":\"https:\\\/\\\/thomashuebl.com\\\/de\\\/events\\\/kostenlose-live-veranstaltung-integration-der-spirituellen-dimension-in-die-traumaheilung\\\/#breadcrumb\",\"itemListElement\":[{\"@type\":\"ListItem\",\"position\":1,\"name\":\"Home\",\"item\":\"https:\\\/\\\/thomashuebl.com\\\/de\\\/\"},{\"@type\":\"ListItem\",\"position\":2,\"name\":\"Veranstaltungen\",\"item\":\"https:\\\/\\\/thomashuebl.com\\\/de\\\/events\\\/\"},{\"@type\":\"ListItem\",\"position\":3,\"name\":\"Kostenlose Live-Veranstaltung: Integration der spirituellen Dimension in die Traumaheilung\"}]},{\"@type\":\"WebSite\",\"@id\":\"https:\\\/\\\/thomashuebl.com\\\/de\\\/#website\",\"url\":\"https:\\\/\\\/thomashuebl.com\\\/de\\\/\",\"name\":\"Thomas Huebl\",\"description\":\"\",\"publisher\":{\"@id\":\"https:\\\/\\\/thomashuebl.com\\\/de\\\/#organization\"},\"potentialAction\":[{\"@type\":\"SearchAction\",\"target\":{\"@type\":\"EntryPoint\",\"urlTemplate\":\"https:\\\/\\\/thomashuebl.com\\\/de\\\/?s={search_term_string}\"},\"query-input\":{\"@type\":\"PropertyValueSpecification\",\"valueRequired\":true,\"valueName\":\"search_term_string\"}}],\"inLanguage\":\"de-DE\"},{\"@type\":\"Organization\",\"@id\":\"https:\\\/\\\/thomashuebl.com\\\/de\\\/#organization\",\"name\":\"Thomas Huebl\",\"url\":\"https:\\\/\\\/thomashuebl.com\\\/de\\\/\",\"logo\":{\"@type\":\"ImageObject\",\"inLanguage\":\"de-DE\",\"@id\":\"https:\\\/\\\/thomashuebl.com\\\/de\\\/#\\\/schema\\\/logo\\\/image\\\/\",\"url\":\"https:\\\/\\\/thomashuebl.com\\\/wp-content\\\/uploads\\\/2023\\\/08\\\/thomashueblpl_03-1.jpg\",\"contentUrl\":\"https:\\\/\\\/thomashuebl.com\\\/wp-content\\\/uploads\\\/2023\\\/08\\\/thomashueblpl_03-1.jpg\",\"width\":1200,\"height\":630,\"caption\":\"Thomas Huebl\"},\"image\":{\"@id\":\"https:\\\/\\\/thomashuebl.com\\\/de\\\/#\\\/schema\\\/logo\\\/image\\\/\"},\"sameAs\":[\"https:\\\/\\\/www.facebook.com\\\/Thomas.Huebl.Sangha\\\/\",\"https:\\\/\\\/x.com\\\/thomasHuebl\",\"https:\\\/\\\/www.youtube.com\\\/user\\\/thomashuebl\",\"https:\\\/\\\/www.instagram.com\\\/thomashuebl\\\/\"]}]}<\/script>\n<!-- \/ Yoast SEO plugin. -->","yoast_head_json":{"title":"Kostenlose Live-Veranstaltung: Integration der spirituellen Dimension in die Traumaheilung - Thomas Huebl","robots":{"index":"index","follow":"follow","max-snippet":"max-snippet:-1","max-image-preview":"max-image-preview:large","max-video-preview":"max-video-preview:-1"},"canonical":"https:\/\/thomashuebl.com\/de\/events\/kostenlose-live-veranstaltung-integration-der-spirituellen-dimension-in-die-traumaheilung\/","og_locale":"de_DE","og_type":"article","og_title":"Kostenlose Live-Veranstaltung: Integration der spirituellen Dimension in die Traumaheilung - Thomas Huebl","og_description":"Welchen Platz nimmt die Spiritualit\u00e4t auf unserem Heilungsweg ein?","og_url":"https:\/\/thomashuebl.com\/de\/events\/kostenlose-live-veranstaltung-integration-der-spirituellen-dimension-in-die-traumaheilung\/","og_site_name":"Thomas Huebl","article_publisher":"https:\/\/www.facebook.com\/Thomas.Huebl.Sangha\/","article_modified_time":"2023-10-11T13:43:28+00:00","og_image":[{"width":1200,"height":675,"url":"https:\/\/thomashuebl.com\/wp-content\/uploads\/2023\/10\/SHJ-webinar-Metadata.jpg","type":"image\/jpeg"}],"twitter_card":"summary_large_image","twitter_site":"@thomasHuebl","twitter_misc":{"Gesch\u00e4tzte Lesezeit":"1 Minute"},"schema":{"@context":"https:\/\/schema.org","@graph":[{"@type":"WebPage","@id":"https:\/\/thomashuebl.com\/de\/events\/kostenlose-live-veranstaltung-integration-der-spirituellen-dimension-in-die-traumaheilung\/","url":"https:\/\/thomashuebl.com\/de\/events\/kostenlose-live-veranstaltung-integration-der-spirituellen-dimension-in-die-traumaheilung\/","name":"Kostenlose Live-Veranstaltung: Integration der spirituellen Dimension in die Traumaheilung - Thomas Huebl","isPartOf":{"@id":"https:\/\/thomashuebl.com\/de\/#website"},"primaryImageOfPage":{"@id":"https:\/\/thomashuebl.com\/de\/events\/kostenlose-live-veranstaltung-integration-der-spirituellen-dimension-in-die-traumaheilung\/#primaryimage"},"image":{"@id":"https:\/\/thomashuebl.com\/de\/events\/kostenlose-live-veranstaltung-integration-der-spirituellen-dimension-in-die-traumaheilung\/#primaryimage"},"thumbnailUrl":"https:\/\/thomashuebl.com\/wp-content\/uploads\/2023\/10\/SHJ-webinar-Metadata.jpg","datePublished":"2023-10-11T02:46:14+00:00","dateModified":"2023-10-11T13:43:28+00:00","breadcrumb":{"@id":"https:\/\/thomashuebl.com\/de\/events\/kostenlose-live-veranstaltung-integration-der-spirituellen-dimension-in-die-traumaheilung\/#breadcrumb"},"inLanguage":"de-DE","potentialAction":[{"@type":"ReadAction","target":["https:\/\/thomashuebl.com\/de\/events\/kostenlose-live-veranstaltung-integration-der-spirituellen-dimension-in-die-traumaheilung\/"]}]},{"@type":"ImageObject","inLanguage":"de-DE","@id":"https:\/\/thomashuebl.com\/de\/events\/kostenlose-live-veranstaltung-integration-der-spirituellen-dimension-in-die-traumaheilung\/#primaryimage","url":"https:\/\/thomashuebl.com\/wp-content\/uploads\/2023\/10\/SHJ-webinar-Metadata.jpg","contentUrl":"https:\/\/thomashuebl.com\/wp-content\/uploads\/2023\/10\/SHJ-webinar-Metadata.jpg","width":1200,"height":675},{"@type":"BreadcrumbList","@id":"https:\/\/thomashuebl.com\/de\/events\/kostenlose-live-veranstaltung-integration-der-spirituellen-dimension-in-die-traumaheilung\/#breadcrumb","itemListElement":[{"@type":"ListItem","position":1,"name":"Home","item":"https:\/\/thomashuebl.com\/de\/"},{"@type":"ListItem","position":2,"name":"Veranstaltungen","item":"https:\/\/thomashuebl.com\/de\/events\/"},{"@type":"ListItem","position":3,"name":"Kostenlose Live-Veranstaltung: Integration der spirituellen Dimension in die Traumaheilung"}]},{"@type":"WebSite","@id":"https:\/\/thomashuebl.com\/de\/#website","url":"https:\/\/thomashuebl.com\/de\/","name":"Thomas Huebl","description":"","publisher":{"@id":"https:\/\/thomashuebl.com\/de\/#organization"},"potentialAction":[{"@type":"SearchAction","target":{"@type":"EntryPoint","urlTemplate":"https:\/\/thomashuebl.com\/de\/?s={search_term_string}"},"query-input":{"@type":"PropertyValueSpecification","valueRequired":true,"valueName":"search_term_string"}}],"inLanguage":"de-DE"},{"@type":"Organization","@id":"https:\/\/thomashuebl.com\/de\/#organization","name":"Thomas Huebl","url":"https:\/\/thomashuebl.com\/de\/","logo":{"@type":"ImageObject","inLanguage":"de-DE","@id":"https:\/\/thomashuebl.com\/de\/#\/schema\/logo\/image\/","url":"https:\/\/thomashuebl.com\/wp-content\/uploads\/2023\/08\/thomashueblpl_03-1.jpg","contentUrl":"https:\/\/thomashuebl.com\/wp-content\/uploads\/2023\/08\/thomashueblpl_03-1.jpg","width":1200,"height":630,"caption":"Thomas Huebl"},"image":{"@id":"https:\/\/thomashuebl.com\/de\/#\/schema\/logo\/image\/"},"sameAs":["https:\/\/www.facebook.com\/Thomas.Huebl.Sangha\/","https:\/\/x.com\/thomasHuebl","https:\/\/www.youtube.com\/user\/thomashuebl","https:\/\/www.instagram.com\/thomashuebl\/"]}]}},"_links":{"self":[{"href":"https:\/\/thomashuebl.com\/de\/wp-json\/wp\/v2\/mec-events\/3102","targetHints":{"allow":["GET"]}}],"collection":[{"href":"https:\/\/thomashuebl.com\/de\/wp-json\/wp\/v2\/mec-events"}],"about":[{"href":"https:\/\/thomashuebl.com\/de\/wp-json\/wp\/v2\/types\/mec-events"}],"author":[{"embeddable":true,"href":"https:\/\/thomashuebl.com\/de\/wp-json\/wp\/v2\/users\/4"}],"replies":[{"embeddable":true,"href":"https:\/\/thomashuebl.com\/de\/wp-json\/wp\/v2\/comments?post=3102"}],"version-history":[{"count":0,"href":"https:\/\/thomashuebl.com\/de\/wp-json\/wp\/v2\/mec-events\/3102\/revisions"}],"wp:featuredmedia":[{"embeddable":true,"href":"https:\/\/thomashuebl.com\/de\/wp-json\/wp\/v2\/media\/3094"}],"wp:attachment":[{"href":"https:\/\/thomashuebl.com\/de\/wp-json\/wp\/v2\/media?parent=3102"}],"wp:term":[{"taxonomy":"post_tag","embeddable":true,"href":"https:\/\/thomashuebl.com\/de\/wp-json\/wp\/v2\/tags?post=3102"},{"taxonomy":"mec_category","embeddable":true,"href":"https:\/\/thomashuebl.com\/de\/wp-json\/wp\/v2\/mec_category?post=3102"},{"taxonomy":"mec_speaker","embeddable":true,"href":"https:\/\/thomashuebl.com\/de\/wp-json\/wp\/v2\/mec_speaker?post=3102"}],"curies":[{"name":"wp","href":"https:\/\/api.w.org\/{rel}","templated":true}]}}