{"id":2656,"date":"2023-08-17T03:47:11","date_gmt":"2023-08-17T10:47:11","guid":{"rendered":"https:\/\/thomashuebl.com\/?post_type=mec-events&#038;p=2656"},"modified":"2023-09-19T05:17:54","modified_gmt":"2023-09-19T12:17:54","slug":"attuned-practicing-interdependence-to-heal-our-trauma-and-our-world","status":"publish","type":"mec-events","link":"https:\/\/thomashuebl.com\/de\/events\/attuned-practicing-interdependence-to-heal-our-trauma-and-our-world\/","title":{"rendered":"Attuned: Practicing Interdependence to Heal Our Trauma\u2014and Our World"},"content":{"rendered":"<p>Thomas in einem einzigartigen Gespr\u00e4ch \u00fcber <strong>wechselseitige Interdependenz und die Heilung unserer Welt<\/strong> (auf Englisch).<\/p>\n<p>Wir sind alle miteinander verbunden, und wir alle sind voneinander und von der Welt, in der wir leben, abh\u00e4ngig. Doch obwohl wir heute unser Leben mit mehr Menschen als je zuvor virtuell teilen k\u00f6nnen, erleben wir eine zunehmende Isolation, Entfremdung und Spaltung. Warum ist das so? &#8220;Wir sehen hier die Manifestation eines kollektiven Traumas&#8221;, sagt Thomas.<\/p>\n<p><a href=\"https:\/\/www.scienceandnonduality.com\/webinar\/attuned\" target=\"_blank\" rel=\"noopener\"><strong>Zur Anmeldung geht es hier &gt;&gt;<\/strong><\/a><\/p>\n<p>Wir m\u00fcssen dieses Trauma als Gemeinschaft heilen, wenn wir das schwierige Terrain, das vor uns liegt, erfolgreich meistern wollen. &#8220;Die \u00e4u\u00dferst komplexen Herausforderungen, mit denen wir konfrontiert sind, erfordern eine <strong>neue Ebene der menschlichen Zusammenarbeit<\/strong>.<\/p>\n<p>Thomas zeigt in einem <strong>mutigen und ermutigenden Prozess<\/strong> f\u00fcr alle die auf, die sich f\u00fcr die Heilung unserer in K\u00e4mpfen zerissenen Welt einsetzen. Dieser beginnt mit einer tiefgreifenden Erforschung des Beziehungsfeldes, durch das wir alle Erfahrungen, Hoffnungen, \u00c4ngste und Tr\u00e4ume innerhalb des Kollektivs teilen.<\/p>\n<p>Von dort aus werden wir uns praktische Wege ansehen, um:<\/p>\n<ul>\n<li>individuelle, generationen\u00fcbergreifende und kulturelle Traumata zu verarbeiten<\/li>\n<li>innere Ressourcen f\u00fcr die Resilienz zu nutzen<\/li>\n<li>transparente Kommunikation nutzen, um unsere Beziehung zu allen Wesen zu beleben und zu vertiefen<\/li>\n<\/ul>\n<p>Indem wir unsere gegenseitige Interdependenz anerkennen, k\u00f6nnen wir die Herausforderungen unserer Zeit meistern. &#8220;Es braucht vielleicht nur eine kleine Anzahl von uns, um eine neue Ebene der kollektiven Koh\u00e4renz zu schaffen &#8211; um unser Licht zu teilen, unsere Wunden zu heilen und das <strong>unerweckte Potenzial unserer Welt zu verwirklichen<\/strong>.&#8221;<\/p>\n<p><em>Diese Veranstaltung wird ausgerichtet von Science &amp; Nonduality<\/em><\/p>\n","protected":false},"excerpt":{"rendered":"<p>Live-Gespr\u00e4ch der Online-Community von Science &#038; Nonduality (SAND), moderiert von Zaya &#038; Maurizio Benazzo<\/p>\n","protected":false},"author":4,"featured_media":2658,"comment_status":"closed","ping_status":"closed","template":"","meta":{"_acf_changed":false,"site-sidebar-layout":"default","site-content-layout":"","ast-site-content-layout":"default","site-content-style":"default","site-sidebar-style":"default","ast-global-header-display":"","ast-banner-title-visibility":"","ast-main-header-display":"","ast-hfb-above-header-display":"","ast-hfb-below-header-display":"","ast-hfb-mobile-header-display":"","site-post-title":"","ast-breadcrumbs-content":"","ast-featured-img":"","footer-sml-layout":"","ast-disable-related-posts":"","theme-transparent-header-meta":"default","adv-header-id-meta":"","stick-header-meta":"","header-above-stick-meta":"","header-main-stick-meta":"","header-below-stick-meta":"","astra-migrate-meta-layouts":"set","ast-page-background-enabled":"default","ast-page-background-meta":{"desktop":{"background-color":"","background-image":"","background-repeat":"repeat","background-position":"center center","background-size":"auto","background-attachment":"scroll","background-type":"","background-media":"","overlay-type":"","overlay-color":"","overlay-opacity":"","overlay-gradient":""},"tablet":{"background-color":"","background-image":"","background-repeat":"repeat","background-position":"center center","background-size":"auto","background-attachment":"scroll","background-type":"","background-media":"","overlay-type":"","overlay-color":"","overlay-opacity":"","overlay-gradient":""},"mobile":{"background-color":"","background-image":"","background-repeat":"repeat","background-position":"center center","background-size":"auto","background-attachment":"scroll","background-type":"","background-media":"","overlay-type":"","overlay-color":"","overlay-opacity":"","overlay-gradient":""}},"ast-content-background-meta":{"desktop":{"background-color":"var(--ast-global-color-5)","background-image":"","background-repeat":"repeat","background-position":"center center","background-size":"auto","background-attachment":"scroll","background-type":"","background-media":"","overlay-type":"","overlay-color":"","overlay-opacity":"","overlay-gradient":""},"tablet":{"background-color":"var(--ast-global-color-5)","background-image":"","background-repeat":"repeat","background-position":"center center","background-size":"auto","background-attachment":"scroll","background-type":"","background-media":"","overlay-type":"","overlay-color":"","overlay-opacity":"","overlay-gradient":""},"mobile":{"background-color":"var(--ast-global-color-5)","background-image":"","background-repeat":"repeat","background-position":"center center","background-size":"auto","background-attachment":"scroll","background-type":"","background-media":"","overlay-type":"","overlay-color":"","overlay-opacity":"","overlay-gradient":""}}},"tags":[],"mec_category":[200,115],"mec_speaker":[186],"class_list":["post-2656","mec-events","type-mec-events","status-publish","has-post-thumbnail","hentry","mec_category-englische-sprache","mec_category-veranstaltung"],"acf":[],"yoast_head":"<!-- This site is optimized with the Yoast SEO plugin v27.4 - https:\/\/yoast.com\/product\/yoast-seo-wordpress\/ -->\n<title>Attuned: Practicing Interdependence to Heal Our Trauma\u2014and Our World - Thomas Huebl<\/title>\n<meta name=\"robots\" content=\"index, follow, max-snippet:-1, max-image-preview:large, max-video-preview:-1\" \/>\n<link rel=\"canonical\" href=\"https:\/\/thomashuebl.com\/de\/events\/attuned-practicing-interdependence-to-heal-our-trauma-and-our-world\/\" \/>\n<meta property=\"og:locale\" content=\"de_DE\" \/>\n<meta property=\"og:type\" content=\"article\" \/>\n<meta property=\"og:title\" content=\"Attuned: Practicing Interdependence to Heal Our Trauma\u2014and Our World - Thomas Huebl\" \/>\n<meta property=\"og:description\" content=\"Live-Gespr\u00e4ch der Online-Community von Science &amp; Nonduality (SAND), moderiert von Zaya &amp; Maurizio Benazzo\" \/>\n<meta property=\"og:url\" content=\"https:\/\/thomashuebl.com\/de\/events\/attuned-practicing-interdependence-to-heal-our-trauma-and-our-world\/\" \/>\n<meta property=\"og:site_name\" content=\"Thomas Huebl\" \/>\n<meta property=\"article:publisher\" content=\"https:\/\/www.facebook.com\/Thomas.Huebl.Sangha\/\" \/>\n<meta property=\"article:modified_time\" content=\"2023-09-19T12:17:54+00:00\" \/>\n<meta property=\"og:image\" content=\"https:\/\/thomashuebl.com\/wp-content\/uploads\/2023\/08\/thomas-huebl-sand-attuned-event-v2.jpg\" \/>\n\t<meta property=\"og:image:width\" content=\"640\" \/>\n\t<meta property=\"og:image:height\" content=\"380\" \/>\n\t<meta property=\"og:image:type\" content=\"image\/jpeg\" \/>\n<meta name=\"twitter:card\" content=\"summary_large_image\" \/>\n<meta name=\"twitter:site\" content=\"@thomasHuebl\" \/>\n<meta name=\"twitter:label1\" content=\"Gesch\u00e4tzte Lesezeit\" \/>\n\t<meta name=\"twitter:data1\" content=\"2 Minuten\" \/>\n<script type=\"application\/ld+json\" class=\"yoast-schema-graph\">{\"@context\":\"https:\\\/\\\/schema.org\",\"@graph\":[{\"@type\":\"WebPage\",\"@id\":\"https:\\\/\\\/thomashuebl.com\\\/de\\\/events\\\/attuned-practicing-interdependence-to-heal-our-trauma-and-our-world\\\/\",\"url\":\"https:\\\/\\\/thomashuebl.com\\\/de\\\/events\\\/attuned-practicing-interdependence-to-heal-our-trauma-and-our-world\\\/\",\"name\":\"Attuned: Practicing Interdependence to Heal Our Trauma\u2014and Our World - Thomas Huebl\",\"isPartOf\":{\"@id\":\"https:\\\/\\\/thomashuebl.com\\\/de\\\/#website\"},\"primaryImageOfPage\":{\"@id\":\"https:\\\/\\\/thomashuebl.com\\\/de\\\/events\\\/attuned-practicing-interdependence-to-heal-our-trauma-and-our-world\\\/#primaryimage\"},\"image\":{\"@id\":\"https:\\\/\\\/thomashuebl.com\\\/de\\\/events\\\/attuned-practicing-interdependence-to-heal-our-trauma-and-our-world\\\/#primaryimage\"},\"thumbnailUrl\":\"https:\\\/\\\/thomashuebl.com\\\/wp-content\\\/uploads\\\/2023\\\/08\\\/thomas-huebl-sand-attuned-event-v2.jpg\",\"datePublished\":\"2023-08-17T10:47:11+00:00\",\"dateModified\":\"2023-09-19T12:17:54+00:00\",\"breadcrumb\":{\"@id\":\"https:\\\/\\\/thomashuebl.com\\\/de\\\/events\\\/attuned-practicing-interdependence-to-heal-our-trauma-and-our-world\\\/#breadcrumb\"},\"inLanguage\":\"de-DE\",\"potentialAction\":[{\"@type\":\"ReadAction\",\"target\":[\"https:\\\/\\\/thomashuebl.com\\\/de\\\/events\\\/attuned-practicing-interdependence-to-heal-our-trauma-and-our-world\\\/\"]}]},{\"@type\":\"ImageObject\",\"inLanguage\":\"de-DE\",\"@id\":\"https:\\\/\\\/thomashuebl.com\\\/de\\\/events\\\/attuned-practicing-interdependence-to-heal-our-trauma-and-our-world\\\/#primaryimage\",\"url\":\"https:\\\/\\\/thomashuebl.com\\\/wp-content\\\/uploads\\\/2023\\\/08\\\/thomas-huebl-sand-attuned-event-v2.jpg\",\"contentUrl\":\"https:\\\/\\\/thomashuebl.com\\\/wp-content\\\/uploads\\\/2023\\\/08\\\/thomas-huebl-sand-attuned-event-v2.jpg\",\"width\":640,\"height\":380},{\"@type\":\"BreadcrumbList\",\"@id\":\"https:\\\/\\\/thomashuebl.com\\\/de\\\/events\\\/attuned-practicing-interdependence-to-heal-our-trauma-and-our-world\\\/#breadcrumb\",\"itemListElement\":[{\"@type\":\"ListItem\",\"position\":1,\"name\":\"Home\",\"item\":\"https:\\\/\\\/thomashuebl.com\\\/de\\\/\"},{\"@type\":\"ListItem\",\"position\":2,\"name\":\"Veranstaltungen\",\"item\":\"https:\\\/\\\/thomashuebl.com\\\/de\\\/events\\\/\"},{\"@type\":\"ListItem\",\"position\":3,\"name\":\"Attuned: Practicing Interdependence to Heal Our Trauma\u2014and Our World\"}]},{\"@type\":\"WebSite\",\"@id\":\"https:\\\/\\\/thomashuebl.com\\\/de\\\/#website\",\"url\":\"https:\\\/\\\/thomashuebl.com\\\/de\\\/\",\"name\":\"Thomas Huebl\",\"description\":\"\",\"publisher\":{\"@id\":\"https:\\\/\\\/thomashuebl.com\\\/de\\\/#organization\"},\"potentialAction\":[{\"@type\":\"SearchAction\",\"target\":{\"@type\":\"EntryPoint\",\"urlTemplate\":\"https:\\\/\\\/thomashuebl.com\\\/de\\\/?s={search_term_string}\"},\"query-input\":{\"@type\":\"PropertyValueSpecification\",\"valueRequired\":true,\"valueName\":\"search_term_string\"}}],\"inLanguage\":\"de-DE\"},{\"@type\":\"Organization\",\"@id\":\"https:\\\/\\\/thomashuebl.com\\\/de\\\/#organization\",\"name\":\"Thomas Huebl\",\"url\":\"https:\\\/\\\/thomashuebl.com\\\/de\\\/\",\"logo\":{\"@type\":\"ImageObject\",\"inLanguage\":\"de-DE\",\"@id\":\"https:\\\/\\\/thomashuebl.com\\\/de\\\/#\\\/schema\\\/logo\\\/image\\\/\",\"url\":\"https:\\\/\\\/thomashuebl.com\\\/wp-content\\\/uploads\\\/2023\\\/08\\\/thomashueblpl_03-1.jpg\",\"contentUrl\":\"https:\\\/\\\/thomashuebl.com\\\/wp-content\\\/uploads\\\/2023\\\/08\\\/thomashueblpl_03-1.jpg\",\"width\":1200,\"height\":630,\"caption\":\"Thomas Huebl\"},\"image\":{\"@id\":\"https:\\\/\\\/thomashuebl.com\\\/de\\\/#\\\/schema\\\/logo\\\/image\\\/\"},\"sameAs\":[\"https:\\\/\\\/www.facebook.com\\\/Thomas.Huebl.Sangha\\\/\",\"https:\\\/\\\/x.com\\\/thomasHuebl\",\"https:\\\/\\\/www.youtube.com\\\/user\\\/thomashuebl\",\"https:\\\/\\\/www.instagram.com\\\/thomashuebl\\\/\"]}]}<\/script>\n<!-- \/ Yoast SEO plugin. -->","yoast_head_json":{"title":"Attuned: Practicing Interdependence to Heal Our Trauma\u2014and Our World - Thomas Huebl","robots":{"index":"index","follow":"follow","max-snippet":"max-snippet:-1","max-image-preview":"max-image-preview:large","max-video-preview":"max-video-preview:-1"},"canonical":"https:\/\/thomashuebl.com\/de\/events\/attuned-practicing-interdependence-to-heal-our-trauma-and-our-world\/","og_locale":"de_DE","og_type":"article","og_title":"Attuned: Practicing Interdependence to Heal Our Trauma\u2014and Our World - Thomas Huebl","og_description":"Live-Gespr\u00e4ch der Online-Community von Science & Nonduality (SAND), moderiert von Zaya & Maurizio Benazzo","og_url":"https:\/\/thomashuebl.com\/de\/events\/attuned-practicing-interdependence-to-heal-our-trauma-and-our-world\/","og_site_name":"Thomas Huebl","article_publisher":"https:\/\/www.facebook.com\/Thomas.Huebl.Sangha\/","article_modified_time":"2023-09-19T12:17:54+00:00","og_image":[{"width":640,"height":380,"url":"https:\/\/thomashuebl.com\/wp-content\/uploads\/2023\/08\/thomas-huebl-sand-attuned-event-v2.jpg","type":"image\/jpeg"}],"twitter_card":"summary_large_image","twitter_site":"@thomasHuebl","twitter_misc":{"Gesch\u00e4tzte Lesezeit":"2 Minuten"},"schema":{"@context":"https:\/\/schema.org","@graph":[{"@type":"WebPage","@id":"https:\/\/thomashuebl.com\/de\/events\/attuned-practicing-interdependence-to-heal-our-trauma-and-our-world\/","url":"https:\/\/thomashuebl.com\/de\/events\/attuned-practicing-interdependence-to-heal-our-trauma-and-our-world\/","name":"Attuned: Practicing Interdependence to Heal Our Trauma\u2014and Our World - Thomas Huebl","isPartOf":{"@id":"https:\/\/thomashuebl.com\/de\/#website"},"primaryImageOfPage":{"@id":"https:\/\/thomashuebl.com\/de\/events\/attuned-practicing-interdependence-to-heal-our-trauma-and-our-world\/#primaryimage"},"image":{"@id":"https:\/\/thomashuebl.com\/de\/events\/attuned-practicing-interdependence-to-heal-our-trauma-and-our-world\/#primaryimage"},"thumbnailUrl":"https:\/\/thomashuebl.com\/wp-content\/uploads\/2023\/08\/thomas-huebl-sand-attuned-event-v2.jpg","datePublished":"2023-08-17T10:47:11+00:00","dateModified":"2023-09-19T12:17:54+00:00","breadcrumb":{"@id":"https:\/\/thomashuebl.com\/de\/events\/attuned-practicing-interdependence-to-heal-our-trauma-and-our-world\/#breadcrumb"},"inLanguage":"de-DE","potentialAction":[{"@type":"ReadAction","target":["https:\/\/thomashuebl.com\/de\/events\/attuned-practicing-interdependence-to-heal-our-trauma-and-our-world\/"]}]},{"@type":"ImageObject","inLanguage":"de-DE","@id":"https:\/\/thomashuebl.com\/de\/events\/attuned-practicing-interdependence-to-heal-our-trauma-and-our-world\/#primaryimage","url":"https:\/\/thomashuebl.com\/wp-content\/uploads\/2023\/08\/thomas-huebl-sand-attuned-event-v2.jpg","contentUrl":"https:\/\/thomashuebl.com\/wp-content\/uploads\/2023\/08\/thomas-huebl-sand-attuned-event-v2.jpg","width":640,"height":380},{"@type":"BreadcrumbList","@id":"https:\/\/thomashuebl.com\/de\/events\/attuned-practicing-interdependence-to-heal-our-trauma-and-our-world\/#breadcrumb","itemListElement":[{"@type":"ListItem","position":1,"name":"Home","item":"https:\/\/thomashuebl.com\/de\/"},{"@type":"ListItem","position":2,"name":"Veranstaltungen","item":"https:\/\/thomashuebl.com\/de\/events\/"},{"@type":"ListItem","position":3,"name":"Attuned: Practicing Interdependence to Heal Our Trauma\u2014and Our World"}]},{"@type":"WebSite","@id":"https:\/\/thomashuebl.com\/de\/#website","url":"https:\/\/thomashuebl.com\/de\/","name":"Thomas Huebl","description":"","publisher":{"@id":"https:\/\/thomashuebl.com\/de\/#organization"},"potentialAction":[{"@type":"SearchAction","target":{"@type":"EntryPoint","urlTemplate":"https:\/\/thomashuebl.com\/de\/?s={search_term_string}"},"query-input":{"@type":"PropertyValueSpecification","valueRequired":true,"valueName":"search_term_string"}}],"inLanguage":"de-DE"},{"@type":"Organization","@id":"https:\/\/thomashuebl.com\/de\/#organization","name":"Thomas Huebl","url":"https:\/\/thomashuebl.com\/de\/","logo":{"@type":"ImageObject","inLanguage":"de-DE","@id":"https:\/\/thomashuebl.com\/de\/#\/schema\/logo\/image\/","url":"https:\/\/thomashuebl.com\/wp-content\/uploads\/2023\/08\/thomashueblpl_03-1.jpg","contentUrl":"https:\/\/thomashuebl.com\/wp-content\/uploads\/2023\/08\/thomashueblpl_03-1.jpg","width":1200,"height":630,"caption":"Thomas Huebl"},"image":{"@id":"https:\/\/thomashuebl.com\/de\/#\/schema\/logo\/image\/"},"sameAs":["https:\/\/www.facebook.com\/Thomas.Huebl.Sangha\/","https:\/\/x.com\/thomasHuebl","https:\/\/www.youtube.com\/user\/thomashuebl","https:\/\/www.instagram.com\/thomashuebl\/"]}]}},"_links":{"self":[{"href":"https:\/\/thomashuebl.com\/de\/wp-json\/wp\/v2\/mec-events\/2656","targetHints":{"allow":["GET"]}}],"collection":[{"href":"https:\/\/thomashuebl.com\/de\/wp-json\/wp\/v2\/mec-events"}],"about":[{"href":"https:\/\/thomashuebl.com\/de\/wp-json\/wp\/v2\/types\/mec-events"}],"author":[{"embeddable":true,"href":"https:\/\/thomashuebl.com\/de\/wp-json\/wp\/v2\/users\/4"}],"replies":[{"embeddable":true,"href":"https:\/\/thomashuebl.com\/de\/wp-json\/wp\/v2\/comments?post=2656"}],"version-history":[{"count":0,"href":"https:\/\/thomashuebl.com\/de\/wp-json\/wp\/v2\/mec-events\/2656\/revisions"}],"wp:featuredmedia":[{"embeddable":true,"href":"https:\/\/thomashuebl.com\/de\/wp-json\/wp\/v2\/media\/2658"}],"wp:attachment":[{"href":"https:\/\/thomashuebl.com\/de\/wp-json\/wp\/v2\/media?parent=2656"}],"wp:term":[{"taxonomy":"post_tag","embeddable":true,"href":"https:\/\/thomashuebl.com\/de\/wp-json\/wp\/v2\/tags?post=2656"},{"taxonomy":"mec_category","embeddable":true,"href":"https:\/\/thomashuebl.com\/de\/wp-json\/wp\/v2\/mec_category?post=2656"},{"taxonomy":"mec_speaker","embeddable":true,"href":"https:\/\/thomashuebl.com\/de\/wp-json\/wp\/v2\/mec_speaker?post=2656"}],"curies":[{"name":"wp","href":"https:\/\/api.w.org\/{rel}","templated":true}]}}