{"id":2256,"date":"2023-06-14T11:21:39","date_gmt":"2023-06-14T18:21:39","guid":{"rendered":"https:\/\/thomashuebl.com\/?post_type=mec-events&#038;p=2256"},"modified":"2023-08-14T09:56:31","modified_gmt":"2023-08-14T16:56:31","slug":"2023-sommer-intensive-workshop-mit-thomas-huebl","status":"publish","type":"mec-events","link":"https:\/\/thomashuebl.com\/de\/events\/2023-sommer-intensive-workshop-mit-thomas-huebl\/","title":{"rendered":"2023: Sommer Intensive Workshop"},"content":{"rendered":"<h3>Innere Transformation in Zeiten starker Ver\u00e4nderung &#8211; Anmeldeschluss am 27. Juli um 12 Uhr<\/h3>\n<p><strong>Melde dich noch bis Donnerstag, den 27. Juli um 12 Uhr f\u00fcr die Online-Teilnahme an!<br \/>\n<a href=\"https:\/\/summerintensive.thomashuebl.com\" target=\"_blank\" rel=\"noopener\">Zur Anmeldung &gt;&gt;<\/a><\/strong><\/p>\n<p><strong>Es gibt auch noch einige Pl\u00e4tze f\u00fcr Schnellentschlossene f\u00fcr die Vor-Ort-Teilnahme auf Hof Oberlethe &#8211; allerdings nur im Zelt. Leider sind alle Zimmer schon ausgebucht.<br \/>\n<a href=\"https:\/\/summerintensive.thomashuebl.com\" target=\"_blank\" rel=\"noopener\">Zur Anmeldung &gt;&gt;<\/a><\/strong><\/p>\n<p>Wie k\u00f6nnen wir uns in einer pr\u00e4senten Gemeinschaft gegenseitig unterst\u00fctzen, die inneren Prozesse zu verarbeiten, die in einer sich stark ver\u00e4ndernden Welt in uns allen entstehen?<\/p>\n<p>Anstatt diese zu unterdr\u00fccken und zu pathologisieren oder versuchen besser zu sein, k\u00f6nnen wir der Welt lauschen genau so, wie sie gerade zu uns allen im Inneren spricht. Wenn sich Strukturen in der \u00e4u\u00dferen Welt verschieben, brauchen wir eine Verankerung in innerer Pr\u00e4senz und Offenheit, mit dem Wandel gemeinsam zu lernen und zu wachsen.<\/p>\n<p>Gesunde Beziehungsf\u00e4higkeit, Ehrlichkeit, Verletzlichkeit und eine liebevolle und mitf\u00fchlende Gemeinschaft sind die Eckpfeiler der menschlichen Entwicklung. Unseren eigenen Lebenszweck und Lebensaufgabe darin zu finden, ist unser kreativer Beitrag, um eine gr\u00f6\u00dfere, fairere und respektvollere Welt gemeinsam zu gestalten.<\/p>\n<p>In diesem Sinne werden wir in dieser Woche tiefe Heilungsarbeit, kontemplative Praxis, Vertiefung unserer Beziehungsf\u00e4higkeit in der Gemeinschaft und Raum f\u00fcr Inspiration schaffen. Wenn wir erkennen, dass das \u201cIch\u201d und das \u201cWir\u201d immer zutiefst verbunden sind und in einer Wechselwirkung stehen, dann erinnern wir uns daran, was innere Anbindung und gesunde Kultur in unserer Welt bedeutet.<\/p>\n<p>Wir laden Euch ein, Teil einer emergenten, kreativen und lebendigen Erforschung dieser Themen zu sein.<\/p>\n<p><strong>Thomas ist vor Ort auf Hof Oberlethe in Norddeutschland und f\u00fchrt diesen Workshop als vor-Ort-Workshop durch. Es ist aber m\u00f6glich , von au\u00dferhalb online bei diesem Workshop via Zoom teilzunehmen. Die angebotenen Sprachen daf\u00fcr sind Deutsch und Englisch (die Simultan\u00fcbersetzung).<br \/>\nLeitung: Thomas H\u00fcbl<\/strong><\/p>\n<p><strong>Datum: 29. Juli bis 5. August 2023<\/strong><br \/>\n<strong>Preis<\/strong>: 480 Euro pro Person &#8211; Fr\u00fchbucher bis 25. Juni 2023<br \/>\n<strong>Preis ab 26. Juni 2023: <\/strong>530 Euro (plus Unterkunft\/Verpflegung)<br \/>\n<strong>Anmeldeschluss<\/strong>: Donnerstag, 27. Juli um 2:00 Uhr<\/p>\n<p><strong>KINDERBETREUUNG f\u00fcr Kinder im Alter von 3-12 Jahren<\/strong><br \/>\n<strong>T\u00e4glich von 10.15 bis 13.30 Uhr und 15.15 \u2013 19.00 Uhr<\/strong><br \/>\nDieses Jahr bieten wir eine kostenfreie Kinderbetreuung an. Das Team in der Kinderbetreuung k\u00fcmmert sich liebevoll und respektvoll um die j\u00fcngsten G\u00e4ste. Hier sollen sich die Kinder wohl, sicher und angenommen f\u00fchlen. Die vorbereitete Umgebung bietet viele anregende Spielsachen und Materialien, mit denen die Kinder aus eigener Initiative aktiv sein k\u00f6nnen und sich in selbst gew\u00e4hlten Spielen und T\u00e4tigkeiten vertiefen k\u00f6nnen.<\/p>\n<p><strong>Veranstaltungsort: Hof Oberlethe, Wardenburger Strasse 24, 26203 Wardenburg\/Germany<br \/>\nWebseite von Hof Oberlethe: <a href=\"https:\/\/www.hof-oberlethe.de\" target=\"_blank\" rel=\"noopener\">www.hof-oberlethe.de<\/a><\/strong><br \/>\n<strong>Buchung der Unterk\u00fcnfte Hof Oberlethe<\/strong> erst NACH Anmeldung zum Workshop m\u00f6glich, hier \u00fcber die Webseite:<br \/>\n<a href=\"https:\/\/www.hof-oberlethe.de\/index.php?site_id=12\" target=\"_blank\" rel=\"noopener\">Kontaktseite f\u00fcr Unterkunftbuchungen<\/a><\/p>\n<p><strong>Kontakt Email<\/strong> summerintensive@thomashuebl.com | <strong>Telefon:<\/strong> +49 4407 716094<\/p>\n<h3 align=\"left\"><a href=\"https:\/\/summerintensive.thomashuebl.com\/\" target=\"_blank\" rel=\"noopener\">Zur Anmeldung &gt;&gt;<\/a><\/h3>\n","protected":false},"excerpt":{"rendered":"<p>Innere Transformation in Zeiten starker Ver\u00e4nderung &#8211; Anmeldeschluss am 27. Juli um 12 Uhr Melde dich noch bis Donnerstag, den 27. Juli um 12 Uhr f\u00fcr die Online-Teilnahme an! Zur Anmeldung &gt;&gt; Es gibt auch noch einige Pl\u00e4tze f\u00fcr Schnellentschlossene f\u00fcr die Vor-Ort-Teilnahme auf Hof Oberlethe &#8211; allerdings nur im Zelt. Leider sind alle Zimmer [&hellip;]<\/p>\n","protected":false},"author":4,"featured_media":2257,"comment_status":"closed","ping_status":"closed","template":"","meta":{"_acf_changed":false,"site-sidebar-layout":"default","site-content-layout":"default","ast-site-content-layout":"default","site-content-style":"default","site-sidebar-style":"default","ast-global-header-display":"","ast-banner-title-visibility":"","ast-main-header-display":"","ast-hfb-above-header-display":"","ast-hfb-below-header-display":"","ast-hfb-mobile-header-display":"","site-post-title":"","ast-breadcrumbs-content":"","ast-featured-img":"","footer-sml-layout":"","ast-disable-related-posts":"","theme-transparent-header-meta":"default","adv-header-id-meta":"","stick-header-meta":"","header-above-stick-meta":"","header-main-stick-meta":"","header-below-stick-meta":"","astra-migrate-meta-layouts":"set","ast-page-background-enabled":"default","ast-page-background-meta":{"desktop":{"background-color":"","background-image":"","background-repeat":"repeat","background-position":"center center","background-size":"auto","background-attachment":"scroll","background-type":"","background-media":"","overlay-type":"","overlay-color":"","overlay-opacity":"","overlay-gradient":""},"tablet":{"background-color":"","background-image":"","background-repeat":"repeat","background-position":"center center","background-size":"auto","background-attachment":"scroll","background-type":"","background-media":"","overlay-type":"","overlay-color":"","overlay-opacity":"","overlay-gradient":""},"mobile":{"background-color":"","background-image":"","background-repeat":"repeat","background-position":"center center","background-size":"auto","background-attachment":"scroll","background-type":"","background-media":"","overlay-type":"","overlay-color":"","overlay-opacity":"","overlay-gradient":""}},"ast-content-background-meta":{"desktop":{"background-color":"var(--ast-global-color-5)","background-image":"","background-repeat":"repeat","background-position":"center center","background-size":"auto","background-attachment":"scroll","background-type":"","background-media":"","overlay-type":"","overlay-color":"","overlay-opacity":"","overlay-gradient":""},"tablet":{"background-color":"var(--ast-global-color-5)","background-image":"","background-repeat":"repeat","background-position":"center center","background-size":"auto","background-attachment":"scroll","background-type":"","background-media":"","overlay-type":"","overlay-color":"","overlay-opacity":"","overlay-gradient":""},"mobile":{"background-color":"var(--ast-global-color-5)","background-image":"","background-repeat":"repeat","background-position":"center center","background-size":"auto","background-attachment":"scroll","background-type":"","background-media":"","overlay-type":"","overlay-color":"","overlay-opacity":"","overlay-gradient":""}}},"tags":[],"mec_category":[172],"mec_speaker":[186],"class_list":["post-2256","mec-events","type-mec-events","status-publish","has-post-thumbnail","hentry","mec_category-retreat-de"],"acf":[],"yoast_head":"<!-- This site is optimized with the Yoast SEO plugin v27.4 - https:\/\/yoast.com\/product\/yoast-seo-wordpress\/ -->\n<title>2023: Sommer Intensive Workshop - Thomas Huebl<\/title>\n<meta name=\"robots\" content=\"index, follow, max-snippet:-1, max-image-preview:large, max-video-preview:-1\" \/>\n<link rel=\"canonical\" href=\"https:\/\/thomashuebl.com\/de\/events\/2023-sommer-intensive-workshop-mit-thomas-huebl\/\" \/>\n<meta property=\"og:locale\" content=\"de_DE\" \/>\n<meta property=\"og:type\" content=\"article\" \/>\n<meta property=\"og:title\" content=\"2023: Sommer Intensive Workshop - Thomas Huebl\" \/>\n<meta property=\"og:description\" content=\"Innere Transformation in Zeiten starker Ver\u00e4nderung &#8211; Anmeldeschluss am 27. Juli um 12 Uhr Melde dich noch bis Donnerstag, den 27. Juli um 12 Uhr f\u00fcr die Online-Teilnahme an! Zur Anmeldung &gt;&gt; Es gibt auch noch einige Pl\u00e4tze f\u00fcr Schnellentschlossene f\u00fcr die Vor-Ort-Teilnahme auf Hof Oberlethe &#8211; allerdings nur im Zelt. Leider sind alle Zimmer [&hellip;]\" \/>\n<meta property=\"og:url\" content=\"https:\/\/thomashuebl.com\/de\/events\/2023-sommer-intensive-workshop-mit-thomas-huebl\/\" \/>\n<meta property=\"og:site_name\" content=\"Thomas Huebl\" \/>\n<meta property=\"article:publisher\" content=\"https:\/\/www.facebook.com\/Thomas.Huebl.Sangha\/\" \/>\n<meta property=\"article:modified_time\" content=\"2023-08-14T16:56:31+00:00\" \/>\n<meta property=\"og:image\" content=\"https:\/\/thomashuebl.com\/wp-content\/uploads\/2023\/08\/0-header-neu-2-300x300-1.jpg\" \/>\n\t<meta property=\"og:image:width\" content=\"300\" \/>\n\t<meta property=\"og:image:height\" content=\"300\" \/>\n\t<meta property=\"og:image:type\" content=\"image\/jpeg\" \/>\n<meta name=\"twitter:card\" content=\"summary_large_image\" \/>\n<meta name=\"twitter:site\" content=\"@thomasHuebl\" \/>\n<meta name=\"twitter:label1\" content=\"Gesch\u00e4tzte Lesezeit\" \/>\n\t<meta name=\"twitter:data1\" content=\"2 Minuten\" \/>\n<script type=\"application\/ld+json\" class=\"yoast-schema-graph\">{\"@context\":\"https:\\\/\\\/schema.org\",\"@graph\":[{\"@type\":\"WebPage\",\"@id\":\"https:\\\/\\\/thomashuebl.com\\\/de\\\/events\\\/2023-sommer-intensive-workshop-mit-thomas-huebl\\\/\",\"url\":\"https:\\\/\\\/thomashuebl.com\\\/de\\\/events\\\/2023-sommer-intensive-workshop-mit-thomas-huebl\\\/\",\"name\":\"2023: Sommer Intensive Workshop - Thomas Huebl\",\"isPartOf\":{\"@id\":\"https:\\\/\\\/thomashuebl.com\\\/de\\\/#website\"},\"primaryImageOfPage\":{\"@id\":\"https:\\\/\\\/thomashuebl.com\\\/de\\\/events\\\/2023-sommer-intensive-workshop-mit-thomas-huebl\\\/#primaryimage\"},\"image\":{\"@id\":\"https:\\\/\\\/thomashuebl.com\\\/de\\\/events\\\/2023-sommer-intensive-workshop-mit-thomas-huebl\\\/#primaryimage\"},\"thumbnailUrl\":\"https:\\\/\\\/thomashuebl.com\\\/wp-content\\\/uploads\\\/2023\\\/08\\\/0-header-neu-2-300x300-1.jpg\",\"datePublished\":\"2023-06-14T18:21:39+00:00\",\"dateModified\":\"2023-08-14T16:56:31+00:00\",\"breadcrumb\":{\"@id\":\"https:\\\/\\\/thomashuebl.com\\\/de\\\/events\\\/2023-sommer-intensive-workshop-mit-thomas-huebl\\\/#breadcrumb\"},\"inLanguage\":\"de-DE\",\"potentialAction\":[{\"@type\":\"ReadAction\",\"target\":[\"https:\\\/\\\/thomashuebl.com\\\/de\\\/events\\\/2023-sommer-intensive-workshop-mit-thomas-huebl\\\/\"]}]},{\"@type\":\"ImageObject\",\"inLanguage\":\"de-DE\",\"@id\":\"https:\\\/\\\/thomashuebl.com\\\/de\\\/events\\\/2023-sommer-intensive-workshop-mit-thomas-huebl\\\/#primaryimage\",\"url\":\"https:\\\/\\\/thomashuebl.com\\\/wp-content\\\/uploads\\\/2023\\\/08\\\/0-header-neu-2-300x300-1.jpg\",\"contentUrl\":\"https:\\\/\\\/thomashuebl.com\\\/wp-content\\\/uploads\\\/2023\\\/08\\\/0-header-neu-2-300x300-1.jpg\",\"width\":300,\"height\":300},{\"@type\":\"BreadcrumbList\",\"@id\":\"https:\\\/\\\/thomashuebl.com\\\/de\\\/events\\\/2023-sommer-intensive-workshop-mit-thomas-huebl\\\/#breadcrumb\",\"itemListElement\":[{\"@type\":\"ListItem\",\"position\":1,\"name\":\"Home\",\"item\":\"https:\\\/\\\/thomashuebl.com\\\/de\\\/\"},{\"@type\":\"ListItem\",\"position\":2,\"name\":\"Veranstaltungen\",\"item\":\"https:\\\/\\\/thomashuebl.com\\\/de\\\/events\\\/\"},{\"@type\":\"ListItem\",\"position\":3,\"name\":\"2023: Sommer Intensive Workshop\"}]},{\"@type\":\"WebSite\",\"@id\":\"https:\\\/\\\/thomashuebl.com\\\/de\\\/#website\",\"url\":\"https:\\\/\\\/thomashuebl.com\\\/de\\\/\",\"name\":\"Thomas Huebl\",\"description\":\"\",\"publisher\":{\"@id\":\"https:\\\/\\\/thomashuebl.com\\\/de\\\/#organization\"},\"potentialAction\":[{\"@type\":\"SearchAction\",\"target\":{\"@type\":\"EntryPoint\",\"urlTemplate\":\"https:\\\/\\\/thomashuebl.com\\\/de\\\/?s={search_term_string}\"},\"query-input\":{\"@type\":\"PropertyValueSpecification\",\"valueRequired\":true,\"valueName\":\"search_term_string\"}}],\"inLanguage\":\"de-DE\"},{\"@type\":\"Organization\",\"@id\":\"https:\\\/\\\/thomashuebl.com\\\/de\\\/#organization\",\"name\":\"Thomas Huebl\",\"url\":\"https:\\\/\\\/thomashuebl.com\\\/de\\\/\",\"logo\":{\"@type\":\"ImageObject\",\"inLanguage\":\"de-DE\",\"@id\":\"https:\\\/\\\/thomashuebl.com\\\/de\\\/#\\\/schema\\\/logo\\\/image\\\/\",\"url\":\"https:\\\/\\\/thomashuebl.com\\\/wp-content\\\/uploads\\\/2023\\\/08\\\/thomashueblpl_03-1.jpg\",\"contentUrl\":\"https:\\\/\\\/thomashuebl.com\\\/wp-content\\\/uploads\\\/2023\\\/08\\\/thomashueblpl_03-1.jpg\",\"width\":1200,\"height\":630,\"caption\":\"Thomas Huebl\"},\"image\":{\"@id\":\"https:\\\/\\\/thomashuebl.com\\\/de\\\/#\\\/schema\\\/logo\\\/image\\\/\"},\"sameAs\":[\"https:\\\/\\\/www.facebook.com\\\/Thomas.Huebl.Sangha\\\/\",\"https:\\\/\\\/x.com\\\/thomasHuebl\",\"https:\\\/\\\/www.youtube.com\\\/user\\\/thomashuebl\",\"https:\\\/\\\/www.instagram.com\\\/thomashuebl\\\/\"]}]}<\/script>\n<!-- \/ Yoast SEO plugin. -->","yoast_head_json":{"title":"2023: Sommer Intensive Workshop - Thomas Huebl","robots":{"index":"index","follow":"follow","max-snippet":"max-snippet:-1","max-image-preview":"max-image-preview:large","max-video-preview":"max-video-preview:-1"},"canonical":"https:\/\/thomashuebl.com\/de\/events\/2023-sommer-intensive-workshop-mit-thomas-huebl\/","og_locale":"de_DE","og_type":"article","og_title":"2023: Sommer Intensive Workshop - Thomas Huebl","og_description":"Innere Transformation in Zeiten starker Ver\u00e4nderung &#8211; Anmeldeschluss am 27. Juli um 12 Uhr Melde dich noch bis Donnerstag, den 27. Juli um 12 Uhr f\u00fcr die Online-Teilnahme an! Zur Anmeldung &gt;&gt; Es gibt auch noch einige Pl\u00e4tze f\u00fcr Schnellentschlossene f\u00fcr die Vor-Ort-Teilnahme auf Hof Oberlethe &#8211; allerdings nur im Zelt. Leider sind alle Zimmer [&hellip;]","og_url":"https:\/\/thomashuebl.com\/de\/events\/2023-sommer-intensive-workshop-mit-thomas-huebl\/","og_site_name":"Thomas Huebl","article_publisher":"https:\/\/www.facebook.com\/Thomas.Huebl.Sangha\/","article_modified_time":"2023-08-14T16:56:31+00:00","og_image":[{"width":300,"height":300,"url":"https:\/\/thomashuebl.com\/wp-content\/uploads\/2023\/08\/0-header-neu-2-300x300-1.jpg","type":"image\/jpeg"}],"twitter_card":"summary_large_image","twitter_site":"@thomasHuebl","twitter_misc":{"Gesch\u00e4tzte Lesezeit":"2 Minuten"},"schema":{"@context":"https:\/\/schema.org","@graph":[{"@type":"WebPage","@id":"https:\/\/thomashuebl.com\/de\/events\/2023-sommer-intensive-workshop-mit-thomas-huebl\/","url":"https:\/\/thomashuebl.com\/de\/events\/2023-sommer-intensive-workshop-mit-thomas-huebl\/","name":"2023: Sommer Intensive Workshop - Thomas Huebl","isPartOf":{"@id":"https:\/\/thomashuebl.com\/de\/#website"},"primaryImageOfPage":{"@id":"https:\/\/thomashuebl.com\/de\/events\/2023-sommer-intensive-workshop-mit-thomas-huebl\/#primaryimage"},"image":{"@id":"https:\/\/thomashuebl.com\/de\/events\/2023-sommer-intensive-workshop-mit-thomas-huebl\/#primaryimage"},"thumbnailUrl":"https:\/\/thomashuebl.com\/wp-content\/uploads\/2023\/08\/0-header-neu-2-300x300-1.jpg","datePublished":"2023-06-14T18:21:39+00:00","dateModified":"2023-08-14T16:56:31+00:00","breadcrumb":{"@id":"https:\/\/thomashuebl.com\/de\/events\/2023-sommer-intensive-workshop-mit-thomas-huebl\/#breadcrumb"},"inLanguage":"de-DE","potentialAction":[{"@type":"ReadAction","target":["https:\/\/thomashuebl.com\/de\/events\/2023-sommer-intensive-workshop-mit-thomas-huebl\/"]}]},{"@type":"ImageObject","inLanguage":"de-DE","@id":"https:\/\/thomashuebl.com\/de\/events\/2023-sommer-intensive-workshop-mit-thomas-huebl\/#primaryimage","url":"https:\/\/thomashuebl.com\/wp-content\/uploads\/2023\/08\/0-header-neu-2-300x300-1.jpg","contentUrl":"https:\/\/thomashuebl.com\/wp-content\/uploads\/2023\/08\/0-header-neu-2-300x300-1.jpg","width":300,"height":300},{"@type":"BreadcrumbList","@id":"https:\/\/thomashuebl.com\/de\/events\/2023-sommer-intensive-workshop-mit-thomas-huebl\/#breadcrumb","itemListElement":[{"@type":"ListItem","position":1,"name":"Home","item":"https:\/\/thomashuebl.com\/de\/"},{"@type":"ListItem","position":2,"name":"Veranstaltungen","item":"https:\/\/thomashuebl.com\/de\/events\/"},{"@type":"ListItem","position":3,"name":"2023: Sommer Intensive Workshop"}]},{"@type":"WebSite","@id":"https:\/\/thomashuebl.com\/de\/#website","url":"https:\/\/thomashuebl.com\/de\/","name":"Thomas Huebl","description":"","publisher":{"@id":"https:\/\/thomashuebl.com\/de\/#organization"},"potentialAction":[{"@type":"SearchAction","target":{"@type":"EntryPoint","urlTemplate":"https:\/\/thomashuebl.com\/de\/?s={search_term_string}"},"query-input":{"@type":"PropertyValueSpecification","valueRequired":true,"valueName":"search_term_string"}}],"inLanguage":"de-DE"},{"@type":"Organization","@id":"https:\/\/thomashuebl.com\/de\/#organization","name":"Thomas Huebl","url":"https:\/\/thomashuebl.com\/de\/","logo":{"@type":"ImageObject","inLanguage":"de-DE","@id":"https:\/\/thomashuebl.com\/de\/#\/schema\/logo\/image\/","url":"https:\/\/thomashuebl.com\/wp-content\/uploads\/2023\/08\/thomashueblpl_03-1.jpg","contentUrl":"https:\/\/thomashuebl.com\/wp-content\/uploads\/2023\/08\/thomashueblpl_03-1.jpg","width":1200,"height":630,"caption":"Thomas Huebl"},"image":{"@id":"https:\/\/thomashuebl.com\/de\/#\/schema\/logo\/image\/"},"sameAs":["https:\/\/www.facebook.com\/Thomas.Huebl.Sangha\/","https:\/\/x.com\/thomasHuebl","https:\/\/www.youtube.com\/user\/thomashuebl","https:\/\/www.instagram.com\/thomashuebl\/"]}]}},"_links":{"self":[{"href":"https:\/\/thomashuebl.com\/de\/wp-json\/wp\/v2\/mec-events\/2256","targetHints":{"allow":["GET"]}}],"collection":[{"href":"https:\/\/thomashuebl.com\/de\/wp-json\/wp\/v2\/mec-events"}],"about":[{"href":"https:\/\/thomashuebl.com\/de\/wp-json\/wp\/v2\/types\/mec-events"}],"author":[{"embeddable":true,"href":"https:\/\/thomashuebl.com\/de\/wp-json\/wp\/v2\/users\/4"}],"replies":[{"embeddable":true,"href":"https:\/\/thomashuebl.com\/de\/wp-json\/wp\/v2\/comments?post=2256"}],"version-history":[{"count":0,"href":"https:\/\/thomashuebl.com\/de\/wp-json\/wp\/v2\/mec-events\/2256\/revisions"}],"wp:featuredmedia":[{"embeddable":true,"href":"https:\/\/thomashuebl.com\/de\/wp-json\/wp\/v2\/media\/2257"}],"wp:attachment":[{"href":"https:\/\/thomashuebl.com\/de\/wp-json\/wp\/v2\/media?parent=2256"}],"wp:term":[{"taxonomy":"post_tag","embeddable":true,"href":"https:\/\/thomashuebl.com\/de\/wp-json\/wp\/v2\/tags?post=2256"},{"taxonomy":"mec_category","embeddable":true,"href":"https:\/\/thomashuebl.com\/de\/wp-json\/wp\/v2\/mec_category?post=2256"},{"taxonomy":"mec_speaker","embeddable":true,"href":"https:\/\/thomashuebl.com\/de\/wp-json\/wp\/v2\/mec_speaker?post=2256"}],"curies":[{"name":"wp","href":"https:\/\/api.w.org\/{rel}","templated":true}]}}